{"id":251859,"date":"2025-02-17T14:57:10","date_gmt":"2025-02-17T13:57:10","guid":{"rendered":"https:\/\/terra-institute.eu\/it\/?page_id=251859"},"modified":"2025-02-18T10:21:22","modified_gmt":"2025-02-18T09:21:22","slug":"blog-good-cases","status":"publish","type":"page","link":"https:\/\/terra-institute.eu\/it\/blog-good-cases\/","title":{"rendered":"Blog &amp; Good Cases"},"content":{"rendered":"<p>[et_pb_section fb_built=&#8221;1&#8243; module_id=&#8221;temi&#8221; _builder_version=&#8221;4.24.2&#8243; _module_preset=&#8221;default&#8221; background_color=&#8221;rgba(121,169,182,0.12)&#8221; background_enable_image=&#8221;off&#8221; module_alignment=&#8221;center&#8221; custom_margin=&#8221;|||-19px|false|false&#8221; custom_padding=&#8221;59px||0px||false|false&#8221; global_colors_info=&#8221;{}&#8221;][et_pb_row _builder_version=&#8221;4.24.2&#8243; _module_preset=&#8221;default&#8221; global_colors_info=&#8221;{}&#8221;][et_pb_column type=&#8221;4_4&#8243; _builder_version=&#8221;4.24.2&#8243; _module_preset=&#8221;default&#8221; global_colors_info=&#8221;{}&#8221;][et_pb_text _builder_version=&#8221;4.24.2&#8243; _module_preset=&#8221;default&#8221; text_font=&#8221;SourceSans-Pro-Regular||||||||&#8221; header_2_text_color=&#8221;#3d3d3d&#8221; header_2_font_size=&#8221;42px&#8221; header_2_line_height=&#8221;1.1em&#8221; header_3_font=&#8221;Akrobat-Regular||||||||&#8221; header_3_text_color=&#8221;#7a7a7a&#8221; header_3_font_size=&#8221;40px&#8221; header_3_line_height=&#8221;1.2em&#8221; width=&#8221;100%&#8221; custom_margin=&#8221;||||false|false&#8221; custom_padding=&#8221;||||false|false&#8221; animation_style=&#8221;fade&#8221; animation_duration=&#8221;1300ms&#8221; border_width_bottom=&#8221;1px&#8221; border_color_bottom=&#8221;rgba(0,0,0,0.16)&#8221; border_color_left=&#8221;#7d7168&#8243; locked=&#8221;off&#8221; global_colors_info=&#8221;{}&#8221;]<\/p>\n<h3> TERRA BLOG<\/h3>\n<p>[\/et_pb_text][\/et_pb_column][\/et_pb_row][et_pb_row _builder_version=&#8221;4.22.1&#8243; _module_preset=&#8221;default&#8221; global_colors_info=&#8221;{}&#8221;][et_pb_column type=&#8221;4_4&#8243; _builder_version=&#8221;4.22.1&#8243; _module_preset=&#8221;default&#8221; global_colors_info=&#8221;{}&#8221;][et_pb_post_slider posts_number=&#8221;3&#8243; include_categories=&#8221;40&#8243; show_more_button=&#8221;off&#8221; use_manual_excerpt=&#8221;off&#8221; show_meta=&#8221;off&#8221; _builder_version=&#8221;4.22.1&#8243; _module_preset=&#8221;default&#8221; header_font_size=&#8221;42px&#8221; max_height=&#8221;540px&#8221; animation_style=&#8221;fade&#8221; auto=&#8221;on&#8221; global_colors_info=&#8221;{}&#8221;][\/et_pb_post_slider][\/et_pb_column][\/et_pb_row][\/et_pb_section][et_pb_section fb_built=&#8221;1&#8243; _builder_version=&#8221;4.24.2&#8243; _module_preset=&#8221;default&#8221; use_background_color_gradient=&#8221;on&#8221; background_color_gradient_stops=&#8221;rgba(121,169,182,0.12) 0%|#ffffff 34%&#8221; custom_padding=&#8221;0px|||||&#8221; global_colors_info=&#8221;{}&#8221;][et_pb_row _builder_version=&#8221;4.24.2&#8243; _module_preset=&#8221;default&#8221; width=&#8221;90%&#8221; max_width=&#8221;2560px&#8221; custom_padding=&#8221;0px|||||&#8221; global_colors_info=&#8221;{}&#8221;][et_pb_column type=&#8221;4_4&#8243; _builder_version=&#8221;4.24.2&#8243; _module_preset=&#8221;default&#8221; global_colors_info=&#8221;{}&#8221;][dpdfg_filtergrid custom_query=&#8221;advanced&#8221; use_taxonomy_terms=&#8221;on&#8221; exclude_terms=&#8221;11&#8243; post_number=&#8221;90&#8243; thumbnail_size=&#8221;768&#215;0&#8243; title_link=&#8221;on&#8221; show_author=&#8221;off&#8221; show_date=&#8221;on&#8221; read_more=&#8221;on&#8221; read_more_text=&#8221;leggi ora&#8221; multilevel=&#8221;on&#8221; multilevel_tax_data=&#8221;%91{%22name%22:%22category%22,%22label%22:%22%22,%22all%22:%22Tutte le categorie%22},{%22name%22:%22post_tag%22,%22label%22:%22%22,%22all%22:%22Tutti i temi%22}%93&#8243; filter_terms=&#8221;63,64,65,66,89,90,91,92,93,94,95,96,97,99,98,102,19,34,39,40,41,42,43,48,44,47,49,46,50,45,51,52&#8243; items_width=&#8221;30%&#8221; hover_icon=&#8221;&#xf06e;||fa||400&#8243; overlay_icon_color=&#8221;RGBA(255,255,255,0)&#8221; hover_overlay_color=&#8221;rgba(121,169,182,0.41)&#8221; bg_filter_active=&#8221;rgba(125,113,104,0.13)&#8221; _builder_version=&#8221;4.27.4&#8243; _module_preset=&#8221;default&#8221; dpdfg_entry_title_font=&#8221;Akrobat-Regular||||||||&#8221; dpdfg_entry_title_text_color=&#8221;#7d7168&#8243; dpdfg_entry_title_font_size=&#8221;33px&#8221; dpdfg_entry_meta_font=&#8221;Akrobat-Regular|||on|||||&#8221; dpdfg_entry_meta_text_color=&#8221;#79a9b6&#8243; dpdfg_entry_meta_font_size=&#8221;17px&#8221; dpdfg_entry_summary_font=&#8221;SourceSans-Pro-Regular||||||||&#8221; dpdfg_entry_summary_font_size=&#8221;17px&#8221; dpdfg_filters_font=&#8221;Akrobat-Regular|||on|||||&#8221; dpdfg_filters_font_size=&#8221;18px&#8221; dpdfg_filters_active_font=&#8221;||||||||&#8221; dpdfg_filters_active_text_color=&#8221;#7d7168&#8243; custom_read_more_button=&#8221;on&#8221; read_more_button_text_size=&#8221;14px&#8221; read_more_button_bg_color=&#8221;#7d7168&#8243; read_more_button_font=&#8221;|||on|||||&#8221; read_more_button_alignment=&#8221;left&#8221; custom_margin=&#8221;||||false|false&#8221; custom_padding=&#8221;30px||||false|false&#8221; animation_style=&#8221;fade&#8221; hover_enabled=&#8221;0&#8243; global_colors_info=&#8221;{}&#8221; sticky_enabled=&#8221;0&#8243;][\/dpdfg_filtergrid][\/et_pb_column][\/et_pb_row][\/et_pb_section][et_pb_section fb_built=&#8221;1&#8243; inner_shadow=&#8221;on&#8221; admin_label=&#8221;Section&#8221; module_class=&#8221;five-columns&#8221; _builder_version=&#8221;4.9.7&#8243; _module_preset=&#8221;default&#8221; background_color=&#8221;#3d3d3d&#8221; custom_padding=&#8221;||16px|||&#8221; global_module=&#8221;734&#8243; saved_tabs=&#8221;all&#8221; locked=&#8221;off&#8221; global_colors_info=&#8221;{}&#8221;][et_pb_row column_structure=&#8221;1_5,1_5,1_5,1_5,1_5&#8243; module_class=&#8221;.five-columns&#8221; _builder_version=&#8221;4.16&#8243; _module_preset=&#8221;default&#8221; width_tablet=&#8221;&#8221; width_phone=&#8221;45%&#8221; width_last_edited=&#8221;on|phone&#8221; max_width_tablet=&#8221;&#8221; max_width_phone=&#8221;&#8221; max_width_last_edited=&#8221;on|phone&#8221; global_colors_info=&#8221;{}&#8221;][et_pb_column type=&#8221;1_5&#8243; _builder_version=&#8221;4.16&#8243; _module_preset=&#8221;default&#8221; global_colors_info=&#8221;{}&#8221;][et_pb_image src=&#8221;https:\/\/terra-institute.eu\/it\/wp-content\/uploads\/2021\/04\/terra_institute_logo-1.png&#8221; title_text=&#8221;terra_institute_logo&#8221; _builder_version=&#8221;4.16&#8243; _module_preset=&#8221;default&#8221; width=&#8221;48%&#8221; global_colors_info=&#8221;{}&#8221;][\/et_pb_image][\/et_pb_column][et_pb_column type=&#8221;1_5&#8243; _builder_version=&#8221;4.16&#8243; _module_preset=&#8221;default&#8221; global_colors_info=&#8221;{}&#8221;][et_pb_text _builder_version=&#8221;4.16&#8243; _module_preset=&#8221;default&#8221; text_font=&#8221;SourceSans-Pro-Regular||||||||&#8221; text_text_color=&#8221;rgba(255,255,255,0.82)&#8221; header_text_color=&#8221;#FFFFFF&#8221; header_2_text_color=&#8221;#FFFFFF&#8221; header_2_font_size=&#8221;42px&#8221; header_2_line_height=&#8221;1.1em&#8221; header_3_text_color=&#8221;#FFFFFF&#8221; custom_margin=&#8221;||-4px|||&#8221; custom_padding=&#8221;||2px||false|false&#8221; animation_style=&#8221;fade&#8221; animation_duration=&#8221;1300ms&#8221; border_color_bottom=&#8221;rgba(0,0,0,0.16)&#8221; border_color_left=&#8221;#7d7168&#8243; global_colors_info=&#8221;{}&#8221;]<\/p>\n<h3>BRESSANONE <span style=\"font-size: x-small;\">HEADQUARTERS<\/span><\/h3>\n<p>[\/et_pb_text][et_pb_text _builder_version=&#8221;4.22.2&#8243; _module_preset=&#8221;default&#8221; text_font=&#8221;SourceSans-Pro-Regular||||||||&#8221; text_text_color=&#8221;rgba(255,255,255,0.82)&#8221; header_text_color=&#8221;#FFFFFF&#8221; header_2_text_color=&#8221;#FFFFFF&#8221; header_2_font_size=&#8221;42px&#8221; header_2_line_height=&#8221;1.1em&#8221; header_3_text_color=&#8221;#FFFFFF&#8221; custom_margin=&#8221;||-4px|||&#8221; custom_padding=&#8221;||31px||false|false&#8221; animation_style=&#8221;fade&#8221; animation_duration=&#8221;1300ms&#8221; border_color_bottom=&#8221;rgba(0,0,0,0.16)&#8221; border_color_left=&#8221;#7d7168&#8243; global_colors_info=&#8221;{}&#8221;]<\/p>\n<p>Terra Institute Srl<br \/>Via Sant&#8217;Albuino 2<br \/>39042 Bressanone (BZ)<br \/>Italia<\/p>\n<p>[\/et_pb_text][et_pb_button button_url=&#8221;https:\/\/g.page\/TerraInstitute?share&#8221; url_new_window=&#8221;on&#8221; button_text=&#8221;Indicazioni&#8221; disabled_on=&#8221;on|on|on&#8221; _builder_version=&#8221;4.16&#8243; _module_preset=&#8221;default&#8221; custom_button=&#8221;on&#8221; button_text_size=&#8221;13px&#8221; button_text_color=&#8221;#FFFFFF&#8221; button_bg_color=&#8221;#79a9b6&#8243; button_border_color=&#8221;RGBA(0,0,0,0)&#8221; button_border_radius=&#8221;15px&#8221; disabled=&#8221;on&#8221; global_colors_info=&#8221;{}&#8221;][\/et_pb_button][\/et_pb_column][et_pb_column type=&#8221;1_5&#8243; _builder_version=&#8221;4.16&#8243; _module_preset=&#8221;default&#8221; global_colors_info=&#8221;{}&#8221;][et_pb_text _builder_version=&#8221;4.16&#8243; _module_preset=&#8221;default&#8221; text_font=&#8221;SourceSans-Pro-Regular||||||||&#8221; text_text_color=&#8221;rgba(255,255,255,0.82)&#8221; header_text_color=&#8221;#FFFFFF&#8221; header_2_text_color=&#8221;#FFFFFF&#8221; header_2_font_size=&#8221;42px&#8221; header_2_line_height=&#8221;1.1em&#8221; header_3_text_color=&#8221;#FFFFFF&#8221; custom_margin=&#8221;||-4px|||&#8221; custom_padding=&#8221;||5px||false|false&#8221; animation_style=&#8221;fade&#8221; animation_duration=&#8221;1300ms&#8221; border_color_bottom=&#8221;rgba(0,0,0,0.16)&#8221; border_color_left=&#8221;#7d7168&#8243; global_colors_info=&#8221;{}&#8221;]<\/p>\n<h3>INNSBRUCK <span style=\"font-size: x-small;\">OFFICE AUSTRIA WEST<\/span><\/h3>\n<p>[\/et_pb_text][et_pb_text _builder_version=&#8221;4.22.2&#8243; _module_preset=&#8221;default&#8221; text_font=&#8221;SourceSans-Pro-Regular||||||||&#8221; text_text_color=&#8221;rgba(255,255,255,0.82)&#8221; header_text_color=&#8221;#FFFFFF&#8221; header_2_text_color=&#8221;#FFFFFF&#8221; header_2_font_size=&#8221;42px&#8221; header_2_line_height=&#8221;1.1em&#8221; header_3_text_color=&#8221;#FFFFFF&#8221; custom_margin=&#8221;||-4px|||&#8221; custom_padding=&#8221;||31px||false|false&#8221; animation_style=&#8221;fade&#8221; animation_duration=&#8221;1300ms&#8221; border_color_bottom=&#8221;rgba(0,0,0,0.16)&#8221; border_color_left=&#8221;#7d7168&#8243; global_colors_info=&#8221;{}&#8221;]<\/p>\n<p>Terra Institute Austria FlexCo<br \/><span data-teams=\"true\">Karl Kapferer Stra\u00dfe 5<\/span><br \/>6020 Innsbruck<br \/>Austria<\/p>\n<p>[\/et_pb_text][\/et_pb_column][et_pb_column type=&#8221;1_5&#8243; _builder_version=&#8221;4.16&#8243; _module_preset=&#8221;default&#8221; global_colors_info=&#8221;{}&#8221;][\/et_pb_column][et_pb_column type=&#8221;1_5&#8243; _builder_version=&#8221;4.16&#8243; _module_preset=&#8221;default&#8221; global_colors_info=&#8221;{}&#8221;][et_pb_text _builder_version=&#8221;4.16&#8243; _module_preset=&#8221;default&#8221; text_font=&#8221;SourceSans-Pro-Regular||||||||&#8221; text_text_color=&#8221;rgba(255,255,255,0.82)&#8221; header_text_color=&#8221;#FFFFFF&#8221; header_2_text_color=&#8221;#FFFFFF&#8221; header_2_font_size=&#8221;42px&#8221; header_2_line_height=&#8221;1.1em&#8221; header_3_text_color=&#8221;#FFFFFF&#8221; custom_margin=&#8221;||-4px|||&#8221; custom_padding=&#8221;||1px||false|false&#8221; animation_style=&#8221;fade&#8221; animation_duration=&#8221;1300ms&#8221; border_color_bottom=&#8221;rgba(0,0,0,0.16)&#8221; border_color_left=&#8221;#7d7168&#8243; global_colors_info=&#8221;{}&#8221;]<\/p>\n<h3>CONTATTI<\/h3>\n<p>[\/et_pb_text][et_pb_text _builder_version=&#8221;4.16&#8243; _module_preset=&#8221;default&#8221; text_font=&#8221;SourceSans-Pro-Regular||||||||&#8221; text_text_color=&#8221;rgba(255,255,255,0.82)&#8221; header_text_color=&#8221;#FFFFFF&#8221; header_2_text_color=&#8221;#FFFFFF&#8221; header_2_font_size=&#8221;42px&#8221; header_2_line_height=&#8221;1.1em&#8221; header_3_text_color=&#8221;#FFFFFF&#8221; custom_margin=&#8221;||-4px|||&#8221; custom_padding=&#8221;||31px||false|false&#8221; animation_style=&#8221;fade&#8221; animation_duration=&#8221;1300ms&#8221; border_color_bottom=&#8221;rgba(0,0,0,0.16)&#8221; border_color_left=&#8221;#7d7168&#8243; global_colors_info=&#8221;{}&#8221;]<\/p>\n<p><a href=\"mailto:office@terra-institute.eu%20\">office@terra-institute.eu<\/a><br \/>Tel. +39 0472 970 484<\/p>\n<p>[\/et_pb_text][et_pb_text _builder_version=&#8221;4.16&#8243; _module_preset=&#8221;default&#8221; text_font=&#8221;SourceSans-Pro-Regular||||||||&#8221; text_text_color=&#8221;rgba(255,255,255,0.82)&#8221; header_text_color=&#8221;#FFFFFF&#8221; header_2_text_color=&#8221;#FFFFFF&#8221; header_2_font_size=&#8221;42px&#8221; header_2_line_height=&#8221;1.1em&#8221; header_3_text_color=&#8221;#FFFFFF&#8221; custom_margin=&#8221;||-4px|||&#8221; custom_padding=&#8221;||2px||false|false&#8221; animation_style=&#8221;fade&#8221; animation_duration=&#8221;1300ms&#8221; border_color_bottom=&#8221;rgba(0,0,0,0.16)&#8221; border_color_left=&#8221;#7d7168&#8243; global_colors_info=&#8221;{}&#8221;]<\/p>\n<h3>FOLLOW US<\/h3>\n<p>[\/et_pb_text][et_pb_social_media_follow _builder_version=&#8221;4.22.2&#8243; _module_preset=&#8221;default&#8221; global_colors_info=&#8221;{}&#8221;][et_pb_social_media_follow_network social_network=&#8221;linkedin&#8221; url=&#8221;https:\/\/it.linkedin.com\/company\/terra-institute&#8221; _builder_version=&#8221;4.16&#8243; _module_preset=&#8221;default&#8221; background_color=&#8221;#007bb6&#8243; global_colors_info=&#8221;{}&#8221; follow_button=&#8221;off&#8221; url_new_window=&#8221;on&#8221;]linkedin[\/et_pb_social_media_follow_network][et_pb_social_media_follow_network social_network=&#8221;instagram&#8221; url=&#8221;https:\/\/www.instagram.com\/terra.institute\/&#8221; _builder_version=&#8221;4.16&#8243; _module_preset=&#8221;default&#8221; background_color=&#8221;#ea2c59&#8243; global_colors_info=&#8221;{}&#8221; follow_button=&#8221;off&#8221; url_new_window=&#8221;on&#8221;]instagram[\/et_pb_social_media_follow_network][et_pb_social_media_follow_network social_network=&#8221;facebook&#8221; url=&#8221;https:\/\/www.facebook.com\/TerraInstitute&#8221; _builder_version=&#8221;4.16&#8243; _module_preset=&#8221;default&#8221; background_color=&#8221;#3b5998&#8243; global_colors_info=&#8221;{}&#8221; follow_button=&#8221;off&#8221; url_new_window=&#8221;on&#8221;]facebook[\/et_pb_social_media_follow_network][\/et_pb_social_media_follow][et_pb_text _builder_version=&#8221;4.16&#8243; _module_preset=&#8221;default&#8221; text_font=&#8221;SourceSans-Pro-Regular||||||||&#8221; text_text_color=&#8221;rgba(255,255,255,0.82)&#8221; header_text_color=&#8221;#FFFFFF&#8221; header_2_text_color=&#8221;#FFFFFF&#8221; header_2_font_size=&#8221;42px&#8221; header_2_line_height=&#8221;1.1em&#8221; header_3_text_color=&#8221;#FFFFFF&#8221; custom_margin=&#8221;||-4px|||&#8221; custom_padding=&#8221;||2px||false|false&#8221; animation_style=&#8221;fade&#8221; animation_duration=&#8221;1300ms&#8221; border_color_bottom=&#8221;rgba(0,0,0,0.16)&#8221; border_color_left=&#8221;#7d7168&#8243; global_colors_info=&#8221;{}&#8221;]<\/p>\n<h3>NEWSLETTER<\/h3>\n<p>[\/et_pb_text][et_pb_button button_url=&#8221;http:\/\/eepurl.com\/dv1j9X&#8221; url_new_window=&#8221;on&#8221; button_text=&#8221;ISCRIVITI&#8221; _builder_version=&#8221;4.16&#8243; _module_preset=&#8221;default&#8221; custom_button=&#8221;on&#8221; button_text_size=&#8221;13px&#8221; button_text_color=&#8221;#FFFFFF&#8221; button_bg_color=&#8221;#79a9b6&#8243; button_border_color=&#8221;RGBA(0,0,0,0)&#8221; button_border_radius=&#8221;15px&#8221; global_colors_info=&#8221;{}&#8221;][\/et_pb_button][\/et_pb_column][\/et_pb_row][et_pb_row column_structure=&#8221;1_6,1_6,1_6,1_6,1_6,1_6&#8243; _builder_version=&#8221;4.16&#8243; _module_preset=&#8221;default&#8221; max_width=&#8221;1200px&#8221; custom_margin=&#8221;|auto|-4px|auto||&#8221; border_color_all=&#8221;#ffffff&#8221; border_width_top=&#8221;0.5px&#8221; border_color_top=&#8221;rgba(255,255,255,0.4)&#8221; global_colors_info=&#8221;{}&#8221;][et_pb_column type=&#8221;1_6&#8243; _builder_version=&#8221;4.16&#8243; _module_preset=&#8221;default&#8221; global_colors_info=&#8221;{}&#8221;][et_pb_text _builder_version=&#8221;4.16&#8243; _module_preset=&#8221;default&#8221; text_font=&#8221;SourceSans-Pro-Regular||||||||&#8221; text_text_color=&#8221;rgba(255,255,255,0.82)&#8221; header_text_color=&#8221;#FFFFFF&#8221; header_2_text_color=&#8221;#FFFFFF&#8221; header_2_font_size=&#8221;42px&#8221; header_2_line_height=&#8221;1.1em&#8221; header_3_text_color=&#8221;#79a9b6&#8243; custom_margin=&#8221;||-4px|||&#8221; custom_padding=&#8221;||31px||false|false&#8221; animation_style=&#8221;fade&#8221; animation_duration=&#8221;1300ms&#8221; border_color_bottom=&#8221;rgba(0,0,0,0.16)&#8221; border_color_left=&#8221;#7d7168&#8243; global_colors_info=&#8221;{}&#8221;]<\/p>\n<h3>\u00a9 TERRA Institute <\/h3>\n<p>[\/et_pb_text][\/et_pb_column][et_pb_column type=&#8221;1_6&#8243; _builder_version=&#8221;4.16&#8243; _module_preset=&#8221;default&#8221; global_colors_info=&#8221;{}&#8221;][et_pb_text _builder_version=&#8221;4.16&#8243; _module_preset=&#8221;default&#8221; text_font=&#8221;SourceSans-Pro-Regular||||||||&#8221; text_text_color=&#8221;rgba(255,255,255,0.82)&#8221; header_text_color=&#8221;#FFFFFF&#8221; header_2_text_color=&#8221;#FFFFFF&#8221; header_2_font_size=&#8221;42px&#8221; header_2_line_height=&#8221;1.1em&#8221; header_3_text_color=&#8221;#79a9b6&#8243; custom_margin=&#8221;||-4px|||&#8221; custom_padding=&#8221;||31px||false|false&#8221; animation_style=&#8221;fade&#8221; animation_duration=&#8221;1300ms&#8221; border_color_bottom=&#8221;rgba(0,0,0,0.16)&#8221; border_color_left=&#8221;#7d7168&#8243; global_colors_info=&#8221;{}&#8221;]<\/p>\n<h3>p.iva IT02688830211 <\/h3>\n<p>[\/et_pb_text][\/et_pb_column][et_pb_column type=&#8221;1_6&#8243; _builder_version=&#8221;4.16&#8243; _module_preset=&#8221;default&#8221; global_colors_info=&#8221;{}&#8221;][et_pb_text _builder_version=&#8221;4.16&#8243; _module_preset=&#8221;default&#8221; text_font=&#8221;SourceSans-Pro-Regular||||||||&#8221; text_text_color=&#8221;rgba(255,255,255,0.82)&#8221; header_text_color=&#8221;#FFFFFF&#8221; header_2_text_color=&#8221;#FFFFFF&#8221; header_2_font_size=&#8221;42px&#8221; header_2_line_height=&#8221;1.1em&#8221; header_3_text_color=&#8221;#79a9b6&#8243; custom_margin=&#8221;||-4px|||&#8221; custom_padding=&#8221;||31px||false|false&#8221; animation_style=&#8221;fade&#8221; animation_duration=&#8221;1300ms&#8221; border_color_bottom=&#8221;rgba(0,0,0,0.16)&#8221; border_color_left=&#8221;#7d7168&#8243; global_colors_info=&#8221;{}&#8221;]<\/p>\n<h3> Codice destinatario SUBM70N  <\/h3>\n<p>[\/et_pb_text][\/et_pb_column][et_pb_column type=&#8221;1_6&#8243; _builder_version=&#8221;4.16&#8243; _module_preset=&#8221;default&#8221; global_colors_info=&#8221;{}&#8221;][et_pb_text _builder_version=&#8221;4.22.2&#8243; _module_preset=&#8221;default&#8221; text_font=&#8221;SourceSans-Pro-Regular||||||||&#8221; text_text_color=&#8221;rgba(255,255,255,0.82)&#8221; header_text_color=&#8221;#FFFFFF&#8221; header_2_text_color=&#8221;#FFFFFF&#8221; header_2_font_size=&#8221;42px&#8221; header_2_line_height=&#8221;1.1em&#8221; header_3_text_color=&#8221;#FFFFFF&#8221; custom_margin=&#8221;||-4px|||&#8221; custom_padding=&#8221;||31px||false|false&#8221; animation_style=&#8221;fade&#8221; animation_duration=&#8221;1300ms&#8221; border_color_bottom=&#8221;rgba(0,0,0,0.16)&#8221; border_color_left=&#8221;#7d7168&#8243; global_colors_info=&#8221;{}&#8221;]<\/p>\n<h3><a href=\"https:\/\/terra-institute.eu\/it\/cookie-policy\/\">\/ Cookie Policy<\/a><a href=\"https:\/\/terra-institute.eu\/it\/informativa-sulla-privacy\/\"><br \/>\/ PRIVACY<\/a><\/h3>\n<p>[\/et_pb_text][\/et_pb_column][et_pb_column type=&#8221;1_6&#8243; _builder_version=&#8221;4.16&#8243; _module_preset=&#8221;default&#8221; global_colors_info=&#8221;{}&#8221;][et_pb_text _builder_version=&#8221;4.16&#8243; _module_preset=&#8221;default&#8221; text_font=&#8221;SourceSans-Pro-Regular||||||||&#8221; text_text_color=&#8221;rgba(255,255,255,0.82)&#8221; header_text_color=&#8221;#FFFFFF&#8221; header_2_text_color=&#8221;#FFFFFF&#8221; header_2_font_size=&#8221;42px&#8221; header_2_line_height=&#8221;1.1em&#8221; header_3_text_color=&#8221;#FFFFFF&#8221; custom_margin=&#8221;||-4px|||&#8221; custom_padding=&#8221;||31px||false|false&#8221; animation_style=&#8221;fade&#8221; animation_duration=&#8221;1300ms&#8221; border_color_bottom=&#8221;rgba(0,0,0,0.16)&#8221; border_color_left=&#8221;#7d7168&#8243; global_colors_info=&#8221;{}&#8221;]<\/p>\n<h3><a href=\"https:\/\/terra-institute.eu\/it\/impressum-it\/\">\/ Impressum<\/a><\/h3>\n<p>[\/et_pb_text][\/et_pb_column][et_pb_column type=&#8221;1_6&#8243; _builder_version=&#8221;4.16&#8243; _module_preset=&#8221;default&#8221; global_colors_info=&#8221;{}&#8221;][et_pb_text _builder_version=&#8221;4.22.2&#8243; _module_preset=&#8221;default&#8221; text_font=&#8221;SourceSans-Pro-Regular||||||||&#8221; text_text_color=&#8221;rgba(255,255,255,0.82)&#8221; header_text_color=&#8221;#FFFFFF&#8221; header_2_text_color=&#8221;#FFFFFF&#8221; header_2_font_size=&#8221;42px&#8221; header_2_line_height=&#8221;1.1em&#8221; header_3_text_color=&#8221;#FFFFFF&#8221; custom_margin=&#8221;||-4px|||&#8221; custom_padding=&#8221;||31px||false|false&#8221; animation_style=&#8221;fade&#8221; animation_duration=&#8221;1300ms&#8221; border_color_bottom=&#8221;rgba(0,0,0,0.16)&#8221; border_color_left=&#8221;#7d7168&#8243; global_colors_info=&#8221;{}&#8221;]<\/p>\n<h3><a href=\"https:\/\/terra-institute.eu\/it\/condizioni-generali-di-contratto-terra-institute-srl\/\">\/ CONDIZIONI GENERALI DI CONTRATTO<\/a><\/h3>\n<p>[\/et_pb_text][\/et_pb_column][\/et_pb_row][\/et_pb_section]<\/p>\n","protected":false},"excerpt":{"rendered":"<p>TERRA BLOG<div class=\"et_pb_module dpdfg_filtergrid dpdfg_filtergrid_0 et_animated\">\n\t\t\t\t\n\t\t\t\t\n\t\t\t\t\n\t\t\t\t\n\t\t\t\t\n\t\t\t\t\n\t\t\t\t<div class=\"et_pb_module_inner\">\n\t\t\t\t\t<!-- DPDFG Start Main Container --><div class=\"dp-dfg-container dp-dfg-layout-grid dp-dfg-skin-default dp-dfg-skin-top-filters\" data-active-filter=\"all\" data-page=\"1\" data-found-posts=\"77\" data-post-number=\"90\" data-default-filter=\"All\" data-link-filter=\"\" data-cache=\"off\" data-ratio=\"0\" data-show-thumb=\"on\" data-action=\"link\" data-new-window=\"off\" data-filters=\"on\" data-date-filters=\"off\" data-multifilter=\"off|OR\" data-multilevel=\"on|AND|off\" data-sorting=\"off\" data-order=\"DESC\" data-orderby=\"date\" data-initorderby=\"date\" data-url-navigation=\"off\" data-url-history=\"on|reload\" data-ajax-filters=\"off\" data-doing-ajax=\"off\" data-module=\"dpdfg_filtergrid_0\" data-search=\"off\" data-search-position=\"above\" data-terms-tags=\"on\" data-pagination=\"on\" data-filter-method=\"default\" data-third-party=\"\" data-lightbox=\"on|||\" data-video-preview=\"off\" data-no-init=\"off\" data-st=\"on\" data-no-results=\"off\"><div class=\"dp-dfg-filters dp-dfg-filters-buttons-layout\" data-layout=\"button\" data-orderby=\"id\" data-hierarchy-levels=\"off\"><ul class=\"dp-dfg-level dp-dfg-taxonomy-level-0 dp-dfg-taxonomy-category\" data-parent=\"0\" data-tax=\"category\" data-order=\"0\"><li class=\"dp-dfg-filter\" data-level=\"0\" data-parent=\"all\"><a class=\"dp-dfg-filter-link active all\" href=\"#\" data-term-id=\"all\" role=\"button\" tabindex=\"0\" aria-pressed=\"false\">Tutte le categorie<\/a><\/li><li class=\"dp-dfg-filter\" data-level=\"0\" data-parent=\"0\"><a class=\"dp-dfg-filter-link blog\" href=\"#\" data-term-id=\"34\" role=\"button\" tabindex=\"0\" aria-pressed=\"false\">blog<\/a><\/li><li class=\"dp-dfg-filter\" data-level=\"0\" data-parent=\"0\"><a class=\"dp-dfg-filter-link webinar\" href=\"#\" data-term-id=\"39\" role=\"button\" tabindex=\"0\" aria-pressed=\"false\">webinar<\/a><\/li><li class=\"dp-dfg-filter\" data-level=\"0\" data-parent=\"0\"><a class=\"dp-dfg-filter-link stampa\" href=\"#\" data-term-id=\"40\" role=\"button\" tabindex=\"0\" aria-pressed=\"false\">stampa<\/a><\/li><li class=\"dp-dfg-filter\" data-level=\"0\" data-parent=\"0\"><a class=\"dp-dfg-filter-link pubblicazioni\" href=\"#\" data-term-id=\"41\" role=\"button\" tabindex=\"0\" aria-pressed=\"false\">pubblicazioni<\/a><\/li><li class=\"dp-dfg-filter\" data-level=\"0\" data-parent=\"0\"><a class=\"dp-dfg-filter-link good-cases\" href=\"#\" data-term-id=\"42\" role=\"button\" tabindex=\"0\" aria-pressed=\"false\">good cases<\/a><\/li><\/ul><ul class=\"dp-dfg-level dp-dfg-taxonomy-level-1 dp-dfg-taxonomy-post_tag\" data-parent=\"0\" data-tax=\"post_tag\" data-order=\"1\"><li class=\"dp-dfg-filter\" data-level=\"0\" data-parent=\"all\"><a class=\"dp-dfg-filter-link active all\" href=\"#\" data-term-id=\"all\" role=\"button\" tabindex=\"0\" aria-pressed=\"false\">Tutti i temi<\/a><\/li><li class=\"dp-dfg-filter\" data-level=\"0\" data-parent=\"0\"><a class=\"dp-dfg-filter-link biodiversita\" href=\"#\" data-term-id=\"43\" role=\"button\" tabindex=\"0\" aria-pressed=\"false\">biodiversit\u00e0<\/a><\/li><li class=\"dp-dfg-filter\" data-level=\"0\" data-parent=\"0\"><a class=\"dp-dfg-filter-link economia-circolare\" href=\"#\" data-term-id=\"44\" role=\"button\" tabindex=\"0\" aria-pressed=\"false\">ECONOMIA CIRCOLARE<\/a><\/li><li class=\"dp-dfg-filter\" data-level=\"0\" data-parent=\"0\"><a class=\"dp-dfg-filter-link tassonomia-ue\" href=\"#\" data-term-id=\"45\" role=\"button\" tabindex=\"0\" aria-pressed=\"false\">TASSONOMIA UE<\/a><\/li><li class=\"dp-dfg-filter\" data-level=\"0\" data-parent=\"0\"><a class=\"dp-dfg-filter-link strategia-climatica\" href=\"#\" data-term-id=\"46\" role=\"button\" tabindex=\"0\" aria-pressed=\"false\">STRATEGIA CLIMATICA<\/a><\/li><li class=\"dp-dfg-filter\" data-level=\"0\" data-parent=\"0\"><a class=\"dp-dfg-filter-link leadership-e-cultura\" href=\"#\" data-term-id=\"47\" role=\"button\" tabindex=\"0\" aria-pressed=\"false\">LEADERSHIP E CULTURA<\/a><\/li><li class=\"dp-dfg-filter\" data-level=\"0\" data-parent=\"0\"><a class=\"dp-dfg-filter-link catena-di-fornitura\" href=\"#\" data-term-id=\"48\" role=\"button\" tabindex=\"0\" aria-pressed=\"false\">CATENA DI FORNITURA<\/a><\/li><li class=\"dp-dfg-filter\" data-level=\"0\" data-parent=\"0\"><a class=\"dp-dfg-filter-link reportistica-di-sostenibilita\" href=\"#\" data-term-id=\"49\" role=\"button\" tabindex=\"0\" aria-pressed=\"false\">REPORTISTICA DI SOSTENIBILIT\u00e0<\/a><\/li><li class=\"dp-dfg-filter\" data-level=\"0\" data-parent=\"0\"><a class=\"dp-dfg-filter-link strategia-di-sostenibilita\" href=\"#\" data-term-id=\"50\" role=\"button\" tabindex=\"0\" aria-pressed=\"false\">STRATEGIA DI SOSTENIBILIT\u00e0<\/a><\/li><li class=\"dp-dfg-filter\" data-level=\"0\" data-parent=\"0\"><a class=\"dp-dfg-filter-link terra-academy\" href=\"#\" data-term-id=\"51\" role=\"button\" tabindex=\"0\" aria-pressed=\"false\">TERRA ACADEMY<\/a><\/li><li class=\"dp-dfg-filter\" data-level=\"0\" data-parent=\"0\"><a class=\"dp-dfg-filter-link turismo\" href=\"#\" data-term-id=\"52\" role=\"button\" tabindex=\"0\" aria-pressed=\"false\">TURISMO<\/a><\/li><\/ul><\/div><!-- DPDFG End Filters Container --><div class=\"dp-dfg-items\"><article id=\"post-255311\" class=\"dp-dfg-item post-255311 post type-post status-publish format-standard has-post-thumbnail hentry category-blog tag-strategia-climatica dp-dfg-term-id-34 dp-dfg-term-id-46\"     data-position=\"0\"   data-new-tab=\"off\"   data-action-priority=\"item\"><figure class=\"dp-dfg-image entry-thumb\"><a href=\"https:\/\/terra-institute.eu\/it\/sbti-validazione-raggiungere-con-certezza-science-based-targets\/\" class=\"dp-dfg-image-link\" ><img loading=\"lazy\" decoding=\"async\" class=\"dp-dfg-featured-image\" src=\"https:\/\/terra-institute.eu\/it\/wp-content\/uploads\/2026\/03\/SBTi-certificazione_Marion-Furtschegger_raggiungere-SBTi-obbiettivi-step-by-step_danist-soh-n-768x512.jpg\" alt=\"SBTi validazione: Raggiungere con certezza Science Based Targets\" width=\"768\" height=\"512\" data-ratio=\"0.66666666666667\"\/><\/a><\/figure><div class=\"dp-dfg-overlay\"><span class=\"dfg_et_overlay\"  data-icon=\"&#xf06e;\"><\/span><\/div><div class=\"dp-dfg-header entry-header\"><h2 class=\"entry-title\"><a href=\"https:\/\/terra-institute.eu\/it\/sbti-validazione-raggiungere-con-certezza-science-based-targets\/\" >SBTi validazione: Raggiungere con certezza Science Based Targets<\/a><\/h2><\/div><div class=\"dp-dfg-meta entry-meta\"><span class=\"published\">13 Marzo 2026<\/span><\/div><div class=\"et_pb_button_wrapper read-more-wrapper\"><a class=\"et_pb_button dp-dfg-more-button\" href=\"https:\/\/terra-institute.eu\/it\/sbti-validazione-raggiungere-con-certezza-science-based-targets\/\" data-icon=\"&#x35;\" >leggi ora<\/a><\/div><\/article><!-- DPDFG End Post Item Container --><article id=\"post-255257\" class=\"dp-dfg-item post-255257 post type-post status-publish format-standard has-post-thumbnail hentry category-blog tag-catena-di-fornitura tag-strategia-climatica tag-strategia-di-sostenibilita dp-dfg-term-id-34 dp-dfg-term-id-48 dp-dfg-term-id-46 dp-dfg-term-id-50\"     data-position=\"1\"   data-new-tab=\"off\"   data-action-priority=\"item\"><figure class=\"dp-dfg-image entry-thumb\"><a href=\"https:\/\/terra-institute.eu\/it\/sostenibilita-nel-settore-alimentare-biofac\/\" class=\"dp-dfg-image-link\" ><img loading=\"lazy\" decoding=\"async\" class=\"dp-dfg-featured-image\" src=\"https:\/\/terra-institute.eu\/it\/wp-content\/uploads\/2026\/02\/sostenibilita-nel-settore-alimentare_heather-barnes-768x512.jpg\" alt=\"BIOFACH 2026: La sostenibilit\u00e0 come compito di gestione nel settore alimentare\" width=\"768\" height=\"512\" data-ratio=\"0.66666666666667\"\/><\/a><\/figure><div class=\"dp-dfg-overlay\"><span class=\"dfg_et_overlay\"  data-icon=\"&#xf06e;\"><\/span><\/div><div class=\"dp-dfg-header entry-header\"><h2 class=\"entry-title\"><a href=\"https:\/\/terra-institute.eu\/it\/sostenibilita-nel-settore-alimentare-biofac\/\" >BIOFACH 2026: La sostenibilit\u00e0 come compito di gestione nel settore alimentare<\/a><\/h2><\/div><div class=\"dp-dfg-meta entry-meta\"><span class=\"published\">24 Febbraio 2026<\/span><\/div><div class=\"et_pb_button_wrapper read-more-wrapper\"><a class=\"et_pb_button dp-dfg-more-button\" href=\"https:\/\/terra-institute.eu\/it\/sostenibilita-nel-settore-alimentare-biofac\/\" data-icon=\"&#x35;\" >leggi ora<\/a><\/div><\/article><!-- DPDFG End Post Item Container --><article id=\"post-255152\" class=\"dp-dfg-item post-255152 post type-post status-publish format-standard has-post-thumbnail hentry category-blog tag-leadership-e-cultura tag-terra-academy dp-dfg-term-id-34 dp-dfg-term-id-47 dp-dfg-term-id-51\"     data-position=\"2\"   data-new-tab=\"off\"   data-action-priority=\"item\"><figure class=\"dp-dfg-image entry-thumb\"><a href=\"https:\/\/terra-institute.eu\/it\/integrare-l-esg-con-successo-la-cultura-aziendale-come-chiave\/\" class=\"dp-dfg-image-link\" ><img loading=\"lazy\" decoding=\"async\" class=\"dp-dfg-featured-image\" src=\"https:\/\/terra-institute.eu\/it\/wp-content\/uploads\/2025\/12\/esg-cultura-educazione-natura-elle-cartier-768x512.jpg\" alt=\"Nessuna trasformazione senza le persone: integrare con successo l&#8217;ESG nella cultura aziendale\" width=\"768\" height=\"512\" data-ratio=\"0.66666666666667\"\/><\/a><\/figure><div class=\"dp-dfg-overlay\"><span class=\"dfg_et_overlay\"  data-icon=\"&#xf06e;\"><\/span><\/div><div class=\"dp-dfg-header entry-header\"><h2 class=\"entry-title\"><a href=\"https:\/\/terra-institute.eu\/it\/integrare-l-esg-con-successo-la-cultura-aziendale-come-chiave\/\" >Nessuna trasformazione senza le persone: integrare con successo l&#8217;ESG nella cultura aziendale<\/a><\/h2><\/div><div class=\"dp-dfg-meta entry-meta\"><span class=\"published\">23 Febbraio 2026<\/span><\/div><div class=\"et_pb_button_wrapper read-more-wrapper\"><a class=\"et_pb_button dp-dfg-more-button\" href=\"https:\/\/terra-institute.eu\/it\/integrare-l-esg-con-successo-la-cultura-aziendale-come-chiave\/\" data-icon=\"&#x35;\" >leggi ora<\/a><\/div><\/article><!-- DPDFG End Post Item Container --><article id=\"post-255098\" class=\"dp-dfg-item post-255098 post type-post status-publish format-standard has-post-thumbnail hentry category-blog tag-catena-di-fornitura tag-reportistica-di-sostenibilita tag-strategia-di-sostenibilita dp-dfg-term-id-34 dp-dfg-term-id-48 dp-dfg-term-id-49 dp-dfg-term-id-50\"     data-position=\"3\"   data-new-tab=\"off\"   data-action-priority=\"item\"><figure class=\"dp-dfg-image entry-thumb\"><a href=\"https:\/\/terra-institute.eu\/it\/dati-esg-e-reporting\/\" class=\"dp-dfg-image-link\" ><img loading=\"lazy\" decoding=\"async\" class=\"dp-dfg-featured-image\" src=\"https:\/\/terra-institute.eu\/it\/wp-content\/uploads\/2025\/12\/Albero-in-crescita-con-radici-stabili-come-simbolo-della-base-dati-ESG-768x512.png\" alt=\"Rendere la tua PMI a prova di futuro con i dati ESG\" width=\"768\" height=\"512\" data-ratio=\"0.66666666666667\"\/><\/a><\/figure><div class=\"dp-dfg-overlay\"><span class=\"dfg_et_overlay\"  data-icon=\"&#xf06e;\"><\/span><\/div><div class=\"dp-dfg-header entry-header\"><h2 class=\"entry-title\"><a href=\"https:\/\/terra-institute.eu\/it\/dati-esg-e-reporting\/\" >Rendere la tua PMI a prova di futuro con i dati ESG<\/a><\/h2><\/div><div class=\"dp-dfg-meta entry-meta\"><span class=\"published\">17 Febbraio 2026<\/span><\/div><div class=\"et_pb_button_wrapper read-more-wrapper\"><a class=\"et_pb_button dp-dfg-more-button\" href=\"https:\/\/terra-institute.eu\/it\/dati-esg-e-reporting\/\" data-icon=\"&#x35;\" >leggi ora<\/a><\/div><\/article><!-- DPDFG End Post Item Container --><article id=\"post-255163\" class=\"dp-dfg-item post-255163 post type-post status-publish format-standard has-post-thumbnail hentry category-blog tag-catena-di-fornitura dp-dfg-term-id-34 dp-dfg-term-id-48\"     data-position=\"4\"   data-new-tab=\"off\"   data-action-priority=\"item\"><figure class=\"dp-dfg-image entry-thumb\"><a href=\"https:\/\/terra-institute.eu\/it\/catene-di-fornitura-esg-per-pmi-come-vantaggio-competitivo\/\" class=\"dp-dfg-image-link\" ><img loading=\"lazy\" decoding=\"async\" class=\"dp-dfg-featured-image\" src=\"https:\/\/terra-institute.eu\/it\/wp-content\/uploads\/2025\/12\/catene-di-fornitura-fiore-jeremy-kwok-768x512.jpg\" alt=\"Catene di fornitura in cambiamento: cosa devono sapere ora le PMI sul tema ESG\" width=\"768\" height=\"512\" data-ratio=\"0.66666666666667\"\/><\/a><\/figure><div class=\"dp-dfg-overlay\"><span class=\"dfg_et_overlay\"  data-icon=\"&#xf06e;\"><\/span><\/div><div class=\"dp-dfg-header entry-header\"><h2 class=\"entry-title\"><a href=\"https:\/\/terra-institute.eu\/it\/catene-di-fornitura-esg-per-pmi-come-vantaggio-competitivo\/\" >Catene di fornitura in cambiamento: cosa devono sapere ora le PMI sul tema ESG<\/a><\/h2><\/div><div class=\"dp-dfg-meta entry-meta\"><span class=\"published\">10 Febbraio 2026<\/span><\/div><div class=\"et_pb_button_wrapper read-more-wrapper\"><a class=\"et_pb_button dp-dfg-more-button\" href=\"https:\/\/terra-institute.eu\/it\/catene-di-fornitura-esg-per-pmi-come-vantaggio-competitivo\/\" data-icon=\"&#x35;\" >leggi ora<\/a><\/div><\/article><!-- DPDFG End Post Item Container --><article id=\"post-255141\" class=\"dp-dfg-item post-255141 post type-post status-publish format-standard has-post-thumbnail hentry category-blog tag-economia-circolare dp-dfg-term-id-34 dp-dfg-term-id-44\"     data-position=\"5\"   data-new-tab=\"off\"   data-action-priority=\"item\"><figure class=\"dp-dfg-image entry-thumb\"><a href=\"https:\/\/terra-institute.eu\/it\/circolarita-nelle-pmi-meno-costi-piu-efficienza-e-nuovi-ricavi\/\" class=\"dp-dfg-image-link\" ><img loading=\"lazy\" decoding=\"async\" class=\"dp-dfg-featured-image\" src=\"https:\/\/terra-institute.eu\/it\/wp-content\/uploads\/2025\/12\/economia-circolare-prato-daniel-norin-768x512.jpg\" alt=\"Meno costi, pi\u00f9 rendimento: la circolarit\u00e0 come leva di ricavo ed efficienza nel settore delle PMI\" width=\"768\" height=\"512\" data-ratio=\"0.66666666666667\"\/><\/a><\/figure><div class=\"dp-dfg-overlay\"><span class=\"dfg_et_overlay\"  data-icon=\"&#xf06e;\"><\/span><\/div><div class=\"dp-dfg-header entry-header\"><h2 class=\"entry-title\"><a href=\"https:\/\/terra-institute.eu\/it\/circolarita-nelle-pmi-meno-costi-piu-efficienza-e-nuovi-ricavi\/\" >Meno costi, pi\u00f9 rendimento: la circolarit\u00e0 come leva di ricavo ed efficienza nel settore delle PMI<\/a><\/h2><\/div><div class=\"dp-dfg-meta entry-meta\"><span class=\"published\">3 Febbraio 2026<\/span><\/div><div class=\"et_pb_button_wrapper read-more-wrapper\"><a class=\"et_pb_button dp-dfg-more-button\" href=\"https:\/\/terra-institute.eu\/it\/circolarita-nelle-pmi-meno-costi-piu-efficienza-e-nuovi-ricavi\/\" data-icon=\"&#x35;\" >leggi ora<\/a><\/div><\/article><!-- DPDFG End Post Item Container --><article id=\"post-255213\" class=\"dp-dfg-item post-255213 post type-post status-publish format-standard has-post-thumbnail hentry category-blog tag-strategia-climatica tag-strategia-di-sostenibilita dp-dfg-term-id-34 dp-dfg-term-id-46 dp-dfg-term-id-50\"     data-position=\"6\"   data-new-tab=\"off\"   data-action-priority=\"item\"><figure class=\"dp-dfg-image entry-thumb\"><a href=\"https:\/\/terra-institute.eu\/it\/decarbonizzazione-nelle-pmi\/\" class=\"dp-dfg-image-link\" ><img loading=\"lazy\" decoding=\"async\" class=\"dp-dfg-featured-image\" src=\"https:\/\/terra-institute.eu\/it\/wp-content\/uploads\/2025\/12\/decarbonizzazione_dom-768x512.jpg\" alt=\"Decarbonizzazione nelle PMI \u2013 dai quick wins alla strategia di investimento complessiva\" width=\"768\" height=\"512\" data-ratio=\"0.66666666666667\"\/><\/a><\/figure><div class=\"dp-dfg-overlay\"><span class=\"dfg_et_overlay\"  data-icon=\"&#xf06e;\"><\/span><\/div><div class=\"dp-dfg-header entry-header\"><h2 class=\"entry-title\"><a href=\"https:\/\/terra-institute.eu\/it\/decarbonizzazione-nelle-pmi\/\" >Decarbonizzazione nelle PMI \u2013 dai quick wins alla strategia di investimento complessiva<\/a><\/h2><\/div><div class=\"dp-dfg-meta entry-meta\"><span class=\"published\">28 Gennaio 2026<\/span><\/div><div class=\"et_pb_button_wrapper read-more-wrapper\"><a class=\"et_pb_button dp-dfg-more-button\" href=\"https:\/\/terra-institute.eu\/it\/decarbonizzazione-nelle-pmi\/\" data-icon=\"&#x35;\" >leggi ora<\/a><\/div><\/article><!-- DPDFG End Post Item Container --><article id=\"post-255226\" class=\"dp-dfg-item post-255226 post type-post status-publish format-standard has-post-thumbnail hentry category-blog dp-dfg-term-id-34\"     data-position=\"7\"   data-new-tab=\"off\"   data-action-priority=\"item\"><figure class=\"dp-dfg-image entry-thumb\"><a href=\"https:\/\/terra-institute.eu\/it\/integrare-la-sostenibilita-nella-strategia\/\" class=\"dp-dfg-image-link\" ><img loading=\"lazy\" decoding=\"async\" class=\"dp-dfg-featured-image\" src=\"https:\/\/terra-institute.eu\/it\/wp-content\/uploads\/2025\/12\/integrare-la-sostenibilita-nella-strategia-albero-annie-spratt-768x512.jpg\" alt=\"Integrare la sostenibilit\u00e0 nella strategia\" width=\"768\" height=\"512\" data-ratio=\"0.66666666666667\"\/><\/a><\/figure><div class=\"dp-dfg-overlay\"><span class=\"dfg_et_overlay\"  data-icon=\"&#xf06e;\"><\/span><\/div><div class=\"dp-dfg-header entry-header\"><h2 class=\"entry-title\"><a href=\"https:\/\/terra-institute.eu\/it\/integrare-la-sostenibilita-nella-strategia\/\" >Integrare la sostenibilit\u00e0 nella strategia<\/a><\/h2><\/div><div class=\"dp-dfg-meta entry-meta\"><span class=\"published\">14 Gennaio 2026<\/span><\/div><div class=\"et_pb_button_wrapper read-more-wrapper\"><a class=\"et_pb_button dp-dfg-more-button\" href=\"https:\/\/terra-institute.eu\/it\/integrare-la-sostenibilita-nella-strategia\/\" data-icon=\"&#x35;\" >leggi ora<\/a><\/div><\/article><!-- DPDFG End Post Item Container --><article id=\"post-255184\" class=\"dp-dfg-item post-255184 post type-post status-publish format-standard has-post-thumbnail hentry category-blog tag-catena-di-fornitura tag-reportistica-di-sostenibilita tag-strategia-di-sostenibilita tag-tassonomia-ue dp-dfg-term-id-34 dp-dfg-term-id-48 dp-dfg-term-id-49 dp-dfg-term-id-50 dp-dfg-term-id-45\"     data-position=\"8\"   data-new-tab=\"off\"   data-action-priority=\"item\"><figure class=\"dp-dfg-image entry-thumb\"><a href=\"https:\/\/terra-institute.eu\/it\/accordo-omnibus-sollievo-per-le-pmi\/\" class=\"dp-dfg-image-link\" ><img loading=\"lazy\" decoding=\"async\" class=\"dp-dfg-featured-image\" src=\"https:\/\/terra-institute.eu\/it\/wp-content\/uploads\/2025\/12\/omnibus-update-nina-ha-768x512.jpg\" alt=\"Accordo omnibus: sollievo per le PMI \u2013 questioni strategiche per l\u2019Europa\" width=\"768\" height=\"512\" data-ratio=\"0.66666666666667\"\/><\/a><\/figure><div class=\"dp-dfg-overlay\"><span class=\"dfg_et_overlay\"  data-icon=\"&#xf06e;\"><\/span><\/div><div class=\"dp-dfg-header entry-header\"><h2 class=\"entry-title\"><a href=\"https:\/\/terra-institute.eu\/it\/accordo-omnibus-sollievo-per-le-pmi\/\" >Accordo omnibus: sollievo per le PMI \u2013 questioni strategiche per l\u2019Europa<\/a><\/h2><\/div><div class=\"dp-dfg-meta entry-meta\"><span class=\"published\">16 Dicembre 2025<\/span><\/div><div class=\"et_pb_button_wrapper read-more-wrapper\"><a class=\"et_pb_button dp-dfg-more-button\" href=\"https:\/\/terra-institute.eu\/it\/accordo-omnibus-sollievo-per-le-pmi\/\" data-icon=\"&#x35;\" >leggi ora<\/a><\/div><\/article><!-- DPDFG End Post Item Container --><article id=\"post-255135\" class=\"dp-dfg-item post-255135 post type-post status-publish format-standard has-post-thumbnail hentry category-blog tag-catena-di-fornitura tag-reportistica-di-sostenibilita tag-strategia-di-sostenibilita tag-tassonomia-ue dp-dfg-term-id-34 dp-dfg-term-id-48 dp-dfg-term-id-49 dp-dfg-term-id-50 dp-dfg-term-id-45\"     data-position=\"9\"   data-new-tab=\"off\"   data-action-priority=\"item\"><figure class=\"dp-dfg-image entry-thumb\"><a href=\"https:\/\/terra-institute.eu\/it\/csrd-csddd-tassonomia-ue-cosa-cambia-davvero\/\" class=\"dp-dfg-image-link\" ><img loading=\"lazy\" decoding=\"async\" class=\"dp-dfg-featured-image\" src=\"https:\/\/terra-institute.eu\/it\/wp-content\/uploads\/2025\/12\/prato_CSRD-CSDDD-tassonomia-ue-Updates_omar-ramadan-768x512.jpg\" alt=\"Le \u00abBig 3\u00bb \u2013 CSRD, CSDDD e Tassonomia UE \u2013 cosa cambia e cosa rimane\" width=\"768\" height=\"512\" data-ratio=\"0.66666666666667\"\/><\/a><\/figure><div class=\"dp-dfg-overlay\"><span class=\"dfg_et_overlay\"  data-icon=\"&#xf06e;\"><\/span><\/div><div class=\"dp-dfg-header entry-header\"><h2 class=\"entry-title\"><a href=\"https:\/\/terra-institute.eu\/it\/csrd-csddd-tassonomia-ue-cosa-cambia-davvero\/\" >Le \u00abBig 3\u00bb \u2013 CSRD, CSDDD e Tassonomia UE \u2013 cosa cambia e cosa rimane<\/a><\/h2><\/div><div class=\"dp-dfg-meta entry-meta\"><span class=\"published\">16 Dicembre 2025<\/span><\/div><div class=\"et_pb_button_wrapper read-more-wrapper\"><a class=\"et_pb_button dp-dfg-more-button\" href=\"https:\/\/terra-institute.eu\/it\/csrd-csddd-tassonomia-ue-cosa-cambia-davvero\/\" data-icon=\"&#x35;\" >leggi ora<\/a><\/div><\/article><!-- DPDFG End Post Item Container --><article id=\"post-255044\" class=\"dp-dfg-item post-255044 post type-post status-publish format-standard has-post-thumbnail hentry category-blog category-good-cases tag-reportistica-di-sostenibilita tag-strategia-di-sostenibilita dp-dfg-term-id-34 dp-dfg-term-id-42 dp-dfg-term-id-49 dp-dfg-term-id-50\"     data-position=\"10\"   data-new-tab=\"off\"   data-action-priority=\"item\"><figure class=\"dp-dfg-image entry-thumb\"><a href=\"https:\/\/terra-institute.eu\/it\/ringana-il-reporting-vsme-come-pietra-miliare-strategica\/\" class=\"dp-dfg-image-link\" ><img loading=\"lazy\" decoding=\"async\" class=\"dp-dfg-featured-image\" src=\"https:\/\/terra-institute.eu\/it\/wp-content\/uploads\/2025\/11\/Ringana_campus-768x512.jpg\" alt=\"Ringana: il reporting VSME come pietra miliare strategica\" width=\"768\" height=\"512\" data-ratio=\"0.66666666666667\"\/><\/a><\/figure><div class=\"dp-dfg-overlay\"><span class=\"dfg_et_overlay\"  data-icon=\"&#xf06e;\"><\/span><\/div><div class=\"dp-dfg-header entry-header\"><h2 class=\"entry-title\"><a href=\"https:\/\/terra-institute.eu\/it\/ringana-il-reporting-vsme-come-pietra-miliare-strategica\/\" >Ringana: il reporting VSME come pietra miliare strategica<\/a><\/h2><\/div><div class=\"dp-dfg-meta entry-meta\"><span class=\"published\">15 Dicembre 2025<\/span><\/div><div class=\"et_pb_button_wrapper read-more-wrapper\"><a class=\"et_pb_button dp-dfg-more-button\" href=\"https:\/\/terra-institute.eu\/it\/ringana-il-reporting-vsme-come-pietra-miliare-strategica\/\" data-icon=\"&#x35;\" >leggi ora<\/a><\/div><\/article><!-- DPDFG End Post Item Container --><article id=\"post-255109\" class=\"dp-dfg-item post-255109 post type-post status-publish format-standard has-post-thumbnail hentry category-blog tag-strategia-di-sostenibilita tag-terra-academy dp-dfg-term-id-34 dp-dfg-term-id-50 dp-dfg-term-id-51\"     data-position=\"11\"   data-new-tab=\"off\"   data-action-priority=\"item\"><figure class=\"dp-dfg-image entry-thumb\"><a href=\"https:\/\/terra-institute.eu\/it\/empco-e-il-futuro-della-comunicazione-sulla-sostenibilita\/\" class=\"dp-dfg-image-link\" ><img loading=\"lazy\" decoding=\"async\" class=\"dp-dfg-featured-image\" src=\"https:\/\/terra-institute.eu\/it\/wp-content\/uploads\/2025\/12\/grano_comunicazione-sulla-sostenibilita-768x512.jpg\" alt=\"EmpCo e il futuro della comunicazione sulla sostenibilit\u00e0: perch\u00e9 l\u2019autenticit\u00e0 \u00e8 ora decisiva\" width=\"768\" height=\"512\" data-ratio=\"0.66666666666667\"\/><\/a><\/figure><div class=\"dp-dfg-overlay\"><span class=\"dfg_et_overlay\"  data-icon=\"&#xf06e;\"><\/span><\/div><div class=\"dp-dfg-header entry-header\"><h2 class=\"entry-title\"><a href=\"https:\/\/terra-institute.eu\/it\/empco-e-il-futuro-della-comunicazione-sulla-sostenibilita\/\" >EmpCo e il futuro della comunicazione sulla sostenibilit\u00e0: perch\u00e9 l\u2019autenticit\u00e0 \u00e8 ora decisiva<\/a><\/h2><\/div><div class=\"dp-dfg-meta entry-meta\"><span class=\"published\">10 Dicembre 2025<\/span><\/div><div class=\"et_pb_button_wrapper read-more-wrapper\"><a class=\"et_pb_button dp-dfg-more-button\" href=\"https:\/\/terra-institute.eu\/it\/empco-e-il-futuro-della-comunicazione-sulla-sostenibilita\/\" data-icon=\"&#x35;\" >leggi ora<\/a><\/div><\/article><!-- DPDFG End Post Item Container --><article id=\"post-255082\" class=\"dp-dfg-item post-255082 post type-post status-publish format-standard has-post-thumbnail hentry category-blog tag-catena-di-fornitura tag-economia-circolare tag-leadership-e-cultura tag-reportistica-di-sostenibilita tag-strategia-climatica tag-strategia-di-sostenibilita tag-terra-academy dp-dfg-term-id-34 dp-dfg-term-id-48 dp-dfg-term-id-44 dp-dfg-term-id-47 dp-dfg-term-id-49 dp-dfg-term-id-46 dp-dfg-term-id-50 dp-dfg-term-id-51\"     data-position=\"12\"   data-new-tab=\"off\"   data-action-priority=\"item\"><figure class=\"dp-dfg-image entry-thumb\"><a href=\"https:\/\/terra-institute.eu\/it\/esg-come-fattore-di-successo\/\" class=\"dp-dfg-image-link\" ><img loading=\"lazy\" decoding=\"async\" class=\"dp-dfg-featured-image\" src=\"https:\/\/terra-institute.eu\/it\/wp-content\/uploads\/2025\/11\/ESG-als-Erfolgsfaktor-im-Mittelstand-1-768x512.png\" alt=\"ESG come fattore di successo per le PMI\" width=\"768\" height=\"512\" data-ratio=\"0.66666666666667\"\/><\/a><\/figure><div class=\"dp-dfg-overlay\"><span class=\"dfg_et_overlay\"  data-icon=\"&#xf06e;\"><\/span><\/div><div class=\"dp-dfg-header entry-header\"><h2 class=\"entry-title\"><a href=\"https:\/\/terra-institute.eu\/it\/esg-come-fattore-di-successo\/\" >ESG come fattore di successo per le PMI<\/a><\/h2><\/div><div class=\"dp-dfg-meta entry-meta\"><span class=\"published\">9 Dicembre 2025<\/span><\/div><div class=\"et_pb_button_wrapper read-more-wrapper\"><a class=\"et_pb_button dp-dfg-more-button\" href=\"https:\/\/terra-institute.eu\/it\/esg-come-fattore-di-successo\/\" data-icon=\"&#x35;\" >leggi ora<\/a><\/div><\/article><!-- DPDFG End Post Item Container --><article id=\"post-255121\" class=\"dp-dfg-item post-255121 post type-post status-publish format-standard has-post-thumbnail hentry category-blog category-good-cases tag-strategia-di-sostenibilita tag-turismo dp-dfg-term-id-34 dp-dfg-term-id-42 dp-dfg-term-id-50 dp-dfg-term-id-52\"     data-position=\"13\"   data-new-tab=\"off\"   data-action-priority=\"item\"><figure class=\"dp-dfg-image entry-thumb\"><a href=\"https:\/\/terra-institute.eu\/it\/come-l-hotel-hubertus-vive-la-sostenibilita\/\" class=\"dp-dfg-image-link\" ><img loading=\"lazy\" decoding=\"async\" class=\"dp-dfg-featured-image\" src=\"https:\/\/terra-institute.eu\/it\/wp-content\/uploads\/2025\/12\/Hubertus_\u00a9KOTTERSTEGER-768x431.jpg\" alt=\"Processo di sostenibilit\u00e0 e certificazione con audit: come l\u2019Hotel Hubertus vive la sostenibilit\u00e0\" width=\"768\" height=\"431\" data-ratio=\"0.56119791666667\"\/><\/a><\/figure><div class=\"dp-dfg-overlay\"><span class=\"dfg_et_overlay\"  data-icon=\"&#xf06e;\"><\/span><\/div><div class=\"dp-dfg-header entry-header\"><h2 class=\"entry-title\"><a href=\"https:\/\/terra-institute.eu\/it\/come-l-hotel-hubertus-vive-la-sostenibilita\/\" >Processo di sostenibilit\u00e0 e certificazione con audit: come l\u2019Hotel Hubertus vive la sostenibilit\u00e0<\/a><\/h2><\/div><div class=\"dp-dfg-meta entry-meta\"><span class=\"published\">7 Dicembre 2025<\/span><\/div><div class=\"et_pb_button_wrapper read-more-wrapper\"><a class=\"et_pb_button dp-dfg-more-button\" href=\"https:\/\/terra-institute.eu\/it\/come-l-hotel-hubertus-vive-la-sostenibilita\/\" data-icon=\"&#x35;\" >leggi ora<\/a><\/div><\/article><!-- DPDFG End Post Item Container --><article id=\"post-255061\" class=\"dp-dfg-item post-255061 post type-post status-publish format-standard has-post-thumbnail hentry category-blog tag-economia-circolare tag-strategia-climatica tag-strategia-di-sostenibilita dp-dfg-term-id-34 dp-dfg-term-id-44 dp-dfg-term-id-46 dp-dfg-term-id-50\"     data-position=\"14\"   data-new-tab=\"off\"   data-action-priority=\"item\"><figure class=\"dp-dfg-image entry-thumb\"><a href=\"https:\/\/terra-institute.eu\/it\/cop30-a-belem\/\" class=\"dp-dfg-image-link\" ><img loading=\"lazy\" decoding=\"async\" class=\"dp-dfg-featured-image\" src=\"https:\/\/terra-institute.eu\/it\/wp-content\/uploads\/2025\/11\/cop30_annika-zamboni-768x512.jpg\" alt=\"COP30 A BEL\u00c9M: TRA AMAZZONIA, GEOPOLITICA E BUSINESS SOSTENIBILE\" width=\"768\" height=\"512\" data-ratio=\"0.66666666666667\"\/><\/a><\/figure><div class=\"dp-dfg-overlay\"><span class=\"dfg_et_overlay\"  data-icon=\"&#xf06e;\"><\/span><\/div><div class=\"dp-dfg-header entry-header\"><h2 class=\"entry-title\"><a href=\"https:\/\/terra-institute.eu\/it\/cop30-a-belem\/\" >COP30 A BEL\u00c9M: TRA AMAZZONIA, GEOPOLITICA E BUSINESS SOSTENIBILE<\/a><\/h2><\/div><div class=\"dp-dfg-meta entry-meta\"><span class=\"published\">26 Novembre 2025<\/span><\/div><div class=\"et_pb_button_wrapper read-more-wrapper\"><a class=\"et_pb_button dp-dfg-more-button\" href=\"https:\/\/terra-institute.eu\/it\/cop30-a-belem\/\" data-icon=\"&#x35;\" >leggi ora<\/a><\/div><\/article><!-- DPDFG End Post Item Container --><article id=\"post-254797\" class=\"dp-dfg-item post-254797 post type-post status-publish format-standard has-post-thumbnail hentry category-blog tag-catena-di-fornitura dp-dfg-term-id-34 dp-dfg-term-id-48\"     data-position=\"15\"   data-new-tab=\"off\"   data-action-priority=\"item\"><figure class=\"dp-dfg-image entry-thumb\"><a href=\"https:\/\/terra-institute.eu\/it\/eudr-come-evitare-rischi-e-costi-per-la-sua-azienda\/\" class=\"dp-dfg-image-link\" ><img loading=\"lazy\" decoding=\"async\" class=\"dp-dfg-featured-image\" src=\"https:\/\/terra-institute.eu\/it\/wp-content\/uploads\/2025\/11\/forest-5481035_1920-768x512.jpg\" alt=\"EUDR in breve \u2013 perch\u00e9 il regolamento sulla deforestazione deve entrare ora nella Sua agenda\" width=\"768\" height=\"512\" data-ratio=\"0.66666666666667\"\/><\/a><\/figure><div class=\"dp-dfg-overlay\"><span class=\"dfg_et_overlay\"  data-icon=\"&#xf06e;\"><\/span><\/div><div class=\"dp-dfg-header entry-header\"><h2 class=\"entry-title\"><a href=\"https:\/\/terra-institute.eu\/it\/eudr-come-evitare-rischi-e-costi-per-la-sua-azienda\/\" >EUDR in breve \u2013 perch\u00e9 il regolamento sulla deforestazione deve entrare ora nella Sua agenda<\/a><\/h2><\/div><div class=\"dp-dfg-meta entry-meta\"><span class=\"published\">24 Novembre 2025<\/span><\/div><div class=\"et_pb_button_wrapper read-more-wrapper\"><a class=\"et_pb_button dp-dfg-more-button\" href=\"https:\/\/terra-institute.eu\/it\/eudr-come-evitare-rischi-e-costi-per-la-sua-azienda\/\" data-icon=\"&#x35;\" >leggi ora<\/a><\/div><\/article><!-- DPDFG End Post Item Container --><article id=\"post-254738\" class=\"dp-dfg-item post-254738 post type-post status-publish format-standard has-post-thumbnail hentry category-blog category-webinar dp-dfg-term-id-34 dp-dfg-term-id-39\"     data-position=\"16\"   data-new-tab=\"off\"   data-action-priority=\"item\"><figure class=\"dp-dfg-image entry-thumb\"><a href=\"https:\/\/terra-institute.eu\/it\/comunicare-la-sostenibilita-direttiva-empowering-consumers\/\" class=\"dp-dfg-image-link\" ><img loading=\"lazy\" decoding=\"async\" class=\"dp-dfg-featured-image\" src=\"https:\/\/terra-institute.eu\/it\/wp-content\/uploads\/2025\/10\/natura-grano-comunicare-sostenibilita-sumedh-sakhare-scaled-1-768x512.jpg\" alt=\"Comunicare la sostenibilit\u00e0 \u2013 ma nel modo giusto: cosa significa la Direttiva Empowering Consumers per la tua azienda\" width=\"768\" height=\"512\" data-ratio=\"0.66666666666667\"\/><\/a><\/figure><div class=\"dp-dfg-overlay\"><span class=\"dfg_et_overlay\"  data-icon=\"&#xf06e;\"><\/span><\/div><div class=\"dp-dfg-header entry-header\"><h2 class=\"entry-title\"><a href=\"https:\/\/terra-institute.eu\/it\/comunicare-la-sostenibilita-direttiva-empowering-consumers\/\" >Comunicare la sostenibilit\u00e0 \u2013 ma nel modo giusto: cosa significa la Direttiva Empowering Consumers per la tua azienda<\/a><\/h2><\/div><div class=\"dp-dfg-meta entry-meta\"><span class=\"published\">24 Ottobre 2025<\/span><\/div><div class=\"et_pb_button_wrapper read-more-wrapper\"><a class=\"et_pb_button dp-dfg-more-button\" href=\"https:\/\/terra-institute.eu\/it\/comunicare-la-sostenibilita-direttiva-empowering-consumers\/\" data-icon=\"&#x35;\" >leggi ora<\/a><\/div><\/article><!-- DPDFG End Post Item Container --><article id=\"post-254690\" class=\"dp-dfg-item post-254690 post type-post status-publish format-standard has-post-thumbnail hentry category-blog tag-leadership-e-cultura dp-dfg-term-id-34 dp-dfg-term-id-47\"     data-position=\"17\"   data-new-tab=\"off\"   data-action-priority=\"item\"><figure class=\"dp-dfg-image entry-thumb\"><a href=\"https:\/\/terra-institute.eu\/it\/nuove-prospettive-per-la-leadership-moderna\/\" class=\"dp-dfg-image-link\" ><img loading=\"lazy\" decoding=\"async\" class=\"dp-dfg-featured-image\" src=\"https:\/\/terra-institute.eu\/it\/wp-content\/uploads\/2025\/10\/Nuove-prospettive-per-la-leadership-moderna_wald-perspektive-von-oben_george-c-768x512.jpg\" alt=\"Nuove prospettive per la leadership moderna\" width=\"768\" height=\"512\" data-ratio=\"0.66666666666667\"\/><\/a><\/figure><div class=\"dp-dfg-overlay\"><span class=\"dfg_et_overlay\"  data-icon=\"&#xf06e;\"><\/span><\/div><div class=\"dp-dfg-header entry-header\"><h2 class=\"entry-title\"><a href=\"https:\/\/terra-institute.eu\/it\/nuove-prospettive-per-la-leadership-moderna\/\" >Nuove prospettive per la leadership moderna<\/a><\/h2><\/div><div class=\"dp-dfg-meta entry-meta\"><span class=\"published\">6 Ottobre 2025<\/span><\/div><div class=\"et_pb_button_wrapper read-more-wrapper\"><a class=\"et_pb_button dp-dfg-more-button\" href=\"https:\/\/terra-institute.eu\/it\/nuove-prospettive-per-la-leadership-moderna\/\" data-icon=\"&#x35;\" >leggi ora<\/a><\/div><\/article><!-- DPDFG End Post Item Container --><article id=\"post-254684\" class=\"dp-dfg-item post-254684 post type-post status-publish format-standard has-post-thumbnail hentry category-blog category-pubblicazioni dp-dfg-term-id-34 dp-dfg-term-id-41\"     data-position=\"18\"   data-new-tab=\"off\"   data-action-priority=\"item\"><figure class=\"dp-dfg-image entry-thumb\"><a href=\"https:\/\/terra-institute.eu\/it\/terra-institute-vsme-sustainability-report-2024\/\" class=\"dp-dfg-image-link\" ><img loading=\"lazy\" decoding=\"async\" class=\"dp-dfg-featured-image\" src=\"https:\/\/terra-institute.eu\/it\/wp-content\/uploads\/2025\/10\/titelbild_vsme-terra_2024-768x512.jpg\" alt=\"Terra Institute VSME Sustainability Report 2024\" width=\"768\" height=\"512\" data-ratio=\"0.66666666666667\"\/><\/a><\/figure><div class=\"dp-dfg-overlay\"><span class=\"dfg_et_overlay\"  data-icon=\"&#xf06e;\"><\/span><\/div><div class=\"dp-dfg-header entry-header\"><h2 class=\"entry-title\"><a href=\"https:\/\/terra-institute.eu\/it\/terra-institute-vsme-sustainability-report-2024\/\" >Terra Institute VSME Sustainability Report 2024<\/a><\/h2><\/div><div class=\"dp-dfg-meta entry-meta\"><span class=\"published\">30 Settembre 2025<\/span><\/div><div class=\"et_pb_button_wrapper read-more-wrapper\"><a class=\"et_pb_button dp-dfg-more-button\" href=\"https:\/\/terra-institute.eu\/it\/terra-institute-vsme-sustainability-report-2024\/\" data-icon=\"&#x35;\" >leggi ora<\/a><\/div><\/article><!-- DPDFG End Post Item Container --><article id=\"post-254659\" class=\"dp-dfg-item post-254659 post type-post status-publish format-standard has-post-thumbnail hentry category-blog tag-strategia-di-sostenibilita dp-dfg-term-id-34 dp-dfg-term-id-50\"     data-position=\"19\"   data-new-tab=\"off\"   data-action-priority=\"item\"><figure class=\"dp-dfg-image entry-thumb\"><a href=\"https:\/\/terra-institute.eu\/it\/responsiblebytes-la-tua-bussola-nella-trasformazione-digitale\/\" class=\"dp-dfg-image-link\" ><img loading=\"lazy\" decoding=\"async\" class=\"dp-dfg-featured-image\" src=\"https:\/\/terra-institute.eu\/it\/wp-content\/uploads\/2025\/09\/responsiblebytes-data-sostenibilita-768x469.jpg\" alt=\"ResponsibleBytes: la tua bussola nella trasformazione digitale\" width=\"768\" height=\"469\" data-ratio=\"0.61067708333333\"\/><\/a><\/figure><div class=\"dp-dfg-overlay\"><span class=\"dfg_et_overlay\"  data-icon=\"&#xf06e;\"><\/span><\/div><div class=\"dp-dfg-header entry-header\"><h2 class=\"entry-title\"><a href=\"https:\/\/terra-institute.eu\/it\/responsiblebytes-la-tua-bussola-nella-trasformazione-digitale\/\" >ResponsibleBytes: la tua bussola nella trasformazione digitale<\/a><\/h2><\/div><div class=\"dp-dfg-meta entry-meta\"><span class=\"published\">4 Settembre 2025<\/span><\/div><div class=\"et_pb_button_wrapper read-more-wrapper\"><a class=\"et_pb_button dp-dfg-more-button\" href=\"https:\/\/terra-institute.eu\/it\/responsiblebytes-la-tua-bussola-nella-trasformazione-digitale\/\" data-icon=\"&#x35;\" >leggi ora<\/a><\/div><\/article><!-- DPDFG End Post Item Container --><article id=\"post-254650\" class=\"dp-dfg-item post-254650 post type-post status-publish format-standard has-post-thumbnail hentry category-blog tag-catena-di-fornitura tag-strategia-di-sostenibilita dp-dfg-term-id-34 dp-dfg-term-id-48 dp-dfg-term-id-50\"     data-position=\"20\"   data-new-tab=\"off\"   data-action-priority=\"item\"><figure class=\"dp-dfg-image entry-thumb\"><a href=\"https:\/\/terra-institute.eu\/it\/ecovadis-sostiene-le-pmi-nel-loro-percorso-di-sostenibilita\/\" class=\"dp-dfg-image-link\" ><img loading=\"lazy\" decoding=\"async\" class=\"dp-dfg-featured-image\" src=\"https:\/\/terra-institute.eu\/it\/wp-content\/uploads\/2025\/09\/ecovadis-natura-strada-kodex1213-768x512.jpg\" alt=\"Sblocca il tuo vantaggio competitivo: \u00a0EcoVadis sostiene le PMI nel loro percorso di sostenibilit\u00e0\" width=\"768\" height=\"512\" data-ratio=\"0.66666666666667\"\/><\/a><\/figure><div class=\"dp-dfg-overlay\"><span class=\"dfg_et_overlay\"  data-icon=\"&#xf06e;\"><\/span><\/div><div class=\"dp-dfg-header entry-header\"><h2 class=\"entry-title\"><a href=\"https:\/\/terra-institute.eu\/it\/ecovadis-sostiene-le-pmi-nel-loro-percorso-di-sostenibilita\/\" >Sblocca il tuo vantaggio competitivo: \u00a0EcoVadis sostiene le PMI nel loro percorso di sostenibilit\u00e0<\/a><\/h2><\/div><div class=\"dp-dfg-meta entry-meta\"><span class=\"published\">4 Settembre 2025<\/span><\/div><div class=\"et_pb_button_wrapper read-more-wrapper\"><a class=\"et_pb_button dp-dfg-more-button\" href=\"https:\/\/terra-institute.eu\/it\/ecovadis-sostiene-le-pmi-nel-loro-percorso-di-sostenibilita\/\" data-icon=\"&#x35;\" >leggi ora<\/a><\/div><\/article><!-- DPDFG End Post Item Container --><article id=\"post-253566\" class=\"dp-dfg-item post-253566 post type-post status-publish format-standard has-post-thumbnail hentry category-blog category-webinar tag-leadership-e-cultura dp-dfg-term-id-34 dp-dfg-term-id-39 dp-dfg-term-id-47\"     data-position=\"21\"   data-new-tab=\"off\"   data-action-priority=\"item\"><figure class=\"dp-dfg-image entry-thumb\"><a href=\"https:\/\/terra-institute.eu\/it\/webinar-pdr-125-parita-di-genere\/\" class=\"dp-dfg-image-link\" ><img loading=\"lazy\" decoding=\"async\" class=\"dp-dfg-featured-image\" src=\"https:\/\/terra-institute.eu\/it\/wp-content\/uploads\/2025\/03\/diverstiy-parita-di-genere-clay-banks-scaled-e1743518792398-768x512.jpg\" alt=\"Webinar &#8211; Diversit\u00e0 e Inclusione: Un Vantaggio Competitivo per le Aziende Italiane\" width=\"768\" height=\"512\" data-ratio=\"0.66666666666667\"\/><\/a><\/figure><div class=\"dp-dfg-overlay\"><span class=\"dfg_et_overlay\"  data-icon=\"&#xf06e;\"><\/span><\/div><div class=\"dp-dfg-header entry-header\"><h2 class=\"entry-title\"><a href=\"https:\/\/terra-institute.eu\/it\/webinar-pdr-125-parita-di-genere\/\" >Webinar &#8211; Diversit\u00e0 e Inclusione: Un Vantaggio Competitivo per le Aziende Italiane<\/a><\/h2><\/div><div class=\"dp-dfg-meta entry-meta\"><span class=\"published\">3 Settembre 2025<\/span><\/div><div class=\"et_pb_button_wrapper read-more-wrapper\"><a class=\"et_pb_button dp-dfg-more-button\" href=\"https:\/\/terra-institute.eu\/it\/webinar-pdr-125-parita-di-genere\/\" data-icon=\"&#x35;\" >leggi ora<\/a><\/div><\/article><!-- DPDFG End Post Item Container --><article id=\"post-254354\" class=\"dp-dfg-item post-254354 post type-post status-publish format-standard has-post-thumbnail hentry category-blog category-good-cases tag-reportistica-di-sostenibilita tag-strategia-di-sostenibilita tag-turismo dp-dfg-term-id-34 dp-dfg-term-id-42 dp-dfg-term-id-49 dp-dfg-term-id-50 dp-dfg-term-id-52\"     data-position=\"22\"   data-new-tab=\"off\"   data-action-priority=\"item\"><figure class=\"dp-dfg-image entry-thumb\"><a href=\"https:\/\/terra-institute.eu\/it\/merano-2000\/\" class=\"dp-dfg-image-link\" ><img loading=\"lazy\" decoding=\"async\" class=\"dp-dfg-featured-image\" src=\"https:\/\/terra-institute.eu\/it\/wp-content\/uploads\/2025\/07\/Merano2000_estate_\u00a9Tobias-Kaser-1-768x512.png\" alt=\"Merano 2000: Sostenibilit\u00e0 in quota\" width=\"768\" height=\"512\" data-ratio=\"0.66666666666667\"\/><\/a><\/figure><div class=\"dp-dfg-overlay\"><span class=\"dfg_et_overlay\"  data-icon=\"&#xf06e;\"><\/span><\/div><div class=\"dp-dfg-header entry-header\"><h2 class=\"entry-title\"><a href=\"https:\/\/terra-institute.eu\/it\/merano-2000\/\" >Merano 2000: Sostenibilit\u00e0 in quota<\/a><\/h2><\/div><div class=\"dp-dfg-meta entry-meta\"><span class=\"published\">30 Luglio 2025<\/span><\/div><div class=\"et_pb_button_wrapper read-more-wrapper\"><a class=\"et_pb_button dp-dfg-more-button\" href=\"https:\/\/terra-institute.eu\/it\/merano-2000\/\" data-icon=\"&#x35;\" >leggi ora<\/a><\/div><\/article><!-- DPDFG End Post Item Container --><article id=\"post-254144\" class=\"dp-dfg-item post-254144 post type-post status-publish format-standard has-post-thumbnail hentry category-blog category-good-cases tag-reportistica-di-sostenibilita tag-turismo dp-dfg-term-id-34 dp-dfg-term-id-42 dp-dfg-term-id-49 dp-dfg-term-id-52\"     data-position=\"23\"   data-new-tab=\"off\"   data-action-priority=\"item\"><figure class=\"dp-dfg-image entry-thumb\"><a href=\"https:\/\/terra-institute.eu\/it\/fiera-bolzano\/\" class=\"dp-dfg-image-link\" ><img loading=\"lazy\" decoding=\"async\" class=\"dp-dfg-featured-image\" src=\"https:\/\/terra-institute.eu\/it\/wp-content\/uploads\/2025\/07\/Fiera-Bolzano-Messe-Bozen-768x512.jpg\" alt=\"Fiera Bolzano\u00a0\" width=\"768\" height=\"512\" data-ratio=\"0.66666666666667\"\/><\/a><\/figure><div class=\"dp-dfg-overlay\"><span class=\"dfg_et_overlay\"  data-icon=\"&#xf06e;\"><\/span><\/div><div class=\"dp-dfg-header entry-header\"><h2 class=\"entry-title\"><a href=\"https:\/\/terra-institute.eu\/it\/fiera-bolzano\/\" >Fiera Bolzano\u00a0<\/a><\/h2><\/div><div class=\"dp-dfg-meta entry-meta\"><span class=\"published\">16 Luglio 2025<\/span><\/div><div class=\"et_pb_button_wrapper read-more-wrapper\"><a class=\"et_pb_button dp-dfg-more-button\" href=\"https:\/\/terra-institute.eu\/it\/fiera-bolzano\/\" data-icon=\"&#x35;\" >leggi ora<\/a><\/div><\/article><!-- DPDFG End Post Item Container --><article id=\"post-254473\" class=\"dp-dfg-item post-254473 post type-post status-publish format-standard has-post-thumbnail hentry category-blog category-pubblicazioni tag-catena-di-fornitura tag-economia-circolare tag-strategia-di-sostenibilita dp-dfg-term-id-34 dp-dfg-term-id-41 dp-dfg-term-id-48 dp-dfg-term-id-44 dp-dfg-term-id-50\"     data-position=\"24\"   data-new-tab=\"off\"   data-action-priority=\"item\"><figure class=\"dp-dfg-image entry-thumb\"><a href=\"https:\/\/terra-institute.eu\/it\/strategia-di-trasformazione\/\" class=\"dp-dfg-image-link\" ><img loading=\"lazy\" decoding=\"async\" class=\"dp-dfg-featured-image\" src=\"https:\/\/terra-institute.eu\/it\/wp-content\/uploads\/2025\/06\/tronco-circolarita-albero-768x512.png\" alt=\"Strategia di trasformazione\" width=\"768\" height=\"512\" data-ratio=\"0.66666666666667\"\/><\/a><\/figure><div class=\"dp-dfg-overlay\"><span class=\"dfg_et_overlay\"  data-icon=\"&#xf06e;\"><\/span><\/div><div class=\"dp-dfg-header entry-header\"><h2 class=\"entry-title\"><a href=\"https:\/\/terra-institute.eu\/it\/strategia-di-trasformazione\/\" >Strategia di trasformazione<\/a><\/h2><\/div><div class=\"dp-dfg-meta entry-meta\"><span class=\"published\">16 Giugno 2025<\/span><\/div><div class=\"et_pb_button_wrapper read-more-wrapper\"><a class=\"et_pb_button dp-dfg-more-button\" href=\"https:\/\/terra-institute.eu\/it\/strategia-di-trasformazione\/\" data-icon=\"&#x35;\" >leggi ora<\/a><\/div><\/article><!-- DPDFG End Post Item Container --><article id=\"post-253860\" class=\"dp-dfg-item post-253860 post type-post status-publish format-standard has-post-thumbnail hentry category-blog category-good-cases tag-reportistica-di-sostenibilita tag-strategia-di-sostenibilita dp-dfg-term-id-34 dp-dfg-term-id-42 dp-dfg-term-id-49 dp-dfg-term-id-50\"     data-position=\"25\"   data-new-tab=\"off\"   data-action-priority=\"item\"><figure class=\"dp-dfg-image entry-thumb\"><a href=\"https:\/\/terra-institute.eu\/it\/hwg-sababa-una-visione-lungimirante-per-una-sicurezza-sostenibile\/\" class=\"dp-dfg-image-link\" ><img loading=\"lazy\" decoding=\"async\" class=\"dp-dfg-featured-image\" src=\"https:\/\/terra-institute.eu\/it\/wp-content\/uploads\/2025\/05\/Flux_Dev_a_stunning_illustration_of_Abstract_digital_backgroun_3-1-768x512.jpg\" alt=\"HWG Sababa: Una visione lungimirante per una sicurezza sostenibile\" width=\"768\" height=\"512\" data-ratio=\"0.66666666666667\"\/><\/a><\/figure><div class=\"dp-dfg-overlay\"><span class=\"dfg_et_overlay\"  data-icon=\"&#xf06e;\"><\/span><\/div><div class=\"dp-dfg-header entry-header\"><h2 class=\"entry-title\"><a href=\"https:\/\/terra-institute.eu\/it\/hwg-sababa-una-visione-lungimirante-per-una-sicurezza-sostenibile\/\" >HWG Sababa: Una visione lungimirante per una sicurezza sostenibile<\/a><\/h2><\/div><div class=\"dp-dfg-meta entry-meta\"><span class=\"published\">3 Giugno 2025<\/span><\/div><div class=\"et_pb_button_wrapper read-more-wrapper\"><a class=\"et_pb_button dp-dfg-more-button\" href=\"https:\/\/terra-institute.eu\/it\/hwg-sababa-una-visione-lungimirante-per-una-sicurezza-sostenibile\/\" data-icon=\"&#x35;\" >leggi ora<\/a><\/div><\/article><!-- DPDFG End Post Item Container --><article id=\"post-253836\" class=\"dp-dfg-item post-253836 post type-post status-publish format-standard has-post-thumbnail hentry category-blog tag-reportistica-di-sostenibilita tag-strategia-di-sostenibilita dp-dfg-term-id-34 dp-dfg-term-id-49 dp-dfg-term-id-50\"     data-position=\"26\"   data-new-tab=\"off\"   data-action-priority=\"item\"><figure class=\"dp-dfg-image entry-thumb\"><a href=\"https:\/\/terra-institute.eu\/it\/vsme-perche-le-aziende-dovrebbero-rendicontare-in-modo-olistico\/\" class=\"dp-dfg-image-link\" ><img loading=\"lazy\" decoding=\"async\" class=\"dp-dfg-featured-image\" src=\"https:\/\/terra-institute.eu\/it\/wp-content\/uploads\/2025\/05\/vsme-david-clode-scaled-e1747810484241-768x512.jpg\" alt=\"VSME+: Perch\u00e9 le aziende dovrebbero rendicontare in modo olistico\" width=\"768\" height=\"512\" data-ratio=\"0.66666666666667\"\/><\/a><\/figure><div class=\"dp-dfg-overlay\"><span class=\"dfg_et_overlay\"  data-icon=\"&#xf06e;\"><\/span><\/div><div class=\"dp-dfg-header entry-header\"><h2 class=\"entry-title\"><a href=\"https:\/\/terra-institute.eu\/it\/vsme-perche-le-aziende-dovrebbero-rendicontare-in-modo-olistico\/\" >VSME+: Perch\u00e9 le aziende dovrebbero rendicontare in modo olistico<\/a><\/h2><\/div><div class=\"dp-dfg-meta entry-meta\"><span class=\"published\">20 Maggio 2025<\/span><\/div><div class=\"et_pb_button_wrapper read-more-wrapper\"><a class=\"et_pb_button dp-dfg-more-button\" href=\"https:\/\/terra-institute.eu\/it\/vsme-perche-le-aziende-dovrebbero-rendicontare-in-modo-olistico\/\" data-icon=\"&#x35;\" >leggi ora<\/a><\/div><\/article><!-- DPDFG End Post Item Container --><article id=\"post-253822\" class=\"dp-dfg-item post-253822 post type-post status-publish format-standard has-post-thumbnail hentry category-blog category-good-cases tag-catena-di-fornitura tag-reportistica-di-sostenibilita tag-strategia-di-sostenibilita dp-dfg-term-id-34 dp-dfg-term-id-42 dp-dfg-term-id-48 dp-dfg-term-id-49 dp-dfg-term-id-50\"     data-position=\"27\"   data-new-tab=\"off\"   data-action-priority=\"item\"><figure class=\"dp-dfg-image entry-thumb\"><a href=\"https:\/\/terra-institute.eu\/it\/grossfurtner-rating-ecovadis-e-consulenza-terra-institute\/\" class=\"dp-dfg-image-link\" ><img loading=\"lazy\" decoding=\"async\" class=\"dp-dfg-featured-image\" src=\"https:\/\/terra-institute.eu\/it\/wp-content\/uploads\/2025\/05\/kuh-baum-wiese-felix-bacher-scaled-e1747809997406-768x511.jpg\" alt=\"Rendere visibile la sostenibilit\u00e0: Gro\u00dffurtner supera con successo il primo rating EcoVadis\" width=\"768\" height=\"511\" data-ratio=\"0.66536458333333\"\/><\/a><\/figure><div class=\"dp-dfg-overlay\"><span class=\"dfg_et_overlay\"  data-icon=\"&#xf06e;\"><\/span><\/div><div class=\"dp-dfg-header entry-header\"><h2 class=\"entry-title\"><a href=\"https:\/\/terra-institute.eu\/it\/grossfurtner-rating-ecovadis-e-consulenza-terra-institute\/\" >Rendere visibile la sostenibilit\u00e0: Gro\u00dffurtner supera con successo il primo rating EcoVadis<\/a><\/h2><\/div><div class=\"dp-dfg-meta entry-meta\"><span class=\"published\">19 Maggio 2025<\/span><\/div><div class=\"et_pb_button_wrapper read-more-wrapper\"><a class=\"et_pb_button dp-dfg-more-button\" href=\"https:\/\/terra-institute.eu\/it\/grossfurtner-rating-ecovadis-e-consulenza-terra-institute\/\" data-icon=\"&#x35;\" >leggi ora<\/a><\/div><\/article><!-- DPDFG End Post Item Container --><article id=\"post-253807\" class=\"dp-dfg-item post-253807 post type-post status-publish format-standard has-post-thumbnail hentry category-blog category-good-cases tag-strategia-di-sostenibilita tag-turismo dp-dfg-term-id-34 dp-dfg-term-id-42 dp-dfg-term-id-50 dp-dfg-term-id-52\"     data-position=\"28\"   data-new-tab=\"off\"   data-action-priority=\"item\"><figure class=\"dp-dfg-image entry-thumb\"><a href=\"https:\/\/terra-institute.eu\/it\/racines-rafforza-la-sostenibilita-nel-turismo\/\" class=\"dp-dfg-image-link\" ><img loading=\"lazy\" decoding=\"async\" class=\"dp-dfg-featured-image\" src=\"https:\/\/terra-institute.eu\/it\/wp-content\/uploads\/2025\/05\/Ratschings-e1747747051110-768x511.jpeg\" alt=\"Racines rafforza la sostenibilit\u00e0 nel turismo\" width=\"768\" height=\"511\" data-ratio=\"0.66536458333333\"\/><\/a><\/figure><div class=\"dp-dfg-overlay\"><span class=\"dfg_et_overlay\"  data-icon=\"&#xf06e;\"><\/span><\/div><div class=\"dp-dfg-header entry-header\"><h2 class=\"entry-title\"><a href=\"https:\/\/terra-institute.eu\/it\/racines-rafforza-la-sostenibilita-nel-turismo\/\" >Racines rafforza la sostenibilit\u00e0 nel turismo<\/a><\/h2><\/div><div class=\"dp-dfg-meta entry-meta\"><span class=\"published\">12 Maggio 2025<\/span><\/div><div class=\"et_pb_button_wrapper read-more-wrapper\"><a class=\"et_pb_button dp-dfg-more-button\" href=\"https:\/\/terra-institute.eu\/it\/racines-rafforza-la-sostenibilita-nel-turismo\/\" data-icon=\"&#x35;\" >leggi ora<\/a><\/div><\/article><!-- DPDFG End Post Item Container --><article id=\"post-253794\" class=\"dp-dfg-item post-253794 post type-post status-publish format-standard has-post-thumbnail hentry category-blog category-pubblicazioni tag-catena-di-fornitura tag-economia-circolare dp-dfg-term-id-34 dp-dfg-term-id-41 dp-dfg-term-id-48 dp-dfg-term-id-44\"     data-position=\"29\"   data-new-tab=\"off\"   data-action-priority=\"item\"><figure class=\"dp-dfg-image entry-thumb\"><a href=\"https:\/\/terra-institute.eu\/it\/espr-2024-sei-pronto-per-la-nuova-rivoluzione-dellecodesign\/\" class=\"dp-dfg-image-link\" ><img loading=\"lazy\" decoding=\"async\" class=\"dp-dfg-featured-image\" src=\"https:\/\/terra-institute.eu\/it\/wp-content\/uploads\/2025\/05\/ecodesign_bosco_miles-farnsworth-scaled-e1746179791339-768x512.jpg\" alt=\"ESPR 2024: Sei pronto per la nuova rivoluzione dell\u2019ecodesign?\" width=\"768\" height=\"512\" data-ratio=\"0.66666666666667\"\/><\/a><\/figure><div class=\"dp-dfg-overlay\"><span class=\"dfg_et_overlay\"  data-icon=\"&#xf06e;\"><\/span><\/div><div class=\"dp-dfg-header entry-header\"><h2 class=\"entry-title\"><a href=\"https:\/\/terra-institute.eu\/it\/espr-2024-sei-pronto-per-la-nuova-rivoluzione-dellecodesign\/\" >ESPR 2024: Sei pronto per la nuova rivoluzione dell\u2019ecodesign?<\/a><\/h2><\/div><div class=\"dp-dfg-meta entry-meta\"><span class=\"published\">5 Maggio 2025<\/span><\/div><div class=\"et_pb_button_wrapper read-more-wrapper\"><a class=\"et_pb_button dp-dfg-more-button\" href=\"https:\/\/terra-institute.eu\/it\/espr-2024-sei-pronto-per-la-nuova-rivoluzione-dellecodesign\/\" data-icon=\"&#x35;\" >leggi ora<\/a><\/div><\/article><!-- DPDFG End Post Item Container --><article id=\"post-253664\" class=\"dp-dfg-item post-253664 post type-post status-publish format-standard has-post-thumbnail hentry category-blog tag-leadership-e-cultura dp-dfg-term-id-34 dp-dfg-term-id-47\"     data-position=\"30\"   data-new-tab=\"off\"   data-action-priority=\"item\"><figure class=\"dp-dfg-image entry-thumb\"><a href=\"https:\/\/terra-institute.eu\/it\/oltre-la-parita-di-genere\/\" class=\"dp-dfg-image-link\" ><img loading=\"lazy\" decoding=\"async\" class=\"dp-dfg-featured-image\" src=\"https:\/\/terra-institute.eu\/it\/wp-content\/uploads\/2025\/04\/parita-di-genere_emmanuel-anderson-scaled-e1743584329565-768x512.jpg\" alt=\"Oltre la Parit\u00e0 di Genere: Verso un Futuro di Diversit\u00e0 e Inclusione a 360\u00b0\" width=\"768\" height=\"512\" data-ratio=\"0.66666666666667\"\/><\/a><\/figure><div class=\"dp-dfg-overlay\"><span class=\"dfg_et_overlay\"  data-icon=\"&#xf06e;\"><\/span><\/div><div class=\"dp-dfg-header entry-header\"><h2 class=\"entry-title\"><a href=\"https:\/\/terra-institute.eu\/it\/oltre-la-parita-di-genere\/\" >Oltre la Parit\u00e0 di Genere: Verso un Futuro di Diversit\u00e0 e Inclusione a 360\u00b0<\/a><\/h2><\/div><div class=\"dp-dfg-meta entry-meta\"><span class=\"published\">2 Aprile 2025<\/span><\/div><div class=\"et_pb_button_wrapper read-more-wrapper\"><a class=\"et_pb_button dp-dfg-more-button\" href=\"https:\/\/terra-institute.eu\/it\/oltre-la-parita-di-genere\/\" data-icon=\"&#x35;\" >leggi ora<\/a><\/div><\/article><!-- DPDFG End Post Item Container --><article id=\"post-253557\" class=\"dp-dfg-item post-253557 post type-post status-publish format-standard has-post-thumbnail hentry category-blog dp-dfg-term-id-34\"     data-position=\"31\"   data-new-tab=\"off\"   data-action-priority=\"item\"><figure class=\"dp-dfg-image entry-thumb\"><a href=\"https:\/\/terra-institute.eu\/it\/progetto-urban-shift\/\" class=\"dp-dfg-image-link\" ><img loading=\"lazy\" decoding=\"async\" class=\"dp-dfg-featured-image\" src=\"https:\/\/terra-institute.eu\/it\/wp-content\/uploads\/2025\/03\/natua-albero-urban-shift_nate-bell-scaled-e1742826173882-768x513.jpg\" alt=\"Progetto Urban Shift\" width=\"768\" height=\"513\" data-ratio=\"0.66796875\"\/><\/a><\/figure><div class=\"dp-dfg-overlay\"><span class=\"dfg_et_overlay\"  data-icon=\"&#xf06e;\"><\/span><\/div><div class=\"dp-dfg-header entry-header\"><h2 class=\"entry-title\"><a href=\"https:\/\/terra-institute.eu\/it\/progetto-urban-shift\/\" >Progetto Urban Shift<\/a><\/h2><\/div><div class=\"dp-dfg-meta entry-meta\"><span class=\"published\">24 Marzo 2025<\/span><\/div><div class=\"et_pb_button_wrapper read-more-wrapper\"><a class=\"et_pb_button dp-dfg-more-button\" href=\"https:\/\/terra-institute.eu\/it\/progetto-urban-shift\/\" data-icon=\"&#x35;\" >leggi ora<\/a><\/div><\/article><!-- DPDFG End Post Item Container --><article id=\"post-251928\" class=\"dp-dfg-item post-251928 post type-post status-publish format-standard has-post-thumbnail hentry category-blog tag-catena-di-fornitura tag-reportistica-di-sostenibilita tag-strategia-di-sostenibilita dp-dfg-term-id-34 dp-dfg-term-id-48 dp-dfg-term-id-49 dp-dfg-term-id-50\"     data-position=\"32\"   data-new-tab=\"off\"   data-action-priority=\"item\"><figure class=\"dp-dfg-image entry-thumb\"><a href=\"https:\/\/terra-institute.eu\/it\/il-pacchetto-omnibus-semplificazione-necessaria-o-rischio-per-la-sostenibilita-aziendale\/\" class=\"dp-dfg-image-link\" ><img loading=\"lazy\" decoding=\"async\" class=\"dp-dfg-featured-image\" src=\"https:\/\/terra-institute.eu\/it\/wp-content\/uploads\/2025\/03\/natura-omnibus-sostenibilita-vladyslav-tobolenko-768x512.jpg\" alt=\"Il Pacchetto Omnibus: Semplificazione Necessaria o Rischio per la Sostenibilit\u00e0 Aziendale?\" width=\"768\" height=\"512\" data-ratio=\"0.66666666666667\"\/><\/a><\/figure><div class=\"dp-dfg-overlay\"><span class=\"dfg_et_overlay\"  data-icon=\"&#xf06e;\"><\/span><\/div><div class=\"dp-dfg-header entry-header\"><h2 class=\"entry-title\"><a href=\"https:\/\/terra-institute.eu\/it\/il-pacchetto-omnibus-semplificazione-necessaria-o-rischio-per-la-sostenibilita-aziendale\/\" >Il Pacchetto Omnibus: Semplificazione Necessaria o Rischio per la Sostenibilit\u00e0 Aziendale?<\/a><\/h2><\/div><div class=\"dp-dfg-meta entry-meta\"><span class=\"published\">13 Marzo 2025<\/span><\/div><div class=\"et_pb_button_wrapper read-more-wrapper\"><a class=\"et_pb_button dp-dfg-more-button\" href=\"https:\/\/terra-institute.eu\/it\/il-pacchetto-omnibus-semplificazione-necessaria-o-rischio-per-la-sostenibilita-aziendale\/\" data-icon=\"&#x35;\" >leggi ora<\/a><\/div><\/article><!-- DPDFG End Post Item Container --><article id=\"post-251945\" class=\"dp-dfg-item post-251945 post type-post status-publish format-standard has-post-thumbnail hentry category-blog category-webinar tag-catena-di-fornitura tag-reportistica-di-sostenibilita tag-strategia-climatica tag-tassonomia-ue tag-terra-academy dp-dfg-term-id-34 dp-dfg-term-id-39 dp-dfg-term-id-48 dp-dfg-term-id-49 dp-dfg-term-id-46 dp-dfg-term-id-45 dp-dfg-term-id-51\"     data-position=\"33\"   data-new-tab=\"off\"   data-action-priority=\"item\"><figure class=\"dp-dfg-image entry-thumb\"><a href=\"https:\/\/terra-institute.eu\/it\/corso-omnibus-tutto-quello-che-devi-sapere-ora\/\" class=\"dp-dfg-image-link\" ><img loading=\"lazy\" decoding=\"async\" class=\"dp-dfg-featured-image\" src=\"https:\/\/terra-institute.eu\/it\/wp-content\/uploads\/2025\/03\/foglia-omnibus-cambiamento-anshu-768x512.jpg\" alt=\"Corso Omnibus: Tutto quello che devi sapere ora!\" width=\"768\" height=\"512\" data-ratio=\"0.66666666666667\"\/><\/a><\/figure><div class=\"dp-dfg-overlay\"><span class=\"dfg_et_overlay\"  data-icon=\"&#xf06e;\"><\/span><\/div><div class=\"dp-dfg-header entry-header\"><h2 class=\"entry-title\"><a href=\"https:\/\/terra-institute.eu\/it\/corso-omnibus-tutto-quello-che-devi-sapere-ora\/\" >Corso Omnibus: Tutto quello che devi sapere ora!<\/a><\/h2><\/div><div class=\"dp-dfg-meta entry-meta\"><span class=\"published\">11 Marzo 2025<\/span><\/div><div class=\"et_pb_button_wrapper read-more-wrapper\"><a class=\"et_pb_button dp-dfg-more-button\" href=\"https:\/\/terra-institute.eu\/it\/corso-omnibus-tutto-quello-che-devi-sapere-ora\/\" data-icon=\"&#x35;\" >leggi ora<\/a><\/div><\/article><!-- DPDFG End Post Item Container --><article id=\"post-251890\" class=\"dp-dfg-item post-251890 post type-post status-publish format-standard has-post-thumbnail hentry category-blog tag-reportistica-di-sostenibilita dp-dfg-term-id-34 dp-dfg-term-id-49\"     data-position=\"34\"   data-new-tab=\"off\"   data-action-priority=\"item\"><figure class=\"dp-dfg-image entry-thumb\"><a href=\"https:\/\/terra-institute.eu\/it\/sostenibilita-per-le-pmi-il-valore-dello-standard-vsme-dopo-la-legge-omnibus\/\" class=\"dp-dfg-image-link\" ><img loading=\"lazy\" decoding=\"async\" class=\"dp-dfg-featured-image\" src=\"https:\/\/terra-institute.eu\/it\/wp-content\/uploads\/2025\/03\/sostenibilita-per-le-PMI_austris-augusts-scaled-e1741106686659-768x513.jpg\" alt=\"Sostenibilit\u00e0 per le PMI: Il Valore dello Standard VSME Dopo la proposta Omnibus\" width=\"768\" height=\"513\" data-ratio=\"0.66796875\"\/><\/a><\/figure><div class=\"dp-dfg-overlay\"><span class=\"dfg_et_overlay\"  data-icon=\"&#xf06e;\"><\/span><\/div><div class=\"dp-dfg-header entry-header\"><h2 class=\"entry-title\"><a href=\"https:\/\/terra-institute.eu\/it\/sostenibilita-per-le-pmi-il-valore-dello-standard-vsme-dopo-la-legge-omnibus\/\" >Sostenibilit\u00e0 per le PMI: Il Valore dello Standard VSME Dopo la proposta Omnibus<\/a><\/h2><\/div><div class=\"dp-dfg-meta entry-meta\"><span class=\"published\">4 Marzo 2025<\/span><\/div><div class=\"et_pb_button_wrapper read-more-wrapper\"><a class=\"et_pb_button dp-dfg-more-button\" href=\"https:\/\/terra-institute.eu\/it\/sostenibilita-per-le-pmi-il-valore-dello-standard-vsme-dopo-la-legge-omnibus\/\" data-icon=\"&#x35;\" >leggi ora<\/a><\/div><\/article><!-- DPDFG End Post Item Container --><article id=\"post-253700\" class=\"dp-dfg-item post-253700 post type-post status-publish format-standard has-post-thumbnail hentry category-blog category-good-cases tag-reportistica-di-sostenibilita tag-strategia-di-sostenibilita dp-dfg-term-id-34 dp-dfg-term-id-42 dp-dfg-term-id-49 dp-dfg-term-id-50\"     data-position=\"35\"   data-new-tab=\"off\"   data-action-priority=\"item\"><figure class=\"dp-dfg-image entry-thumb\"><a href=\"https:\/\/terra-institute.eu\/it\/mister-spex-una-strategia-di-sostenibilita-ad-alto-impatto\/\" class=\"dp-dfg-image-link\" ><img loading=\"lazy\" decoding=\"async\" class=\"dp-dfg-featured-image\" src=\"https:\/\/terra-institute.eu\/it\/wp-content\/uploads\/2025\/04\/Glasses-nature-sustainability-quentin-touvard\u200b-768x512.jpg\" alt=\"Mister Spex \u2013 Una strategia di sostenibilit\u00e0 ad alto impatto\" width=\"768\" height=\"512\" data-ratio=\"0.66666666666667\"\/><\/a><\/figure><div class=\"dp-dfg-overlay\"><span class=\"dfg_et_overlay\"  data-icon=\"&#xf06e;\"><\/span><\/div><div class=\"dp-dfg-header entry-header\"><h2 class=\"entry-title\"><a href=\"https:\/\/terra-institute.eu\/it\/mister-spex-una-strategia-di-sostenibilita-ad-alto-impatto\/\" >Mister Spex \u2013 Una strategia di sostenibilit\u00e0 ad alto impatto<\/a><\/h2><\/div><div class=\"dp-dfg-meta entry-meta\"><span class=\"published\">10 Febbraio 2025<\/span><\/div><div class=\"et_pb_button_wrapper read-more-wrapper\"><a class=\"et_pb_button dp-dfg-more-button\" href=\"https:\/\/terra-institute.eu\/it\/mister-spex-una-strategia-di-sostenibilita-ad-alto-impatto\/\" data-icon=\"&#x35;\" >leggi ora<\/a><\/div><\/article><!-- DPDFG End Post Item Container --><article id=\"post-251337\" class=\"dp-dfg-item post-251337 post type-post status-publish format-standard has-post-thumbnail hentry category-blog category-good-cases tag-reportistica-di-sostenibilita dp-dfg-term-id-34 dp-dfg-term-id-42 dp-dfg-term-id-49\"     data-position=\"36\"   data-new-tab=\"off\"   data-action-priority=\"item\"><figure class=\"dp-dfg-image entry-thumb\"><a href=\"https:\/\/terra-institute.eu\/it\/consulenza-per-le-strutture-sanitarie-rispettose-del-clima\/\" class=\"dp-dfg-image-link\" ><img loading=\"lazy\" decoding=\"async\" class=\"dp-dfg-featured-image\" src=\"https:\/\/terra-institute.eu\/it\/wp-content\/uploads\/2025\/01\/feld-daemmerung-aisvri-scaled-1-768x512.jpg\" alt=\"Consulenza per le strutture sanitarie rispettose del clima\" width=\"768\" height=\"512\" data-ratio=\"0.66666666666667\"\/><\/a><\/figure><div class=\"dp-dfg-overlay\"><span class=\"dfg_et_overlay\"  data-icon=\"&#xf06e;\"><\/span><\/div><div class=\"dp-dfg-header entry-header\"><h2 class=\"entry-title\"><a href=\"https:\/\/terra-institute.eu\/it\/consulenza-per-le-strutture-sanitarie-rispettose-del-clima\/\" >Consulenza per le strutture sanitarie rispettose del clima<\/a><\/h2><\/div><div class=\"dp-dfg-meta entry-meta\"><span class=\"published\">4 Gennaio 2025<\/span><\/div><div class=\"et_pb_button_wrapper read-more-wrapper\"><a class=\"et_pb_button dp-dfg-more-button\" href=\"https:\/\/terra-institute.eu\/it\/consulenza-per-le-strutture-sanitarie-rispettose-del-clima\/\" data-icon=\"&#x35;\" >leggi ora<\/a><\/div><\/article><!-- DPDFG End Post Item Container --><article id=\"post-254485\" class=\"dp-dfg-item post-254485 post type-post status-publish format-standard has-post-thumbnail hentry category-blog tag-reportistica-di-sostenibilita tag-strategia-di-sostenibilita dp-dfg-term-id-34 dp-dfg-term-id-49 dp-dfg-term-id-50\"     data-position=\"37\"   data-new-tab=\"off\"   data-action-priority=\"item\"><figure class=\"dp-dfg-image entry-thumb\"><a href=\"https:\/\/terra-institute.eu\/it\/la-risposta-della-cina-alla-csrd-cosa-devono-sapere-le-aziende-europee\/\" class=\"dp-dfg-image-link\" ><img loading=\"lazy\" decoding=\"async\" class=\"dp-dfg-featured-image\" src=\"https:\/\/terra-institute.eu\/it\/wp-content\/uploads\/2025\/08\/blatt-csrd-macro-fernando-cardoso-768x512.jpg\" alt=\"LA RISPOSTA DELLA CINA ALLA CSRD: COSA DEVONO SAPERE LE AZIENDE EUROPEE\" width=\"768\" height=\"512\" data-ratio=\"0.66666666666667\"\/><\/a><\/figure><div class=\"dp-dfg-overlay\"><span class=\"dfg_et_overlay\"  data-icon=\"&#xf06e;\"><\/span><\/div><div class=\"dp-dfg-header entry-header\"><h2 class=\"entry-title\"><a href=\"https:\/\/terra-institute.eu\/it\/la-risposta-della-cina-alla-csrd-cosa-devono-sapere-le-aziende-europee\/\" >LA RISPOSTA DELLA CINA ALLA CSRD: COSA DEVONO SAPERE LE AZIENDE EUROPEE<\/a><\/h2><\/div><div class=\"dp-dfg-meta entry-meta\"><span class=\"published\">18 Dicembre 2024<\/span><\/div><div class=\"et_pb_button_wrapper read-more-wrapper\"><a class=\"et_pb_button dp-dfg-more-button\" href=\"https:\/\/terra-institute.eu\/it\/la-risposta-della-cina-alla-csrd-cosa-devono-sapere-le-aziende-europee\/\" data-icon=\"&#x35;\" >leggi ora<\/a><\/div><\/article><!-- DPDFG End Post Item Container --><article id=\"post-253900\" class=\"dp-dfg-item post-253900 post type-post status-publish format-standard has-post-thumbnail hentry category-blog tag-economia-circolare dp-dfg-term-id-34 dp-dfg-term-id-44\"     data-position=\"38\"   data-new-tab=\"off\"   data-action-priority=\"item\"><figure class=\"dp-dfg-image entry-thumb\"><a href=\"https:\/\/terra-institute.eu\/it\/accordo-globale-sulla-plastica\/\" class=\"dp-dfg-image-link\" ><img loading=\"lazy\" decoding=\"async\" class=\"dp-dfg-featured-image\" src=\"https:\/\/terra-institute.eu\/it\/wp-content\/uploads\/2025\/06\/plastik-abkommen-mihaly-koles-scaled-1-768x512.jpg\" alt=\"Accordo globale sulla plastica dal 2025: sfide e progressi\" width=\"768\" height=\"512\" data-ratio=\"0.66666666666667\"\/><\/a><\/figure><div class=\"dp-dfg-overlay\"><span class=\"dfg_et_overlay\"  data-icon=\"&#xf06e;\"><\/span><\/div><div class=\"dp-dfg-header entry-header\"><h2 class=\"entry-title\"><a href=\"https:\/\/terra-institute.eu\/it\/accordo-globale-sulla-plastica\/\" >Accordo globale sulla plastica dal 2025: sfide e progressi<\/a><\/h2><\/div><div class=\"dp-dfg-meta entry-meta\"><span class=\"published\">17 Dicembre 2024<\/span><\/div><div class=\"et_pb_button_wrapper read-more-wrapper\"><a class=\"et_pb_button dp-dfg-more-button\" href=\"https:\/\/terra-institute.eu\/it\/accordo-globale-sulla-plastica\/\" data-icon=\"&#x35;\" >leggi ora<\/a><\/div><\/article><!-- DPDFG End Post Item Container --><article id=\"post-254505\" class=\"dp-dfg-item post-254505 post type-post status-publish format-standard has-post-thumbnail hentry category-blog tag-reportistica-di-sostenibilita dp-dfg-term-id-34 dp-dfg-term-id-49\"     data-position=\"39\"   data-new-tab=\"off\"   data-action-priority=\"item\"><figure class=\"dp-dfg-image entry-thumb\"><a href=\"https:\/\/terra-institute.eu\/it\/vsme-update-tutto-importante-sui-requisiti-di-segnalazione\/\" class=\"dp-dfg-image-link\" ><img loading=\"lazy\" decoding=\"async\" class=\"dp-dfg-featured-image\" src=\"https:\/\/terra-institute.eu\/it\/wp-content\/uploads\/2025\/08\/vsme-aggiornamento-percorso-modifica-natura-foresta-fotis-fotopoulos-768x512.jpg\" alt=\"Aggiornamento VSME: tutto quello che c&#8217;\u00e8 da sapere sulla struttura di rendicontazione semplificata\" width=\"768\" height=\"512\" data-ratio=\"0.66666666666667\"\/><\/a><\/figure><div class=\"dp-dfg-overlay\"><span class=\"dfg_et_overlay\"  data-icon=\"&#xf06e;\"><\/span><\/div><div class=\"dp-dfg-header entry-header\"><h2 class=\"entry-title\"><a href=\"https:\/\/terra-institute.eu\/it\/vsme-update-tutto-importante-sui-requisiti-di-segnalazione\/\" >Aggiornamento VSME: tutto quello che c&#8217;\u00e8 da sapere sulla struttura di rendicontazione semplificata<\/a><\/h2><\/div><div class=\"dp-dfg-meta entry-meta\"><span class=\"published\">26 Novembre 2024<\/span><\/div><div class=\"et_pb_button_wrapper read-more-wrapper\"><a class=\"et_pb_button dp-dfg-more-button\" href=\"https:\/\/terra-institute.eu\/it\/vsme-update-tutto-importante-sui-requisiti-di-segnalazione\/\" data-icon=\"&#x35;\" >leggi ora<\/a><\/div><\/article><!-- DPDFG End Post Item Container --><article id=\"post-254527\" class=\"dp-dfg-item post-254527 post type-post status-publish format-standard has-post-thumbnail hentry category-blog dp-dfg-term-id-34\"     data-position=\"40\"   data-new-tab=\"off\"   data-action-priority=\"item\"><figure class=\"dp-dfg-image entry-thumb\"><a href=\"https:\/\/terra-institute.eu\/it\/rafforzare-il-ruolo-delle-donne-in-agricoltura-il-progetto-agro4sdgs\/\" class=\"dp-dfg-image-link\" ><img loading=\"lazy\" decoding=\"async\" class=\"dp-dfg-featured-image\" src=\"https:\/\/terra-institute.eu\/it\/wp-content\/uploads\/2025\/08\/agricoltura-vince-veras-768x512.jpg\" alt=\"RAFFORZARE IL RUOLO DELLE DONNE IN AGRICOLTURA: IL PROGETTO AGRO4SDGS\" width=\"768\" height=\"512\" data-ratio=\"0.66666666666667\"\/><\/a><\/figure><div class=\"dp-dfg-overlay\"><span class=\"dfg_et_overlay\"  data-icon=\"&#xf06e;\"><\/span><\/div><div class=\"dp-dfg-header entry-header\"><h2 class=\"entry-title\"><a href=\"https:\/\/terra-institute.eu\/it\/rafforzare-il-ruolo-delle-donne-in-agricoltura-il-progetto-agro4sdgs\/\" >RAFFORZARE IL RUOLO DELLE DONNE IN AGRICOLTURA: IL PROGETTO AGRO4SDGS<\/a><\/h2><\/div><div class=\"dp-dfg-meta entry-meta\"><span class=\"published\">31 Ottobre 2024<\/span><\/div><div class=\"et_pb_button_wrapper read-more-wrapper\"><a class=\"et_pb_button dp-dfg-more-button\" href=\"https:\/\/terra-institute.eu\/it\/rafforzare-il-ruolo-delle-donne-in-agricoltura-il-progetto-agro4sdgs\/\" data-icon=\"&#x35;\" >leggi ora<\/a><\/div><\/article><!-- DPDFG End Post Item Container --><article id=\"post-251739\" class=\"dp-dfg-item post-251739 post type-post status-publish format-standard has-post-thumbnail hentry category-blog tag-catena-di-fornitura tag-reportistica-di-sostenibilita tag-strategia-climatica dp-dfg-term-id-34 dp-dfg-term-id-48 dp-dfg-term-id-49 dp-dfg-term-id-46\"     data-position=\"41\"   data-new-tab=\"off\"   data-action-priority=\"item\"><figure class=\"dp-dfg-image entry-thumb\"><a href=\"https:\/\/terra-institute.eu\/it\/nuove-disposizioni-ue-a-partire-dal-2025-preparatevi\/\" class=\"dp-dfg-image-link\" ><img loading=\"lazy\" decoding=\"async\" class=\"dp-dfg-featured-image\" src=\"https:\/\/terra-institute.eu\/it\/wp-content\/uploads\/2025\/02\/eu-vorgaben-2025-nachhaltigkeit-khashayar-kouchpeydeh-scaled-e1726120099432-768x512.jpg\" alt=\"Nuove disposizioni UE a partire dal 2025: preparatevi!\" width=\"768\" height=\"512\" data-ratio=\"0.66666666666667\"\/><\/a><\/figure><div class=\"dp-dfg-overlay\"><span class=\"dfg_et_overlay\"  data-icon=\"&#xf06e;\"><\/span><\/div><div class=\"dp-dfg-header entry-header\"><h2 class=\"entry-title\"><a href=\"https:\/\/terra-institute.eu\/it\/nuove-disposizioni-ue-a-partire-dal-2025-preparatevi\/\" >Nuove disposizioni UE a partire dal 2025: preparatevi!<\/a><\/h2><\/div><div class=\"dp-dfg-meta entry-meta\"><span class=\"published\">12 Settembre 2024<\/span><\/div><div class=\"et_pb_button_wrapper read-more-wrapper\"><a class=\"et_pb_button dp-dfg-more-button\" href=\"https:\/\/terra-institute.eu\/it\/nuove-disposizioni-ue-a-partire-dal-2025-preparatevi\/\" data-icon=\"&#x35;\" >leggi ora<\/a><\/div><\/article><!-- DPDFG End Post Item Container --><article id=\"post-251754\" class=\"dp-dfg-item post-251754 post type-post status-publish format-standard has-post-thumbnail hentry category-blog tag-leadership-e-cultura tag-reportistica-di-sostenibilita tag-strategia-climatica tag-strategia-di-sostenibilita dp-dfg-term-id-34 dp-dfg-term-id-47 dp-dfg-term-id-49 dp-dfg-term-id-46 dp-dfg-term-id-50\"     data-position=\"42\"   data-new-tab=\"off\"   data-action-priority=\"item\"><figure class=\"dp-dfg-image entry-thumb\"><a href=\"https:\/\/terra-institute.eu\/it\/sostenibilita-nel-settore-sanitario-mission-planetary-health\/\" class=\"dp-dfg-image-link\" ><img loading=\"lazy\" decoding=\"async\" class=\"dp-dfg-featured-image\" src=\"https:\/\/terra-institute.eu\/it\/wp-content\/uploads\/2025\/02\/Nachhaltigkeit-im-Gesundheitswesen-scaled-1-768x512.jpg\" alt=\"SOSTENIBILIT\u00e0 NEL SETTORE SANITARIO &#8211; \u201emission Planetary Health\u201c\" width=\"768\" height=\"512\" data-ratio=\"0.66666666666667\"\/><\/a><\/figure><div class=\"dp-dfg-overlay\"><span class=\"dfg_et_overlay\"  data-icon=\"&#xf06e;\"><\/span><\/div><div class=\"dp-dfg-header entry-header\"><h2 class=\"entry-title\"><a href=\"https:\/\/terra-institute.eu\/it\/sostenibilita-nel-settore-sanitario-mission-planetary-health\/\" >SOSTENIBILIT\u00e0 NEL SETTORE SANITARIO &#8211; \u201emission Planetary Health\u201c<\/a><\/h2><\/div><div class=\"dp-dfg-meta entry-meta\"><span class=\"published\">10 Settembre 2024<\/span><\/div><div class=\"et_pb_button_wrapper read-more-wrapper\"><a class=\"et_pb_button dp-dfg-more-button\" href=\"https:\/\/terra-institute.eu\/it\/sostenibilita-nel-settore-sanitario-mission-planetary-health\/\" data-icon=\"&#x35;\" >leggi ora<\/a><\/div><\/article><!-- DPDFG End Post Item Container --><article id=\"post-251714\" class=\"dp-dfg-item post-251714 post type-post status-publish format-standard has-post-thumbnail hentry category-blog tag-reportistica-di-sostenibilita dp-dfg-term-id-34 dp-dfg-term-id-49\"     data-position=\"43\"   data-new-tab=\"off\"   data-action-priority=\"item\"><figure class=\"dp-dfg-image entry-thumb\"><a href=\"https:\/\/terra-institute.eu\/it\/lanalisi-della-doppia-materialita-unintroduzione\/\" class=\"dp-dfg-image-link\" ><img loading=\"lazy\" decoding=\"async\" class=\"dp-dfg-featured-image\" src=\"https:\/\/terra-institute.eu\/it\/wp-content\/uploads\/2025\/02\/umweltschutz-wirtschaftlicher-wachstum-wesentlichkeitsanalyse-noah-buscher-scaled-e1725619700409-768x512.jpg\" alt=\"L&#8217;Analisi della Doppia Materialit\u00e0: Un&#8217;Introduzione\" width=\"768\" height=\"512\" data-ratio=\"0.66666666666667\"\/><\/a><\/figure><div class=\"dp-dfg-overlay\"><span class=\"dfg_et_overlay\"  data-icon=\"&#xf06e;\"><\/span><\/div><div class=\"dp-dfg-header entry-header\"><h2 class=\"entry-title\"><a href=\"https:\/\/terra-institute.eu\/it\/lanalisi-della-doppia-materialita-unintroduzione\/\" >L&#8217;Analisi della Doppia Materialit\u00e0: Un&#8217;Introduzione<\/a><\/h2><\/div><div class=\"dp-dfg-meta entry-meta\"><span class=\"published\">6 Settembre 2024<\/span><\/div><div class=\"et_pb_button_wrapper read-more-wrapper\"><a class=\"et_pb_button dp-dfg-more-button\" href=\"https:\/\/terra-institute.eu\/it\/lanalisi-della-doppia-materialita-unintroduzione\/\" data-icon=\"&#x35;\" >leggi ora<\/a><\/div><\/article><!-- DPDFG End Post Item Container --><article id=\"post-251746\" class=\"dp-dfg-item post-251746 post type-post status-publish format-standard has-post-thumbnail hentry category-blog tag-catena-di-fornitura tag-leadership-e-cultura tag-reportistica-di-sostenibilita dp-dfg-term-id-34 dp-dfg-term-id-48 dp-dfg-term-id-47 dp-dfg-term-id-49\"     data-position=\"44\"   data-new-tab=\"off\"   data-action-priority=\"item\"><figure class=\"dp-dfg-image entry-thumb\"><a href=\"https:\/\/terra-institute.eu\/it\/oltre-la-conformita-esg\/\" class=\"dp-dfg-image-link\" ><img loading=\"lazy\" decoding=\"async\" class=\"dp-dfg-featured-image\" src=\"https:\/\/terra-institute.eu\/it\/wp-content\/uploads\/2025\/02\/beyond-esg-compliance-schnee-berge-daniel-frank-768x512.jpg\" alt=\"Oltre la conformit\u00e0 ESG\" width=\"768\" height=\"512\" data-ratio=\"0.66666666666667\"\/><\/a><\/figure><div class=\"dp-dfg-overlay\"><span class=\"dfg_et_overlay\"  data-icon=\"&#xf06e;\"><\/span><\/div><div class=\"dp-dfg-header entry-header\"><h2 class=\"entry-title\"><a href=\"https:\/\/terra-institute.eu\/it\/oltre-la-conformita-esg\/\" >Oltre la conformit\u00e0 ESG<\/a><\/h2><\/div><div class=\"dp-dfg-meta entry-meta\"><span class=\"published\">3 Settembre 2024<\/span><\/div><div class=\"et_pb_button_wrapper read-more-wrapper\"><a class=\"et_pb_button dp-dfg-more-button\" href=\"https:\/\/terra-institute.eu\/it\/oltre-la-conformita-esg\/\" data-icon=\"&#x35;\" >leggi ora<\/a><\/div><\/article><!-- DPDFG End Post Item Container --><article id=\"post-251462\" class=\"dp-dfg-item post-251462 post type-post status-publish format-standard has-post-thumbnail hentry category-blog tag-biodiversita tag-turismo dp-dfg-term-id-34 dp-dfg-term-id-43 dp-dfg-term-id-52\"     data-position=\"45\"   data-new-tab=\"off\"   data-action-priority=\"item\"><figure class=\"dp-dfg-image entry-thumb\"><a href=\"https:\/\/terra-institute.eu\/it\/eu-nature-restoration-law-una-possibilita-per-natura-ed-economia\/\" class=\"dp-dfg-image-link\" ><img loading=\"lazy\" decoding=\"async\" class=\"dp-dfg-featured-image\" src=\"https:\/\/terra-institute.eu\/it\/wp-content\/uploads\/2025\/01\/nature-restoration-soliman-cifuentes-scaled-1-768x512.jpg\" alt=\"EU Nature Restoration Law: una possibilit\u00e0 per Natura ed Economia\" width=\"768\" height=\"512\" data-ratio=\"0.66666666666667\"\/><\/a><\/figure><div class=\"dp-dfg-overlay\"><span class=\"dfg_et_overlay\"  data-icon=\"&#xf06e;\"><\/span><\/div><div class=\"dp-dfg-header entry-header\"><h2 class=\"entry-title\"><a href=\"https:\/\/terra-institute.eu\/it\/eu-nature-restoration-law-una-possibilita-per-natura-ed-economia\/\" >EU Nature Restoration Law: una possibilit\u00e0 per Natura ed Economia<\/a><\/h2><\/div><div class=\"dp-dfg-meta entry-meta\"><span class=\"published\">14 Agosto 2024<\/span><\/div><div class=\"et_pb_button_wrapper read-more-wrapper\"><a class=\"et_pb_button dp-dfg-more-button\" href=\"https:\/\/terra-institute.eu\/it\/eu-nature-restoration-law-una-possibilita-per-natura-ed-economia\/\" data-icon=\"&#x35;\" >leggi ora<\/a><\/div><\/article><!-- DPDFG End Post Item Container --><article id=\"post-251619\" class=\"dp-dfg-item post-251619 post type-post status-publish format-standard has-post-thumbnail hentry category-blog tag-economia-circolare dp-dfg-term-id-34 dp-dfg-term-id-44\"     data-position=\"46\"   data-new-tab=\"off\"   data-action-priority=\"item\"><figure class=\"dp-dfg-image entry-thumb\"><a href=\"https:\/\/terra-institute.eu\/it\/twin-transformation-economia-circolare-e-digitalizzazione\/\" class=\"dp-dfg-image-link\" ><img loading=\"lazy\" decoding=\"async\" class=\"dp-dfg-featured-image\" src=\"https:\/\/terra-institute.eu\/it\/wp-content\/uploads\/2025\/01\/weg-produktentwicklung-natur-wald-wasser-giovanni-bianchi-768x512.jpg\" alt=\"TWIN TRANSFORMATION\u00a0\u00a0\u2013 Economia Circolare e Digitalizzazione\" width=\"768\" height=\"512\" data-ratio=\"0.66666666666667\"\/><\/a><\/figure><div class=\"dp-dfg-overlay\"><span class=\"dfg_et_overlay\"  data-icon=\"&#xf06e;\"><\/span><\/div><div class=\"dp-dfg-header entry-header\"><h2 class=\"entry-title\"><a href=\"https:\/\/terra-institute.eu\/it\/twin-transformation-economia-circolare-e-digitalizzazione\/\" >TWIN TRANSFORMATION\u00a0\u00a0\u2013 Economia Circolare e Digitalizzazione<\/a><\/h2><\/div><div class=\"dp-dfg-meta entry-meta\"><span class=\"published\">23 Luglio 2024<\/span><\/div><div class=\"et_pb_button_wrapper read-more-wrapper\"><a class=\"et_pb_button dp-dfg-more-button\" href=\"https:\/\/terra-institute.eu\/it\/twin-transformation-economia-circolare-e-digitalizzazione\/\" data-icon=\"&#x35;\" >leggi ora<\/a><\/div><\/article><!-- DPDFG End Post Item Container --><article id=\"post-254553\" class=\"dp-dfg-item post-254553 post type-post status-publish format-standard has-post-thumbnail hentry category-webinar tag-terra-academy dp-dfg-term-id-39 dp-dfg-term-id-51\"     data-position=\"47\"   data-new-tab=\"off\"   data-action-priority=\"item\"><figure class=\"dp-dfg-image entry-thumb\"><a href=\"https:\/\/terra-institute.eu\/it\/formazione-esg-per-una-maggiore-attrattivita-dei-datori-di-lavoro\/\" class=\"dp-dfg-image-link\" ><img loading=\"lazy\" decoding=\"async\" class=\"dp-dfg-featured-image\" src=\"https:\/\/terra-institute.eu\/it\/wp-content\/uploads\/2025\/08\/Formazione-ESG-cascata-Daniel-Hernandez-768x512.jpg\" alt=\"Formazione ESG per una maggiore attrattivit\u00e0 dei datori di lavoro\" width=\"768\" height=\"512\" data-ratio=\"0.66666666666667\"\/><\/a><\/figure><div class=\"dp-dfg-overlay\"><span class=\"dfg_et_overlay\"  data-icon=\"&#xf06e;\"><\/span><\/div><div class=\"dp-dfg-header entry-header\"><h2 class=\"entry-title\"><a href=\"https:\/\/terra-institute.eu\/it\/formazione-esg-per-una-maggiore-attrattivita-dei-datori-di-lavoro\/\" >Formazione ESG per una maggiore attrattivit\u00e0 dei datori di lavoro<\/a><\/h2><\/div><div class=\"dp-dfg-meta entry-meta\"><span class=\"published\">16 Luglio 2024<\/span><\/div><div class=\"et_pb_button_wrapper read-more-wrapper\"><a class=\"et_pb_button dp-dfg-more-button\" href=\"https:\/\/terra-institute.eu\/it\/formazione-esg-per-una-maggiore-attrattivita-dei-datori-di-lavoro\/\" data-icon=\"&#x35;\" >leggi ora<\/a><\/div><\/article><!-- DPDFG End Post Item Container --><article id=\"post-251638\" class=\"dp-dfg-item post-251638 post type-post status-publish format-standard has-post-thumbnail hentry category-blog tag-catena-di-fornitura dp-dfg-term-id-34 dp-dfg-term-id-48\"     data-position=\"48\"   data-new-tab=\"off\"   data-action-priority=\"item\"><figure class=\"dp-dfg-image entry-thumb\"><a href=\"https:\/\/terra-institute.eu\/it\/preparazione-alla-nuova-csddd-una-guida-per-le-aziende\/\" class=\"dp-dfg-image-link\" ><img loading=\"lazy\" decoding=\"async\" class=\"dp-dfg-featured-image\" src=\"https:\/\/terra-institute.eu\/it\/wp-content\/uploads\/2025\/01\/lieferkette-csddd-weg-durch-den-wald-paul-pastourmatzis-980x653-1-768x512.jpg\" alt=\"PREPARAZIONE ALLA NUOVA CSDDD: UNA GUIDA PER LE AZIENDE\" width=\"768\" height=\"512\" data-ratio=\"0.66666666666667\"\/><\/a><\/figure><div class=\"dp-dfg-overlay\"><span class=\"dfg_et_overlay\"  data-icon=\"&#xf06e;\"><\/span><\/div><div class=\"dp-dfg-header entry-header\"><h2 class=\"entry-title\"><a href=\"https:\/\/terra-institute.eu\/it\/preparazione-alla-nuova-csddd-una-guida-per-le-aziende\/\" >PREPARAZIONE ALLA NUOVA CSDDD: UNA GUIDA PER LE AZIENDE<\/a><\/h2><\/div><div class=\"dp-dfg-meta entry-meta\"><span class=\"published\">8 Luglio 2024<\/span><\/div><div class=\"et_pb_button_wrapper read-more-wrapper\"><a class=\"et_pb_button dp-dfg-more-button\" href=\"https:\/\/terra-institute.eu\/it\/preparazione-alla-nuova-csddd-una-guida-per-le-aziende\/\" data-icon=\"&#x35;\" >leggi ora<\/a><\/div><\/article><!-- DPDFG End Post Item Container --><article id=\"post-251437\" class=\"dp-dfg-item post-251437 post type-post status-publish format-standard has-post-thumbnail hentry category-blog category-good-cases tag-reportistica-di-sostenibilita tag-strategia-di-sostenibilita dp-dfg-term-id-34 dp-dfg-term-id-42 dp-dfg-term-id-49 dp-dfg-term-id-50\"     data-position=\"49\"   data-new-tab=\"off\"   data-action-priority=\"item\"><figure class=\"dp-dfg-image entry-thumb\"><a href=\"https:\/\/terra-institute.eu\/it\/un-esempio-di-sostenibilita-gasteiner-bergbahnen\/\" class=\"dp-dfg-image-link\" ><img loading=\"lazy\" decoding=\"async\" class=\"dp-dfg-featured-image\" src=\"https:\/\/terra-institute.eu\/it\/wp-content\/uploads\/2025\/01\/gasteiner-bergbahnen-victor-motogna-980x653-1-768x512.jpg\" alt=\"UN ESEMPIO DI SOSTENIBILIT\u00c0: GASTEINER BERGBAHNEN\" width=\"768\" height=\"512\" data-ratio=\"0.66666666666667\"\/><\/a><\/figure><div class=\"dp-dfg-overlay\"><span class=\"dfg_et_overlay\"  data-icon=\"&#xf06e;\"><\/span><\/div><div class=\"dp-dfg-header entry-header\"><h2 class=\"entry-title\"><a href=\"https:\/\/terra-institute.eu\/it\/un-esempio-di-sostenibilita-gasteiner-bergbahnen\/\" >UN ESEMPIO DI SOSTENIBILIT\u00c0: GASTEINER BERGBAHNEN<\/a><\/h2><\/div><div class=\"dp-dfg-meta entry-meta\"><span class=\"published\">27 Giugno 2024<\/span><\/div><div class=\"et_pb_button_wrapper read-more-wrapper\"><a class=\"et_pb_button dp-dfg-more-button\" href=\"https:\/\/terra-institute.eu\/it\/un-esempio-di-sostenibilita-gasteiner-bergbahnen\/\" data-icon=\"&#x35;\" >leggi ora<\/a><\/div><\/article><!-- DPDFG End Post Item Container --><article id=\"post-251421\" class=\"dp-dfg-item post-251421 post type-post status-publish format-standard has-post-thumbnail hentry category-blog tag-reportistica-di-sostenibilita dp-dfg-term-id-34 dp-dfg-term-id-49\"     data-position=\"50\"   data-new-tab=\"off\"   data-action-priority=\"item\"><figure class=\"dp-dfg-image entry-thumb\"><a href=\"https:\/\/terra-institute.eu\/it\/il-rapporto-di-sostenibilita-per-le-pmi-vsme\/\" class=\"dp-dfg-image-link\" ><img loading=\"lazy\" decoding=\"async\" class=\"dp-dfg-featured-image\" src=\"https:\/\/terra-institute.eu\/it\/wp-content\/uploads\/2025\/01\/Weg-zur-Nachhaltigkeitsberichterstattung_evaldas-grizas-scaled-e1717487490115-2048x1365-1-768x512.jpg\" alt=\"IL RAPPORTO DI SOSTENIBILIT\u00c0 PER LE PMI (VSME)\" width=\"768\" height=\"512\" data-ratio=\"0.66666666666667\"\/><\/a><\/figure><div class=\"dp-dfg-overlay\"><span class=\"dfg_et_overlay\"  data-icon=\"&#xf06e;\"><\/span><\/div><div class=\"dp-dfg-header entry-header\"><h2 class=\"entry-title\"><a href=\"https:\/\/terra-institute.eu\/it\/il-rapporto-di-sostenibilita-per-le-pmi-vsme\/\" >IL RAPPORTO DI SOSTENIBILIT\u00c0 PER LE PMI (VSME)<\/a><\/h2><\/div><div class=\"dp-dfg-meta entry-meta\"><span class=\"published\">11 Giugno 2024<\/span><\/div><div class=\"et_pb_button_wrapper read-more-wrapper\"><a class=\"et_pb_button dp-dfg-more-button\" href=\"https:\/\/terra-institute.eu\/it\/il-rapporto-di-sostenibilita-per-le-pmi-vsme\/\" data-icon=\"&#x35;\" >leggi ora<\/a><\/div><\/article><!-- DPDFG End Post Item Container --><article id=\"post-251530\" class=\"dp-dfg-item post-251530 post type-post status-publish format-standard has-post-thumbnail hentry category-blog tag-catena-di-fornitura tag-leadership-e-cultura tag-terra-academy dp-dfg-term-id-34 dp-dfg-term-id-48 dp-dfg-term-id-47 dp-dfg-term-id-51\"     data-position=\"51\"   data-new-tab=\"off\"   data-action-priority=\"item\"><figure class=\"dp-dfg-image entry-thumb\"><a href=\"https:\/\/terra-institute.eu\/it\/formazione-dei-dipendenti-per-unimprenditoria-sostenibile\/\" class=\"dp-dfg-image-link\" ><img loading=\"lazy\" decoding=\"async\" class=\"dp-dfg-featured-image\" src=\"https:\/\/terra-institute.eu\/it\/wp-content\/uploads\/2025\/01\/mitarbeiter-weiterbildung-emmanuel-phaeton-980x653-1-768x512.jpg\" alt=\"FORMAZIONE DEI DIPENDENTI PER UN&#8217;IMPRENDITORIA SOSTENIBILE\" width=\"768\" height=\"512\" data-ratio=\"0.66666666666667\"\/><\/a><\/figure><div class=\"dp-dfg-overlay\"><span class=\"dfg_et_overlay\"  data-icon=\"&#xf06e;\"><\/span><\/div><div class=\"dp-dfg-header entry-header\"><h2 class=\"entry-title\"><a href=\"https:\/\/terra-institute.eu\/it\/formazione-dei-dipendenti-per-unimprenditoria-sostenibile\/\" >FORMAZIONE DEI DIPENDENTI PER UN&#8217;IMPRENDITORIA SOSTENIBILE<\/a><\/h2><\/div><div class=\"dp-dfg-meta entry-meta\"><span class=\"published\">11 Giugno 2024<\/span><\/div><div class=\"et_pb_button_wrapper read-more-wrapper\"><a class=\"et_pb_button dp-dfg-more-button\" href=\"https:\/\/terra-institute.eu\/it\/formazione-dei-dipendenti-per-unimprenditoria-sostenibile\/\" data-icon=\"&#x35;\" >leggi ora<\/a><\/div><\/article><!-- DPDFG End Post Item Container --><article id=\"post-251671\" class=\"dp-dfg-item post-251671 post type-post status-publish format-standard has-post-thumbnail hentry category-blog tag-catena-di-fornitura dp-dfg-term-id-34 dp-dfg-term-id-48\"     data-position=\"52\"   data-new-tab=\"off\"   data-action-priority=\"item\"><figure class=\"dp-dfg-image entry-thumb\"><a href=\"https:\/\/terra-institute.eu\/it\/quali-cambiamenti-porta-la-nuova-direttiva-ue-sulle-catene-di-approvvigionamento\/\" class=\"dp-dfg-image-link\" ><img loading=\"lazy\" decoding=\"async\" class=\"dp-dfg-featured-image\" src=\"https:\/\/terra-institute.eu\/it\/wp-content\/uploads\/2025\/01\/Unterschiede-CSDDD-LkSG_silas-baisch-scaled-e1718016174799-2048x1365-1-768x512.jpg\" alt=\"QUALI CAMBIAMENTI PORTA LA NUOVA DIRETTIVA UE SULLE CATENE DI APPROVVIGIONAMENTO?\" width=\"768\" height=\"512\" data-ratio=\"0.66666666666667\"\/><\/a><\/figure><div class=\"dp-dfg-overlay\"><span class=\"dfg_et_overlay\"  data-icon=\"&#xf06e;\"><\/span><\/div><div class=\"dp-dfg-header entry-header\"><h2 class=\"entry-title\"><a href=\"https:\/\/terra-institute.eu\/it\/quali-cambiamenti-porta-la-nuova-direttiva-ue-sulle-catene-di-approvvigionamento\/\" >QUALI CAMBIAMENTI PORTA LA NUOVA DIRETTIVA UE SULLE CATENE DI APPROVVIGIONAMENTO?<\/a><\/h2><\/div><div class=\"dp-dfg-meta entry-meta\"><span class=\"published\">11 Giugno 2024<\/span><\/div><div class=\"et_pb_button_wrapper read-more-wrapper\"><a class=\"et_pb_button dp-dfg-more-button\" href=\"https:\/\/terra-institute.eu\/it\/quali-cambiamenti-porta-la-nuova-direttiva-ue-sulle-catene-di-approvvigionamento\/\" data-icon=\"&#x35;\" >leggi ora<\/a><\/div><\/article><!-- DPDFG End Post Item Container --><article id=\"post-251367\" class=\"dp-dfg-item post-251367 post type-post status-publish format-standard has-post-thumbnail hentry category-blog tag-reportistica-di-sostenibilita tag-strategia-di-sostenibilita tag-tassonomia-ue dp-dfg-term-id-34 dp-dfg-term-id-49 dp-dfg-term-id-50 dp-dfg-term-id-45\"     data-position=\"53\"   data-new-tab=\"off\"   data-action-priority=\"item\"><figure class=\"dp-dfg-image entry-thumb\"><a href=\"https:\/\/terra-institute.eu\/it\/da-csrd-a-ifrs-orientamento-nella-rendicontazione-di-sostenibilita\/\" class=\"dp-dfg-image-link\" ><img loading=\"lazy\" decoding=\"async\" class=\"dp-dfg-featured-image\" src=\"https:\/\/terra-institute.eu\/it\/wp-content\/uploads\/2025\/01\/orientierung-nachhaltigkeitsberichterstattung-aeste-soliman-cifuentes-980x653-1-768x512.jpg\" alt=\"Da CSRD a IFRS: orientamento nella rendicontazione di sostenibilit\u00e0\" width=\"768\" height=\"512\" data-ratio=\"0.66666666666667\"\/><\/a><\/figure><div class=\"dp-dfg-overlay\"><span class=\"dfg_et_overlay\"  data-icon=\"&#xf06e;\"><\/span><\/div><div class=\"dp-dfg-header entry-header\"><h2 class=\"entry-title\"><a href=\"https:\/\/terra-institute.eu\/it\/da-csrd-a-ifrs-orientamento-nella-rendicontazione-di-sostenibilita\/\" >Da CSRD a IFRS: orientamento nella rendicontazione di sostenibilit\u00e0<\/a><\/h2><\/div><div class=\"dp-dfg-meta entry-meta\"><span class=\"published\">3 Giugno 2024<\/span><\/div><div class=\"et_pb_button_wrapper read-more-wrapper\"><a class=\"et_pb_button dp-dfg-more-button\" href=\"https:\/\/terra-institute.eu\/it\/da-csrd-a-ifrs-orientamento-nella-rendicontazione-di-sostenibilita\/\" data-icon=\"&#x35;\" >leggi ora<\/a><\/div><\/article><!-- DPDFG End Post Item Container --><article id=\"post-254569\" class=\"dp-dfg-item post-254569 post type-post status-publish format-standard has-post-thumbnail hentry category-blog category-good-cases tag-leadership-e-cultura dp-dfg-term-id-34 dp-dfg-term-id-42 dp-dfg-term-id-47\"     data-position=\"54\"   data-new-tab=\"off\"   data-action-priority=\"item\"><figure class=\"dp-dfg-image entry-thumb\"><a href=\"https:\/\/terra-institute.eu\/it\/patagonia-e-il-futuro-delle-montagne\/\" class=\"dp-dfg-image-link\" ><img loading=\"lazy\" decoding=\"async\" class=\"dp-dfg-featured-image\" src=\"https:\/\/terra-institute.eu\/it\/wp-content\/uploads\/2025\/08\/Montagne-Patagonia-jeremy-bishop-768x512.jpg\" alt=\"Patagonia e il futuro delle montagne\" width=\"768\" height=\"512\" data-ratio=\"0.66666666666667\"\/><\/a><\/figure><div class=\"dp-dfg-overlay\"><span class=\"dfg_et_overlay\"  data-icon=\"&#xf06e;\"><\/span><\/div><div class=\"dp-dfg-header entry-header\"><h2 class=\"entry-title\"><a href=\"https:\/\/terra-institute.eu\/it\/patagonia-e-il-futuro-delle-montagne\/\" >Patagonia e il futuro delle montagne<\/a><\/h2><\/div><div class=\"dp-dfg-meta entry-meta\"><span class=\"published\">24 Aprile 2024<\/span><\/div><div class=\"et_pb_button_wrapper read-more-wrapper\"><a class=\"et_pb_button dp-dfg-more-button\" href=\"https:\/\/terra-institute.eu\/it\/patagonia-e-il-futuro-delle-montagne\/\" data-icon=\"&#x35;\" >leggi ora<\/a><\/div><\/article><!-- DPDFG End Post Item Container --><article id=\"post-251551\" class=\"dp-dfg-item post-251551 post type-post status-publish format-standard has-post-thumbnail hentry category-blog category-good-cases tag-reportistica-di-sostenibilita dp-dfg-term-id-34 dp-dfg-term-id-42 dp-dfg-term-id-49\"     data-position=\"55\"   data-new-tab=\"off\"   data-action-priority=\"item\"><figure class=\"dp-dfg-image entry-thumb\"><a href=\"https:\/\/terra-institute.eu\/it\/rapporto-di-sostenibilita-di-raiffeisen-landesbank-tirol\/\" class=\"dp-dfg-image-link\" ><img loading=\"lazy\" decoding=\"async\" class=\"dp-dfg-featured-image\" src=\"https:\/\/terra-institute.eu\/it\/wp-content\/uploads\/2025\/01\/RLB-Tirol_Landschaft-e1713855131554-768x512.jpg\" alt=\"RAPPORTO DI SOSTENIBILIT\u00c0 DI RAIFFEISEN-LANDESBANK TIROL\" width=\"768\" height=\"512\" data-ratio=\"0.66666666666667\"\/><\/a><\/figure><div class=\"dp-dfg-overlay\"><span class=\"dfg_et_overlay\"  data-icon=\"&#xf06e;\"><\/span><\/div><div class=\"dp-dfg-header entry-header\"><h2 class=\"entry-title\"><a href=\"https:\/\/terra-institute.eu\/it\/rapporto-di-sostenibilita-di-raiffeisen-landesbank-tirol\/\" >RAPPORTO DI SOSTENIBILIT\u00c0 DI RAIFFEISEN-LANDESBANK TIROL<\/a><\/h2><\/div><div class=\"dp-dfg-meta entry-meta\"><span class=\"published\">23 Aprile 2024<\/span><\/div><div class=\"et_pb_button_wrapper read-more-wrapper\"><a class=\"et_pb_button dp-dfg-more-button\" href=\"https:\/\/terra-institute.eu\/it\/rapporto-di-sostenibilita-di-raiffeisen-landesbank-tirol\/\" data-icon=\"&#x35;\" >leggi ora<\/a><\/div><\/article><!-- DPDFG End Post Item Container --><article id=\"post-251496\" class=\"dp-dfg-item post-251496 post type-post status-publish format-standard has-post-thumbnail hentry category-blog category-good-cases tag-strategia-climatica dp-dfg-term-id-34 dp-dfg-term-id-42 dp-dfg-term-id-46\"     data-position=\"56\"   data-new-tab=\"off\"   data-action-priority=\"item\"><figure class=\"dp-dfg-image entry-thumb\"><a href=\"https:\/\/terra-institute.eu\/it\/lcs-cable-cranes-sviluppo-di-una-strategia-per-il-clima\/\" class=\"dp-dfg-image-link\" ><img loading=\"lazy\" decoding=\"async\" class=\"dp-dfg-featured-image\" src=\"https:\/\/terra-institute.eu\/it\/wp-content\/uploads\/2025\/01\/klimastrategie-klimawandel-shawnanggg-scaled-e1713792514396-768x513.jpg\" alt=\"LCS CABLE CRANES &#8211; SVILUPPO DI UNA STRATEGIA PER IL CLIMA\" width=\"768\" height=\"513\" data-ratio=\"0.66796875\"\/><\/a><\/figure><div class=\"dp-dfg-overlay\"><span class=\"dfg_et_overlay\"  data-icon=\"&#xf06e;\"><\/span><\/div><div class=\"dp-dfg-header entry-header\"><h2 class=\"entry-title\"><a href=\"https:\/\/terra-institute.eu\/it\/lcs-cable-cranes-sviluppo-di-una-strategia-per-il-clima\/\" >LCS CABLE CRANES &#8211; SVILUPPO DI UNA STRATEGIA PER IL CLIMA<\/a><\/h2><\/div><div class=\"dp-dfg-meta entry-meta\"><span class=\"published\">22 Aprile 2024<\/span><\/div><div class=\"et_pb_button_wrapper read-more-wrapper\"><a class=\"et_pb_button dp-dfg-more-button\" href=\"https:\/\/terra-institute.eu\/it\/lcs-cable-cranes-sviluppo-di-una-strategia-per-il-clima\/\" data-icon=\"&#x35;\" >leggi ora<\/a><\/div><\/article><!-- DPDFG End Post Item Container --><article id=\"post-251608\" class=\"dp-dfg-item post-251608 post type-post status-publish format-standard has-post-thumbnail hentry category-blog category-pubblicazioni tag-strategia-climatica tag-strategia-di-sostenibilita dp-dfg-term-id-34 dp-dfg-term-id-41 dp-dfg-term-id-46 dp-dfg-term-id-50\"     data-position=\"57\"   data-new-tab=\"off\"   data-action-priority=\"item\"><figure class=\"dp-dfg-image entry-thumb\"><a href=\"https:\/\/terra-institute.eu\/it\/studio-insights-approfondimenti-verso-la-sostenibilita\/\" class=\"dp-dfg-image-link\" ><img loading=\"lazy\" decoding=\"async\" class=\"dp-dfg-featured-image\" src=\"https:\/\/terra-institute.eu\/it\/wp-content\/uploads\/2025\/01\/Blatt-gruen-2-768x512.jpeg\" alt=\"Studio &#8211; INSIGHTS: Approfondimenti verso la sostenibilit\u00e0\" width=\"768\" height=\"512\" data-ratio=\"0.66666666666667\"\/><\/a><\/figure><div class=\"dp-dfg-overlay\"><span class=\"dfg_et_overlay\"  data-icon=\"&#xf06e;\"><\/span><\/div><div class=\"dp-dfg-header entry-header\"><h2 class=\"entry-title\"><a href=\"https:\/\/terra-institute.eu\/it\/studio-insights-approfondimenti-verso-la-sostenibilita\/\" >Studio &#8211; INSIGHTS: Approfondimenti verso la sostenibilit\u00e0<\/a><\/h2><\/div><div class=\"dp-dfg-meta entry-meta\"><span class=\"published\">17 Aprile 2024<\/span><\/div><div class=\"et_pb_button_wrapper read-more-wrapper\"><a class=\"et_pb_button dp-dfg-more-button\" href=\"https:\/\/terra-institute.eu\/it\/studio-insights-approfondimenti-verso-la-sostenibilita\/\" data-icon=\"&#x35;\" >leggi ora<\/a><\/div><\/article><!-- DPDFG End Post Item Container --><article id=\"post-251681\" class=\"dp-dfg-item post-251681 post type-post status-publish format-standard has-post-thumbnail hentry category-blog category-pubblicazioni tag-leadership-e-cultura dp-dfg-term-id-34 dp-dfg-term-id-41 dp-dfg-term-id-47\"     data-position=\"58\"   data-new-tab=\"off\"   data-action-priority=\"item\"><figure class=\"dp-dfg-image entry-thumb\"><a href=\"https:\/\/terra-institute.eu\/it\/whitepaper-moments-of-truth-im-sustainable-leadership\/\" class=\"dp-dfg-image-link\" ><img loading=\"lazy\" decoding=\"async\" class=\"dp-dfg-featured-image\" src=\"https:\/\/terra-institute.eu\/it\/wp-content\/uploads\/2025\/01\/boot-sustainable-leadership-matheo-jbt-scaled-e1713283857416-768x512.jpg\" alt=\"WHITEPAPER \u2013 MOMENTS OF TRUTH IM SUSTAINABLE LEADERSHIP\" width=\"768\" height=\"512\" data-ratio=\"0.66666666666667\"\/><\/a><\/figure><div class=\"dp-dfg-overlay\"><span class=\"dfg_et_overlay\"  data-icon=\"&#xf06e;\"><\/span><\/div><div class=\"dp-dfg-header entry-header\"><h2 class=\"entry-title\"><a href=\"https:\/\/terra-institute.eu\/it\/whitepaper-moments-of-truth-im-sustainable-leadership\/\" >WHITEPAPER \u2013 MOMENTS OF TRUTH IM SUSTAINABLE LEADERSHIP<\/a><\/h2><\/div><div class=\"dp-dfg-meta entry-meta\"><span class=\"published\">16 Aprile 2024<\/span><\/div><div class=\"et_pb_button_wrapper read-more-wrapper\"><a class=\"et_pb_button dp-dfg-more-button\" href=\"https:\/\/terra-institute.eu\/it\/whitepaper-moments-of-truth-im-sustainable-leadership\/\" data-icon=\"&#x35;\" >leggi ora<\/a><\/div><\/article><!-- DPDFG End Post Item Container --><article id=\"post-251365\" class=\"dp-dfg-item post-251365 post type-post status-publish format-standard has-post-thumbnail hentry category-blog category-good-cases tag-leadership-e-cultura tag-reportistica-di-sostenibilita tag-strategia-di-sostenibilita dp-dfg-term-id-34 dp-dfg-term-id-42 dp-dfg-term-id-47 dp-dfg-term-id-49 dp-dfg-term-id-50\"     data-position=\"59\"   data-new-tab=\"off\"   data-action-priority=\"item\"><figure class=\"dp-dfg-image entry-thumb\"><a href=\"https:\/\/terra-institute.eu\/it\/brigl\/\" class=\"dp-dfg-image-link\" ><img loading=\"lazy\" decoding=\"async\" class=\"dp-dfg-featured-image\" src=\"https:\/\/terra-institute.eu\/it\/wp-content\/uploads\/2025\/01\/lkw-in-natur-artem-balashevsky-scaled-e1712676446146-2048x1365-1-768x512.jpg\" alt=\"BRIGL &#8211; DALLO SVILUPPO CULTURALE ALLA STRATEGIA DI SOSTENIBILIT\u00c0 AL RAPPORTO\" width=\"768\" height=\"512\" data-ratio=\"0.66666666666667\"\/><\/a><\/figure><div class=\"dp-dfg-overlay\"><span class=\"dfg_et_overlay\"  data-icon=\"&#xf06e;\"><\/span><\/div><div class=\"dp-dfg-header entry-header\"><h2 class=\"entry-title\"><a href=\"https:\/\/terra-institute.eu\/it\/brigl\/\" >BRIGL &#8211; DALLO SVILUPPO CULTURALE ALLA STRATEGIA DI SOSTENIBILIT\u00c0 AL RAPPORTO<\/a><\/h2><\/div><div class=\"dp-dfg-meta entry-meta\"><span class=\"published\">9 Aprile 2024<\/span><\/div><div class=\"et_pb_button_wrapper read-more-wrapper\"><a class=\"et_pb_button dp-dfg-more-button\" href=\"https:\/\/terra-institute.eu\/it\/brigl\/\" data-icon=\"&#x35;\" >leggi ora<\/a><\/div><\/article><!-- DPDFG End Post Item Container --><article id=\"post-251449\" class=\"dp-dfg-item post-251449 post type-post status-publish format-standard has-post-thumbnail hentry category-blog tag-reportistica-di-sostenibilita tag-tassonomia-ue tag-terra-academy dp-dfg-term-id-34 dp-dfg-term-id-49 dp-dfg-term-id-45 dp-dfg-term-id-51\"     data-position=\"60\"   data-new-tab=\"off\"   data-action-priority=\"item\"><figure class=\"dp-dfg-image entry-thumb\"><a href=\"https:\/\/terra-institute.eu\/it\/esg-e-finanza-sostenibile-la-tua-azienda-e-pronta\/\" class=\"dp-dfg-image-link\" ><img loading=\"lazy\" decoding=\"async\" class=\"dp-dfg-featured-image\" src=\"https:\/\/terra-institute.eu\/it\/wp-content\/uploads\/2025\/01\/edgar-castrejon-Se5cwIoUbzE-unsplash_Post2-e1712225011484-768x512.jpg\" alt=\"ESG E FINANZA SOSTENIBILE \u2013 LA TUA AZIENDA \u00c8 PRONTA?\" width=\"768\" height=\"512\" data-ratio=\"0.66666666666667\"\/><\/a><\/figure><div class=\"dp-dfg-overlay\"><span class=\"dfg_et_overlay\"  data-icon=\"&#xf06e;\"><\/span><\/div><div class=\"dp-dfg-header entry-header\"><h2 class=\"entry-title\"><a href=\"https:\/\/terra-institute.eu\/it\/esg-e-finanza-sostenibile-la-tua-azienda-e-pronta\/\" >ESG E FINANZA SOSTENIBILE \u2013 LA TUA AZIENDA \u00c8 PRONTA?<\/a><\/h2><\/div><div class=\"dp-dfg-meta entry-meta\"><span class=\"published\">4 Aprile 2024<\/span><\/div><div class=\"et_pb_button_wrapper read-more-wrapper\"><a class=\"et_pb_button dp-dfg-more-button\" href=\"https:\/\/terra-institute.eu\/it\/esg-e-finanza-sostenibile-la-tua-azienda-e-pronta\/\" data-icon=\"&#x35;\" >leggi ora<\/a><\/div><\/article><!-- DPDFG End Post Item Container --><article id=\"post-254596\" class=\"dp-dfg-item post-254596 post type-post status-publish format-standard has-post-thumbnail hentry category-webinar tag-reportistica-di-sostenibilita tag-strategia-di-sostenibilita dp-dfg-term-id-39 dp-dfg-term-id-49 dp-dfg-term-id-50\"     data-position=\"61\"   data-new-tab=\"off\"   data-action-priority=\"item\"><figure class=\"dp-dfg-image entry-thumb\"><a href=\"https:\/\/terra-institute.eu\/it\/ho-bisogno-di-una-consulenza-sulla-sostenibilita-per-preparare-un-rapporto-sulla-sostenibilita-conforme-alla-csrd\/\" class=\"dp-dfg-image-link\" ><img loading=\"lazy\" decoding=\"async\" class=\"dp-dfg-featured-image\" src=\"https:\/\/terra-institute.eu\/it\/wp-content\/uploads\/2025\/08\/foglia-verde-768x512.jpg\" alt=\"Ho bisogno di una consulenza sulla sostenibilit\u00e0 per preparare un rapporto sulla sostenibilit\u00e0 conforme alla CSRD?\" width=\"768\" height=\"512\" data-ratio=\"0.66666666666667\"\/><\/a><\/figure><div class=\"dp-dfg-overlay\"><span class=\"dfg_et_overlay\"  data-icon=\"&#xf06e;\"><\/span><\/div><div class=\"dp-dfg-header entry-header\"><h2 class=\"entry-title\"><a href=\"https:\/\/terra-institute.eu\/it\/ho-bisogno-di-una-consulenza-sulla-sostenibilita-per-preparare-un-rapporto-sulla-sostenibilita-conforme-alla-csrd\/\" >Ho bisogno di una consulenza sulla sostenibilit\u00e0 per preparare un rapporto sulla sostenibilit\u00e0 conforme alla CSRD?<\/a><\/h2><\/div><div class=\"dp-dfg-meta entry-meta\"><span class=\"published\">19 Marzo 2024<\/span><\/div><div class=\"et_pb_button_wrapper read-more-wrapper\"><a class=\"et_pb_button dp-dfg-more-button\" href=\"https:\/\/terra-institute.eu\/it\/ho-bisogno-di-una-consulenza-sulla-sostenibilita-per-preparare-un-rapporto-sulla-sostenibilita-conforme-alla-csrd\/\" data-icon=\"&#x35;\" >leggi ora<\/a><\/div><\/article><!-- DPDFG End Post Item Container --><article id=\"post-254587\" class=\"dp-dfg-item post-254587 post type-post status-publish format-standard has-post-thumbnail hentry category-blog tag-strategia-di-sostenibilita tag-turismo dp-dfg-term-id-34 dp-dfg-term-id-50 dp-dfg-term-id-52\"     data-position=\"62\"   data-new-tab=\"off\"   data-action-priority=\"item\"><figure class=\"dp-dfg-image entry-thumb\"><a href=\"https:\/\/terra-institute.eu\/it\/stabilisci-obiettivi-smart-nella-tua-strategia-di-sostenibilita\/\" class=\"dp-dfg-image-link\" ><img loading=\"lazy\" decoding=\"async\" class=\"dp-dfg-featured-image\" src=\"https:\/\/terra-institute.eu\/it\/wp-content\/uploads\/2024\/03\/acqua-in-movimento-simon-caspersen.jpg\" alt=\"Stabilisci obiettivi SMART nella tua strategia di sostenibilit\u00e0\" width=\"768\" height=\"512\" data-ratio=\"0.66666666666667\"\/><\/a><\/figure><div class=\"dp-dfg-overlay\"><span class=\"dfg_et_overlay\"  data-icon=\"&#xf06e;\"><\/span><\/div><div class=\"dp-dfg-header entry-header\"><h2 class=\"entry-title\"><a href=\"https:\/\/terra-institute.eu\/it\/stabilisci-obiettivi-smart-nella-tua-strategia-di-sostenibilita\/\" >Stabilisci obiettivi SMART nella tua strategia di sostenibilit\u00e0<\/a><\/h2><\/div><div class=\"dp-dfg-meta entry-meta\"><span class=\"published\">19 Marzo 2024<\/span><\/div><div class=\"et_pb_button_wrapper read-more-wrapper\"><a class=\"et_pb_button dp-dfg-more-button\" href=\"https:\/\/terra-institute.eu\/it\/stabilisci-obiettivi-smart-nella-tua-strategia-di-sostenibilita\/\" data-icon=\"&#x35;\" >leggi ora<\/a><\/div><\/article><!-- DPDFG End Post Item Container --><article id=\"post-251487\" class=\"dp-dfg-item post-251487 post type-post status-publish format-standard has-post-thumbnail hentry category-blog tag-economia-circolare dp-dfg-term-id-34 dp-dfg-term-id-44\"     data-position=\"63\"   data-new-tab=\"off\"   data-action-priority=\"item\"><figure class=\"dp-dfg-image entry-thumb\"><a href=\"https:\/\/terra-institute.eu\/it\/economia-circolare-il-modello-di-successo-del-futuro\/\" class=\"dp-dfg-image-link\" ><img loading=\"lazy\" decoding=\"async\" class=\"dp-dfg-featured-image\" src=\"https:\/\/terra-institute.eu\/it\/wp-content\/uploads\/2024\/03\/Senza-titolo-1-768x511.jpg\" alt=\"ECONOMIA CIRCOLARE \u2013 IL MODELLO DI SUCCESSO DEL FUTURO\" width=\"768\" height=\"511\" data-ratio=\"0.66536458333333\"\/><\/a><\/figure><div class=\"dp-dfg-overlay\"><span class=\"dfg_et_overlay\"  data-icon=\"&#xf06e;\"><\/span><\/div><div class=\"dp-dfg-header entry-header\"><h2 class=\"entry-title\"><a href=\"https:\/\/terra-institute.eu\/it\/economia-circolare-il-modello-di-successo-del-futuro\/\" >ECONOMIA CIRCOLARE \u2013 IL MODELLO DI SUCCESSO DEL FUTURO<\/a><\/h2><\/div><div class=\"dp-dfg-meta entry-meta\"><span class=\"published\">5 Marzo 2024<\/span><\/div><div class=\"et_pb_button_wrapper read-more-wrapper\"><a class=\"et_pb_button dp-dfg-more-button\" href=\"https:\/\/terra-institute.eu\/it\/economia-circolare-il-modello-di-successo-del-futuro\/\" data-icon=\"&#x35;\" >leggi ora<\/a><\/div><\/article><!-- DPDFG End Post Item Container --><article id=\"post-251469\" class=\"dp-dfg-item post-251469 post type-post status-publish format-standard has-post-thumbnail hentry category-blog tag-biodiversita tag-strategia-climatica dp-dfg-term-id-34 dp-dfg-term-id-43 dp-dfg-term-id-46\"     data-position=\"64\"   data-new-tab=\"off\"   data-action-priority=\"item\"><figure class=\"dp-dfg-image entry-thumb\"><a href=\"https:\/\/terra-institute.eu\/it\/comprendere-la-neutralita-climatica-green-claims-e-normative\/\" class=\"dp-dfg-image-link\" ><img loading=\"lazy\" decoding=\"async\" class=\"dp-dfg-featured-image\" src=\"https:\/\/terra-institute.eu\/it\/wp-content\/uploads\/2025\/01\/wasser-macro-camden-hailey-george-scaled-1-768x512.webp\" alt=\"Comprendere la Neutralit\u00e0 Climatica: Green Claims e Normative\" width=\"768\" height=\"512\" data-ratio=\"0.66666666666667\"\/><\/a><\/figure><div class=\"dp-dfg-overlay\"><span class=\"dfg_et_overlay\"  data-icon=\"&#xf06e;\"><\/span><\/div><div class=\"dp-dfg-header entry-header\"><h2 class=\"entry-title\"><a href=\"https:\/\/terra-institute.eu\/it\/comprendere-la-neutralita-climatica-green-claims-e-normative\/\" >Comprendere la Neutralit\u00e0 Climatica: Green Claims e Normative<\/a><\/h2><\/div><div class=\"dp-dfg-meta entry-meta\"><span class=\"published\">5 Marzo 2024<\/span><\/div><div class=\"et_pb_button_wrapper read-more-wrapper\"><a class=\"et_pb_button dp-dfg-more-button\" href=\"https:\/\/terra-institute.eu\/it\/comprendere-la-neutralita-climatica-green-claims-e-normative\/\" data-icon=\"&#x35;\" >leggi ora<\/a><\/div><\/article><!-- DPDFG End Post Item Container --><article id=\"post-251403\" class=\"dp-dfg-item post-251403 post type-post status-publish format-standard has-post-thumbnail hentry category-blog tag-economia-circolare tag-strategia-climatica tag-strategia-di-sostenibilita dp-dfg-term-id-34 dp-dfg-term-id-44 dp-dfg-term-id-46 dp-dfg-term-id-50\"     data-position=\"65\"   data-new-tab=\"off\"   data-action-priority=\"item\"><figure class=\"dp-dfg-image entry-thumb\"><a href=\"https:\/\/terra-institute.eu\/it\/il-prodotto-riflette-la-strategia-aziendale-sostenibile\/\" class=\"dp-dfg-image-link\" ><img loading=\"lazy\" decoding=\"async\" class=\"dp-dfg-featured-image\" src=\"https:\/\/terra-institute.eu\/it\/wp-content\/uploads\/2025\/01\/Glasflaschen-in-Kiste-768x509.jpg\" alt=\"IL PRODOTTO RIFLETTE LA STRATEGIA AZIENDALE SOSTENIBILE\" width=\"768\" height=\"509\" data-ratio=\"0.66276041666667\"\/><\/a><\/figure><div class=\"dp-dfg-overlay\"><span class=\"dfg_et_overlay\"  data-icon=\"&#xf06e;\"><\/span><\/div><div class=\"dp-dfg-header entry-header\"><h2 class=\"entry-title\"><a href=\"https:\/\/terra-institute.eu\/it\/il-prodotto-riflette-la-strategia-aziendale-sostenibile\/\" >IL PRODOTTO RIFLETTE LA STRATEGIA AZIENDALE SOSTENIBILE<\/a><\/h2><\/div><div class=\"dp-dfg-meta entry-meta\"><span class=\"published\">22 Febbraio 2024<\/span><\/div><div class=\"et_pb_button_wrapper read-more-wrapper\"><a class=\"et_pb_button dp-dfg-more-button\" href=\"https:\/\/terra-institute.eu\/it\/il-prodotto-riflette-la-strategia-aziendale-sostenibile\/\" data-icon=\"&#x35;\" >leggi ora<\/a><\/div><\/article><!-- DPDFG End Post Item Container --><article id=\"post-251578\" class=\"dp-dfg-item post-251578 post type-post status-publish format-standard has-post-thumbnail hentry category-blog category-pubblicazioni category-stampa tag-biodiversita tag-catena-di-fornitura tag-economia-circolare tag-leadership-e-cultura tag-reportistica-di-sostenibilita tag-strategia-climatica tag-strategia-di-sostenibilita tag-tassonomia-ue tag-terra-academy dp-dfg-term-id-34 dp-dfg-term-id-41 dp-dfg-term-id-40 dp-dfg-term-id-43 dp-dfg-term-id-48 dp-dfg-term-id-44 dp-dfg-term-id-47 dp-dfg-term-id-49 dp-dfg-term-id-46 dp-dfg-term-id-50 dp-dfg-term-id-45 dp-dfg-term-id-51\"     data-position=\"66\"   data-new-tab=\"off\"   data-action-priority=\"item\"><figure class=\"dp-dfg-image entry-thumb\"><a href=\"https:\/\/terra-institute.eu\/it\/ecco-come-funziona-la-sostenibilita\/\" class=\"dp-dfg-image-link\" ><img loading=\"lazy\" decoding=\"async\" class=\"dp-dfg-featured-image\" src=\"https:\/\/terra-institute.eu\/it\/wp-content\/uploads\/2025\/01\/Mk1-scaled-e1713506405888-768x512.jpg\" alt=\"ECCO COME FUNZIONA LA SOSTENIBILIT\u00c0\" width=\"768\" height=\"512\" data-ratio=\"0.66666666666667\"\/><\/a><\/figure><div class=\"dp-dfg-overlay\"><span class=\"dfg_et_overlay\"  data-icon=\"&#xf06e;\"><\/span><\/div><div class=\"dp-dfg-header entry-header\"><h2 class=\"entry-title\"><a href=\"https:\/\/terra-institute.eu\/it\/ecco-come-funziona-la-sostenibilita\/\" >ECCO COME FUNZIONA LA SOSTENIBILIT\u00c0<\/a><\/h2><\/div><div class=\"dp-dfg-meta entry-meta\"><span class=\"published\">12 Ottobre 2023<\/span><\/div><div class=\"et_pb_button_wrapper read-more-wrapper\"><a class=\"et_pb_button dp-dfg-more-button\" href=\"https:\/\/terra-institute.eu\/it\/ecco-come-funziona-la-sostenibilita\/\" data-icon=\"&#x35;\" >leggi ora<\/a><\/div><\/article><!-- DPDFG End Post Item Container --><article id=\"post-251428\" class=\"dp-dfg-item post-251428 post type-post status-publish format-standard has-post-thumbnail hentry category-blog tag-reportistica-di-sostenibilita tag-strategia-di-sostenibilita dp-dfg-term-id-34 dp-dfg-term-id-49 dp-dfg-term-id-50\"     data-position=\"67\"   data-new-tab=\"off\"   data-action-priority=\"item\"><figure class=\"dp-dfg-image entry-thumb\"><a href=\"https:\/\/terra-institute.eu\/it\/la-csrd-direttiva-per-il-reporting-di-sostenibilita-nellue\/\" class=\"dp-dfg-image-link\" ><img loading=\"lazy\" decoding=\"async\" class=\"dp-dfg-featured-image\" src=\"https:\/\/terra-institute.eu\/it\/wp-content\/uploads\/2025\/01\/csrd_faq-teil-1-2-768x512.jpg\" alt=\"LA CSRD: DIRETTIVA PER IL REPORTING DI SOSTENIBILIT\u00c0 NELL&#8217;UE\" width=\"768\" height=\"512\" data-ratio=\"0.66666666666667\"\/><\/a><\/figure><div class=\"dp-dfg-overlay\"><span class=\"dfg_et_overlay\"  data-icon=\"&#xf06e;\"><\/span><\/div><div class=\"dp-dfg-header entry-header\"><h2 class=\"entry-title\"><a href=\"https:\/\/terra-institute.eu\/it\/la-csrd-direttiva-per-il-reporting-di-sostenibilita-nellue\/\" >LA CSRD: DIRETTIVA PER IL REPORTING DI SOSTENIBILIT\u00c0 NELL&#8217;UE<\/a><\/h2><\/div><div class=\"dp-dfg-meta entry-meta\"><span class=\"published\">8 Settembre 2023<\/span><\/div><div class=\"et_pb_button_wrapper read-more-wrapper\"><a class=\"et_pb_button dp-dfg-more-button\" href=\"https:\/\/terra-institute.eu\/it\/la-csrd-direttiva-per-il-reporting-di-sostenibilita-nellue\/\" data-icon=\"&#x35;\" >leggi ora<\/a><\/div><\/article><!-- DPDFG End Post Item Container --><article id=\"post-251688\" class=\"dp-dfg-item post-251688 post type-post status-publish format-standard has-post-thumbnail hentry category-blog tag-economia-circolare tag-strategia-di-sostenibilita dp-dfg-term-id-34 dp-dfg-term-id-44 dp-dfg-term-id-50\"     data-position=\"68\"   data-new-tab=\"off\"   data-action-priority=\"item\"><figure class=\"dp-dfg-image entry-thumb\"><a href=\"https:\/\/terra-institute.eu\/it\/dieci-approcci-strategici-per-una-maggiore-circolarita\/\" class=\"dp-dfg-image-link\" ><img loading=\"lazy\" decoding=\"async\" class=\"dp-dfg-featured-image\" src=\"https:\/\/terra-institute.eu\/it\/wp-content\/uploads\/2025\/01\/rodion-kutsaev-kE0mU-yy31Y-unsplash-scaled-1-768x512.jpg\" alt=\"DIECI APPROCCI STRATEGICI PER UNA MAGGIORE CIRCOLARIT\u00c0\" width=\"768\" height=\"512\" data-ratio=\"0.66666666666667\"\/><\/a><\/figure><div class=\"dp-dfg-overlay\"><span class=\"dfg_et_overlay\"  data-icon=\"&#xf06e;\"><\/span><\/div><div class=\"dp-dfg-header entry-header\"><h2 class=\"entry-title\"><a href=\"https:\/\/terra-institute.eu\/it\/dieci-approcci-strategici-per-una-maggiore-circolarita\/\" >DIECI APPROCCI STRATEGICI PER UNA MAGGIORE CIRCOLARIT\u00c0<\/a><\/h2><\/div><div class=\"dp-dfg-meta entry-meta\"><span class=\"published\">30 Giugno 2023<\/span><\/div><div class=\"et_pb_button_wrapper read-more-wrapper\"><a class=\"et_pb_button dp-dfg-more-button\" href=\"https:\/\/terra-institute.eu\/it\/dieci-approcci-strategici-per-una-maggiore-circolarita\/\" data-icon=\"&#x35;\" >leggi ora<\/a><\/div><\/article><!-- DPDFG End Post Item Container --><article id=\"post-251477\" class=\"dp-dfg-item post-251477 post type-post status-publish format-standard has-post-thumbnail hentry category-blog tag-reportistica-di-sostenibilita tag-strategia-di-sostenibilita dp-dfg-term-id-34 dp-dfg-term-id-49 dp-dfg-term-id-50\"     data-position=\"69\"   data-new-tab=\"off\"   data-action-priority=\"item\"><figure class=\"dp-dfg-image entry-thumb\"><a href=\"https:\/\/terra-institute.eu\/it\/concetti-per-lidentificazione-degli-stakeholder-2\/\" class=\"dp-dfg-image-link\" ><img loading=\"lazy\" decoding=\"async\" class=\"dp-dfg-featured-image\" src=\"https:\/\/terra-institute.eu\/it\/wp-content\/uploads\/2025\/01\/anna-asryan-bIRpBUvKPt0-unsplash-scaled-e1712160817517-768x511.jpg\" alt=\"Concetti per l&#8217;identificazione degli stakeholder\" width=\"768\" height=\"511\" data-ratio=\"0.66536458333333\"\/><\/a><\/figure><div class=\"dp-dfg-overlay\"><span class=\"dfg_et_overlay\"  data-icon=\"&#xf06e;\"><\/span><\/div><div class=\"dp-dfg-header entry-header\"><h2 class=\"entry-title\"><a href=\"https:\/\/terra-institute.eu\/it\/concetti-per-lidentificazione-degli-stakeholder-2\/\" >Concetti per l&#8217;identificazione degli stakeholder<\/a><\/h2><\/div><div class=\"dp-dfg-meta entry-meta\"><span class=\"published\">26 Maggio 2023<\/span><\/div><div class=\"et_pb_button_wrapper read-more-wrapper\"><a class=\"et_pb_button dp-dfg-more-button\" href=\"https:\/\/terra-institute.eu\/it\/concetti-per-lidentificazione-degli-stakeholder-2\/\" data-icon=\"&#x35;\" >leggi ora<\/a><\/div><\/article><!-- DPDFG End Post Item Container --><article id=\"post-251664\" class=\"dp-dfg-item post-251664 post type-post status-publish format-standard has-post-thumbnail hentry category-blog tag-biodiversita dp-dfg-term-id-34 dp-dfg-term-id-43\"     data-position=\"70\"   data-new-tab=\"off\"   data-action-priority=\"item\"><figure class=\"dp-dfg-image entry-thumb\"><a href=\"https:\/\/terra-institute.eu\/it\/perche-le-imprese-dovrebbero-interessarsi-alla-biodiversita\/\" class=\"dp-dfg-image-link\" ><img loading=\"lazy\" decoding=\"async\" class=\"dp-dfg-featured-image\" src=\"https:\/\/terra-institute.eu\/it\/wp-content\/uploads\/2025\/01\/brian-garrity-TeK76JR3JPA-unsplash-scaled-1-768x512.jpg\" alt=\"PERCH\u00c9 LE IMPRESE DOVREBBERO INTERESSARSI ALLA BIODIVERSIT\u00c0\" width=\"768\" height=\"512\" data-ratio=\"0.66666666666667\"\/><\/a><\/figure><div class=\"dp-dfg-overlay\"><span class=\"dfg_et_overlay\"  data-icon=\"&#xf06e;\"><\/span><\/div><div class=\"dp-dfg-header entry-header\"><h2 class=\"entry-title\"><a href=\"https:\/\/terra-institute.eu\/it\/perche-le-imprese-dovrebbero-interessarsi-alla-biodiversita\/\" >PERCH\u00c9 LE IMPRESE DOVREBBERO INTERESSARSI ALLA BIODIVERSIT\u00c0<\/a><\/h2><\/div><div class=\"dp-dfg-meta entry-meta\"><span class=\"published\">19 Maggio 2023<\/span><\/div><div class=\"et_pb_button_wrapper read-more-wrapper\"><a class=\"et_pb_button dp-dfg-more-button\" href=\"https:\/\/terra-institute.eu\/it\/perche-le-imprese-dovrebbero-interessarsi-alla-biodiversita\/\" data-icon=\"&#x35;\" >leggi ora<\/a><\/div><\/article><!-- DPDFG End Post Item Container --><article id=\"post-3723\" class=\"dp-dfg-item post-3723 post type-post status-publish format-standard has-post-thumbnail hentry category-blog tag-strategia-climatica dp-dfg-term-id-34 dp-dfg-term-id-46\"     data-position=\"71\"   data-new-tab=\"off\"   data-action-priority=\"item\"><figure class=\"dp-dfg-image entry-thumb\"><a href=\"https:\/\/terra-institute.eu\/it\/verso-il-sistema-energetico-del-futuro\/\" class=\"dp-dfg-image-link\" ><img loading=\"lazy\" decoding=\"async\" class=\"dp-dfg-featured-image\" src=\"https:\/\/terra-institute.eu\/it\/wp-content\/uploads\/2025\/01\/riccardo-annandale-7e2pe9wjL9M-unsplash-e1712159332183-768x512.jpg\" alt=\"Verso il sistema energetico del futuro\" width=\"768\" height=\"512\" data-ratio=\"0.66666666666667\"\/><\/a><\/figure><div class=\"dp-dfg-overlay\"><span class=\"dfg_et_overlay\"  data-icon=\"&#xf06e;\"><\/span><\/div><div class=\"dp-dfg-header entry-header\"><h2 class=\"entry-title\"><a href=\"https:\/\/terra-institute.eu\/it\/verso-il-sistema-energetico-del-futuro\/\" >Verso il sistema energetico del futuro<\/a><\/h2><\/div><div class=\"dp-dfg-meta entry-meta\"><span class=\"published\">13 Dicembre 2022<\/span><\/div><div class=\"et_pb_button_wrapper read-more-wrapper\"><a class=\"et_pb_button dp-dfg-more-button\" href=\"https:\/\/terra-institute.eu\/it\/verso-il-sistema-energetico-del-futuro\/\" data-icon=\"&#x35;\" >leggi ora<\/a><\/div><\/article><!-- DPDFG End Post Item Container --><article id=\"post-251597\" class=\"dp-dfg-item post-251597 post type-post status-publish format-standard has-post-thumbnail hentry category-blog tag-reportistica-di-sostenibilita tag-strategia-di-sostenibilita dp-dfg-term-id-34 dp-dfg-term-id-49 dp-dfg-term-id-50\"     data-position=\"72\"   data-new-tab=\"off\"   data-action-priority=\"item\"><figure class=\"dp-dfg-image entry-thumb\"><a href=\"https:\/\/terra-institute.eu\/it\/il-dialogo-con-gli-stakeholder-come-strumento-essenziale\/\" class=\"dp-dfg-image-link\" ><img loading=\"lazy\" decoding=\"async\" class=\"dp-dfg-featured-image\" src=\"https:\/\/terra-institute.eu\/it\/wp-content\/uploads\/2025\/01\/chris-anderson-UeeIRVCO_28-unsplash-scaled-e1712159939416-768x512.jpg\" alt=\"IL DIALOGO CON GLI STAKEHOLDER COME STRUMENTO ESSENZIALE\" width=\"768\" height=\"512\" data-ratio=\"0.66666666666667\"\/><\/a><\/figure><div class=\"dp-dfg-overlay\"><span class=\"dfg_et_overlay\"  data-icon=\"&#xf06e;\"><\/span><\/div><div class=\"dp-dfg-header entry-header\"><h2 class=\"entry-title\"><a href=\"https:\/\/terra-institute.eu\/it\/il-dialogo-con-gli-stakeholder-come-strumento-essenziale\/\" >IL DIALOGO CON GLI STAKEHOLDER COME STRUMENTO ESSENZIALE<\/a><\/h2><\/div><div class=\"dp-dfg-meta entry-meta\"><span class=\"published\">6 Dicembre 2022<\/span><\/div><div class=\"et_pb_button_wrapper read-more-wrapper\"><a class=\"et_pb_button dp-dfg-more-button\" href=\"https:\/\/terra-institute.eu\/it\/il-dialogo-con-gli-stakeholder-come-strumento-essenziale\/\" data-icon=\"&#x35;\" >leggi ora<\/a><\/div><\/article><!-- DPDFG End Post Item Container --><article id=\"post-251648\" class=\"dp-dfg-item post-251648 post type-post status-publish format-standard has-post-thumbnail hentry category-blog tag-reportistica-di-sostenibilita tag-strategia-di-sostenibilita tag-tassonomia-ue dp-dfg-term-id-34 dp-dfg-term-id-49 dp-dfg-term-id-50 dp-dfg-term-id-45\"     data-position=\"73\"   data-new-tab=\"off\"   data-action-priority=\"item\"><figure class=\"dp-dfg-image entry-thumb\"><a href=\"https:\/\/terra-institute.eu\/it\/perche-la-tassonomia-dellue-e-unopportunita-per-le-aziende\/\" class=\"dp-dfg-image-link\" ><img loading=\"lazy\" decoding=\"async\" class=\"dp-dfg-featured-image\" src=\"https:\/\/terra-institute.eu\/it\/wp-content\/uploads\/2025\/01\/liubov-ilchuk-xHfWl35OOsg-unsplash-scaled-e1712160513794-768x513.jpg\" alt=\"PERCH\u00c9 LA TASSONOMIA DELL&#8217;UE \u00c8 UN&#8217;OPPORTUNIT\u00c0 PER LE AZIENDE\" width=\"768\" height=\"513\" data-ratio=\"0.66796875\"\/><\/a><\/figure><div class=\"dp-dfg-overlay\"><span class=\"dfg_et_overlay\"  data-icon=\"&#xf06e;\"><\/span><\/div><div class=\"dp-dfg-header entry-header\"><h2 class=\"entry-title\"><a href=\"https:\/\/terra-institute.eu\/it\/perche-la-tassonomia-dellue-e-unopportunita-per-le-aziende\/\" >PERCH\u00c9 LA TASSONOMIA DELL&#8217;UE \u00c8 UN&#8217;OPPORTUNIT\u00c0 PER LE AZIENDE<\/a><\/h2><\/div><div class=\"dp-dfg-meta entry-meta\"><span class=\"published\">8 Novembre 2022<\/span><\/div><div class=\"et_pb_button_wrapper read-more-wrapper\"><a class=\"et_pb_button dp-dfg-more-button\" href=\"https:\/\/terra-institute.eu\/it\/perche-la-tassonomia-dellue-e-unopportunita-per-le-aziende\/\" data-icon=\"&#x35;\" >leggi ora<\/a><\/div><\/article><!-- DPDFG End Post Item Container --><article id=\"post-251513\" class=\"dp-dfg-item post-251513 post type-post status-publish format-standard has-post-thumbnail hentry category-blog tag-leadership-e-cultura tag-strategia-di-sostenibilita dp-dfg-term-id-34 dp-dfg-term-id-47 dp-dfg-term-id-50\"     data-position=\"74\"   data-new-tab=\"off\"   data-action-priority=\"item\"><figure class=\"dp-dfg-image entry-thumb\"><a href=\"https:\/\/terra-institute.eu\/it\/visione-guida-era-ieri-lo-scopo-e-oggi\/\" class=\"dp-dfg-image-link\" ><img loading=\"lazy\" decoding=\"async\" class=\"dp-dfg-featured-image\" src=\"https:\/\/terra-institute.eu\/it\/wp-content\/uploads\/2025\/01\/geranimo-WJkc3xZjSXw-unsplash-scaled-e1712160689840-768x512.jpg\" alt=\"Visione guida era ieri, lo scopo \u00e8 oggi\" width=\"768\" height=\"512\" data-ratio=\"0.66666666666667\"\/><\/a><\/figure><div class=\"dp-dfg-overlay\"><span class=\"dfg_et_overlay\"  data-icon=\"&#xf06e;\"><\/span><\/div><div class=\"dp-dfg-header entry-header\"><h2 class=\"entry-title\"><a href=\"https:\/\/terra-institute.eu\/it\/visione-guida-era-ieri-lo-scopo-e-oggi\/\" >Visione guida era ieri, lo scopo \u00e8 oggi<\/a><\/h2><\/div><div class=\"dp-dfg-meta entry-meta\"><span class=\"published\">2 Settembre 2022<\/span><\/div><div class=\"et_pb_button_wrapper read-more-wrapper\"><a class=\"et_pb_button dp-dfg-more-button\" href=\"https:\/\/terra-institute.eu\/it\/visione-guida-era-ieri-lo-scopo-e-oggi\/\" data-icon=\"&#x35;\" >leggi ora<\/a><\/div><\/article><!-- DPDFG End Post Item Container --><article id=\"post-251523\" class=\"dp-dfg-item post-251523 post type-post status-publish format-standard has-post-thumbnail hentry category-blog tag-strategia-climatica dp-dfg-term-id-34 dp-dfg-term-id-46\"     data-position=\"75\"   data-new-tab=\"off\"   data-action-priority=\"item\"><figure class=\"dp-dfg-image entry-thumb\"><a href=\"https:\/\/terra-institute.eu\/it\/spingere-avanti-la-protezione-del-clima-con-science-based-targets\/\" class=\"dp-dfg-image-link\" ><img loading=\"lazy\" decoding=\"async\" class=\"dp-dfg-featured-image\" src=\"https:\/\/terra-institute.eu\/it\/wp-content\/uploads\/2025\/01\/leaff-768x512.jpg\" alt=\"SPINGERE AVANTI LA PROTEZIONE DEL CLIMA CON\u00a0SCIENCE BASED TARGETS\" width=\"768\" height=\"512\" data-ratio=\"0.66666666666667\"\/><\/a><\/figure><div class=\"dp-dfg-overlay\"><span class=\"dfg_et_overlay\"  data-icon=\"&#xf06e;\"><\/span><\/div><div class=\"dp-dfg-header entry-header\"><h2 class=\"entry-title\"><a href=\"https:\/\/terra-institute.eu\/it\/spingere-avanti-la-protezione-del-clima-con-science-based-targets\/\" >SPINGERE AVANTI LA PROTEZIONE DEL CLIMA CON\u00a0SCIENCE BASED TARGETS<\/a><\/h2><\/div><div class=\"dp-dfg-meta entry-meta\"><span class=\"published\">22 Febbraio 2022<\/span><\/div><div class=\"et_pb_button_wrapper read-more-wrapper\"><a class=\"et_pb_button dp-dfg-more-button\" href=\"https:\/\/terra-institute.eu\/it\/spingere-avanti-la-protezione-del-clima-con-science-based-targets\/\" data-icon=\"&#x35;\" >leggi ora<\/a><\/div><\/article><!-- DPDFG End Post Item Container --><article id=\"post-251544\" class=\"dp-dfg-item post-251544 post type-post status-publish format-standard has-post-thumbnail hentry category-blog tag-leadership-e-cultura dp-dfg-term-id-34 dp-dfg-term-id-47\"     data-position=\"76\"   data-new-tab=\"off\"   data-action-priority=\"item\"><figure class=\"dp-dfg-image entry-thumb\"><a href=\"https:\/\/terra-institute.eu\/it\/leadership-sostenibile-cosa-caratterizza-i-dirigenti-del-futuro\/\" class=\"dp-dfg-image-link\" ><img loading=\"lazy\" decoding=\"async\" class=\"dp-dfg-featured-image\" src=\"https:\/\/terra-institute.eu\/it\/wp-content\/uploads\/2025\/01\/ice-768x512.jpg\" alt=\"LEADERSHIP SOSTENIBILE: COSA CARATTERIZZA I DIRIGENTI DEL FUTURO?\" width=\"768\" height=\"512\" data-ratio=\"0.66666666666667\"\/><\/a><\/figure><div class=\"dp-dfg-overlay\"><span class=\"dfg_et_overlay\"  data-icon=\"&#xf06e;\"><\/span><\/div><div class=\"dp-dfg-header entry-header\"><h2 class=\"entry-title\"><a href=\"https:\/\/terra-institute.eu\/it\/leadership-sostenibile-cosa-caratterizza-i-dirigenti-del-futuro\/\" >LEADERSHIP SOSTENIBILE: COSA CARATTERIZZA I DIRIGENTI DEL FUTURO?<\/a><\/h2><\/div><div class=\"dp-dfg-meta entry-meta\"><span class=\"published\">20 Maggio 2021<\/span><\/div><div class=\"et_pb_button_wrapper read-more-wrapper\"><a class=\"et_pb_button dp-dfg-more-button\" href=\"https:\/\/terra-institute.eu\/it\/leadership-sostenibile-cosa-caratterizza-i-dirigenti-del-futuro\/\" data-icon=\"&#x35;\" >leggi ora<\/a><\/div><\/article><!-- DPDFG End Post Item Container --><\/div><div class=\"dp-dfg-announcer screen-reader-text\" aria-live=\"polite\" aria-atomic=\"true\"><\/div><\/div><!-- DPDFG End Main Container --><div class=\"dp-dfg-data dp-dfg-hide\"><div class=\"dp-dfg-ajax-data\" data-ajax=\"{&quot;custom_query&quot;:&quot;advanced&quot;,&quot;support_for&quot;:&quot;sfp&quot;,&quot;sfp_id&quot;:&quot;&quot;,&quot;include_categories&quot;:&quot;&quot;,&quot;current_post_type&quot;:&quot;on&quot;,&quot;multiple_cpt&quot;:&quot;post&quot;,&quot;use_taxonomy_terms&quot;:&quot;on&quot;,&quot;multiple_taxonomies&quot;:&quot;category&quot;,&quot;taxonomies_relation&quot;:&quot;OR&quot;,&quot;include_terms&quot;:&quot;&quot;,&quot;terms_relation&quot;:&quot;IN&quot;,&quot;include_children_terms&quot;:&quot;on&quot;,&quot;exclude_taxonomies&quot;:&quot;category&quot;,&quot;exclude_taxonomies_relation&quot;:&quot;OR&quot;,&quot;exclude_terms&quot;:&quot;11&quot;,&quot;meta_query&quot;:&quot;off&quot;,&quot;meta_cf_key&quot;:&quot;&quot;,&quot;meta_cf_value&quot;:&quot;&quot;,&quot;meta_cf_compare&quot;:&quot;Equal To&quot;,&quot;meta_cf_type&quot;:&quot;CHAR&quot;,&quot;related_taxonomies&quot;:&quot;&quot;,&quot;related_criteria&quot;:&quot;one_in_one&quot;,&quot;posts_ids&quot;:&quot;&quot;,&quot;post_number&quot;:&quot;90&quot;,&quot;offset_number&quot;:&quot;0&quot;,&quot;order&quot;:&quot;DESC&quot;,&quot;orderby&quot;:&quot;date&quot;,&quot;meta_key&quot;:&quot;&quot;,&quot;meta_type&quot;:&quot;CHAR&quot;,&quot;show_private&quot;:&quot;off&quot;,&quot;current_author&quot;:&quot;off&quot;,&quot;sticky_posts&quot;:&quot;off&quot;,&quot;remove_current_post&quot;:&quot;off&quot;,&quot;no_results&quot;:&quot;No results found.&quot;,&quot;thumbnail_action&quot;:&quot;link&quot;,&quot;gallery_cf_name&quot;:&quot;&quot;,&quot;lightbox_elements&quot;:&quot;on|||&quot;,&quot;show_thumbnail&quot;:&quot;on&quot;,&quot;thumbnail_size&quot;:&quot;768x0&quot;,&quot;t_alt&quot;:&quot;title&quot;,&quot;use_overlay&quot;:&quot;on&quot;,&quot;show_title&quot;:&quot;on&quot;,&quot;title_link&quot;:&quot;on&quot;,&quot;show_post_meta&quot;:&quot;on&quot;,&quot;meta_separator&quot;:&quot; | &quot;,&quot;show_author&quot;:&quot;off&quot;,&quot;author_prefix_text&quot;:&quot;By &quot;,&quot;show_date&quot;:&quot;on&quot;,&quot;date_format&quot;:&quot;j F Y&quot;,&quot;show_terms&quot;:&quot;off&quot;,&quot;show_terms_taxonomy&quot;:&quot;category&quot;,&quot;terms_separator&quot;:&quot;,&quot;,&quot;terms_links&quot;:&quot;on&quot;,&quot;show_comments&quot;:&quot;off&quot;,&quot;show_content&quot;:&quot;off&quot;,&quot;content_length&quot;:&quot;excerpt&quot;,&quot;truncate_content&quot;:&quot;120&quot;,&quot;truncate_excerpt&quot;:&quot;off&quot;,&quot;strip_html&quot;:&quot;on&quot;,&quot;action_button&quot;:&quot;off&quot;,&quot;action_button_text&quot;:&quot;Click Action Button&quot;,&quot;read_more&quot;:&quot;on&quot;,&quot;read_more_text&quot;:&quot;leggi ora&quot;,&quot;read_more_window&quot;:&quot;off&quot;,&quot;show_custom_fields&quot;:&quot;off&quot;,&quot;custom_fields&quot;:&quot;&quot;,&quot;show_custom_content&quot;:&quot;off&quot;,&quot;custom_content_container&quot;:&quot;on&quot;,&quot;custom_url&quot;:&quot;off&quot;,&quot;custom_url_field_name&quot;:&quot;&quot;,&quot;custom_url_target&quot;:&quot;same&quot;,&quot;show_video_preview&quot;:&quot;off&quot;,&quot;video_module&quot;:&quot;off&quot;,&quot;video_action&quot;:&quot;play&quot;,&quot;video_action_priority&quot;:&quot;on&quot;,&quot;video_overlay&quot;:&quot;on&quot;,&quot;video_overlay_icon&quot;:&quot;on&quot;,&quot;video_icon&quot;:&quot;&amp;#x49;||divi||400&quot;,&quot;video_icon_color&quot;:&quot;#ffffff&quot;,&quot;video_overlay_color&quot;:&quot;rgba(0,0,0,0.6)&quot;,&quot;show_filters&quot;:&quot;on&quot;,&quot;multilevel&quot;:&quot;on&quot;,&quot;multilevel_hierarchy&quot;:&quot;off&quot;,&quot;multilevel_hierarchy_tax&quot;:&quot;[{\\&quot;name\\&quot;:\\&quot;category\\&quot;,\\&quot;label\\&quot;:\\&quot;\\&quot;,\\&quot;all\\&quot;:\\&quot;\\&quot;}]&quot;,&quot;multilevel_relation&quot;:&quot;AND&quot;,&quot;multilevel_tax_data&quot;:&quot;&amp;#91;{\\&quot;name\\&quot;:\\&quot;category\\&quot;,\\&quot;label\\&quot;:\\&quot;\\&quot;,\\&quot;all\\&quot;:\\&quot;Tutte le categorie\\&quot;},{\\&quot;name\\&quot;:\\&quot;post_tag\\&quot;,\\&quot;label\\&quot;:\\&quot;\\&quot;,\\&quot;all\\&quot;:\\&quot;Tutti i temi\\&quot;}&amp;#93;&quot;,&quot;filter_children_terms&quot;:&quot;on&quot;,&quot;use_custom_terms_filters&quot;:&quot;off&quot;,&quot;filter_taxonomies&quot;:&quot;category&quot;,&quot;filter_terms&quot;:&quot;63,64,65,66,89,90,91,92,93,94,95,96,97,99,98,102,19,34,39,40,41,42,43,48,44,47,49,46,50,45,51,52&quot;,&quot;default_filter&quot;:&quot;All&quot;,&quot;filters_order&quot;:&quot;ASC&quot;,&quot;filters_sort&quot;:&quot;id&quot;,&quot;filters_custom&quot;:&quot;&quot;,&quot;hide_all&quot;:&quot;off&quot;,&quot;all_text&quot;:&quot;All&quot;,&quot;s_df&quot;:&quot;off&quot;,&quot;df_col&quot;:&quot;post_date&quot;,&quot;s_df_y&quot;:&quot;on&quot;,&quot;s_df_m&quot;:&quot;on&quot;,&quot;filter_layout&quot;:&quot;button&quot;,&quot;multifilter&quot;:&quot;off&quot;,&quot;multifilter_relation&quot;:&quot;OR&quot;,&quot;show_sort&quot;:&quot;off&quot;,&quot;ajax_filters&quot;:&quot;off&quot;,&quot;cache_on_page&quot;:&quot;off&quot;,&quot;show_pagination&quot;:&quot;on&quot;,&quot;pagination_type&quot;:&quot;paged&quot;,&quot;ajax_load_more_text&quot;:&quot;Load More&quot;,&quot;previous_icon&quot;:&quot;&amp;#x34;||divi||400&quot;,&quot;next_icon&quot;:&quot;&amp;#x35;||divi||400&quot;,&quot;previous_text&quot;:&quot;&quot;,&quot;next_text&quot;:&quot;&quot;,&quot;pagination_pages&quot;:&quot;2&quot;,&quot;items_layout&quot;:&quot;dp-dfg-layout-grid&quot;,&quot;thumb_width&quot;:&quot;33%&quot;,&quot;items_width&quot;:&quot;30%&quot;,&quot;items_skin&quot;:&quot;dp-dfg-skin-default&quot;,&quot;primary_view&quot;:&quot;[{\\&quot;name\\&quot;:\\&quot;thumbnail\\&quot;,\\&quot;show\\&quot;:\\&quot;on\\&quot;},{\\&quot;name\\&quot;:\\&quot;overlay\\&quot;,\\&quot;show\\&quot;:\\&quot;on\\&quot;},{\\&quot;name\\&quot;:\\&quot;title\\&quot;,\\&quot;show\\&quot;:\\&quot;off\\&quot;},{\\&quot;name\\&quot;:\\&quot;meta\\&quot;,\\&quot;show\\&quot;:\\&quot;off\\&quot;},{\\&quot;name\\&quot;:\\&quot;ext\\&quot;,\\&quot;show\\&quot;:\\&quot;off\\&quot;},{\\&quot;name\\&quot;:\\&quot;content\\&quot;,\\&quot;show\\&quot;:\\&quot;off\\&quot;},{\\&quot;name\\&quot;:\\&quot;action_button\\&quot;,\\&quot;show\\&quot;:\\&quot;off\\&quot;},{\\&quot;name\\&quot;:\\&quot;read_more_button\\&quot;,\\&quot;show\\&quot;:\\&quot;off\\&quot;},{\\&quot;name\\&quot;:\\&quot;custom_content\\&quot;,\\&quot;show\\&quot;:\\&quot;off\\&quot;}]&quot;,&quot;secondary_view&quot;:&quot;[{\\&quot;name\\&quot;:\\&quot;thumbnail\\&quot;,\\&quot;show\\&quot;:\\&quot;off\\&quot;},{\\&quot;name\\&quot;:\\&quot;title\\&quot;,\\&quot;show\\&quot;:\\&quot;on\\&quot;},{\\&quot;name\\&quot;:\\&quot;meta\\&quot;,\\&quot;show\\&quot;:\\&quot;on\\&quot;},{\\&quot;name\\&quot;:\\&quot;ext\\&quot;,\\&quot;show\\&quot;:\\&quot;on\\&quot;},{\\&quot;name\\&quot;:\\&quot;content\\&quot;,\\&quot;show\\&quot;:\\&quot;on\\&quot;},{\\&quot;name\\&quot;:\\&quot;action_button\\&quot;,\\&quot;show\\&quot;:\\&quot;on\\&quot;},{\\&quot;name\\&quot;:\\&quot;read_more_button\\&quot;,\\&quot;show\\&quot;:\\&quot;on\\&quot;},{\\&quot;name\\&quot;:\\&quot;custom_content\\&quot;,\\&quot;show\\&quot;:\\&quot;on\\&quot;}]&quot;,&quot;popup_template&quot;:&quot;default&quot;,&quot;popup_link_target&quot;:&quot;none&quot;,&quot;popup_code&quot;:&quot;&quot;,&quot;use_overlay_icon&quot;:&quot;on&quot;,&quot;hover_icon&quot;:&quot;&amp;#xf06e;||fa||400&quot;,&quot;overlay_icon_color&quot;:&quot;RGBA(255,255,255,0)&quot;,&quot;hover_overlay_color&quot;:&quot;rgba(121,169,182,0.41)&quot;,&quot;show_search&quot;:&quot;off&quot;,&quot;search_position&quot;:&quot;above&quot;,&quot;orderby_search&quot;:&quot;on&quot;,&quot;relevanssi&quot;:&quot;off&quot;,&quot;bg_items&quot;:&quot;&quot;,&quot;admin_label&quot;:&quot;&quot;,&quot;module_id&quot;:&quot;&quot;,&quot;module_class&quot;:&quot;&quot;,&quot;dpdfg_entry_title_level&quot;:&quot;h2&quot;,&quot;read_more_button_icon&quot;:&quot;&quot;,&quot;action_button_icon&quot;:&quot;&quot;,&quot;the_ID&quot;:0,&quot;the_author&quot;:1,&quot;seed&quot;:4092,&quot;query_context&quot;:&quot;initial_query&quot;,&quot;conditional_tags&quot;:{&quot;is_user_logged_in&quot;:&quot;off&quot;,&quot;is_front_page&quot;:&quot;off&quot;,&quot;is_singular&quot;:&quot;off&quot;,&quot;is_archive&quot;:&quot;off&quot;,&quot;is_search&quot;:&quot;off&quot;,&quot;is_tax&quot;:&quot;off&quot;,&quot;is_author&quot;:&quot;off&quot;,&quot;is_date&quot;:&quot;off&quot;,&quot;is_post_type&quot;:&quot;off&quot;},&quot;query_var&quot;:{&quot;s&quot;:&quot;&quot;,&quot;year&quot;:&quot;&quot;,&quot;monthnum&quot;:&quot;&quot;,&quot;day&quot;:&quot;&quot;,&quot;post_type&quot;:&quot;&quot;},&quot;custom_data&quot;:[]}\"><\/div><div class=\"dp-dfg-no-results-data\"><div class=\"dp-dfg-no-results\">No results found.<\/div><\/div><div class=\"dp-dfg-loader-data\"><\/div><\/div>\n\t\t\t\t<\/div>\n\t\t\t<\/div>BRESSANONE HEADQUARTERSTerra Institute SrlVia Sant&#8217;Albuino 239042 [&hellip;]<\/p>\n","protected":false},"author":1,"featured_media":251346,"parent":0,"menu_order":0,"comment_status":"closed","ping_status":"closed","template":"","meta":{"_et_pb_use_builder":"on","_et_pb_old_content":"","_et_gb_content_width":"","footnotes":""},"class_list":["post-251859","page","type-page","status-publish","has-post-thumbnail","hentry"],"yoast_head":"<!-- This site is optimized with the Yoast SEO plugin v26.9 - https:\/\/yoast.com\/product\/yoast-seo-wordpress\/ -->\n<title>Blog &amp; Good Cases - Terra Institute<\/title>\n<meta name=\"description\" content=\"Notizie sulla sostenibilit\u00e0, storie di successo di aziende, banche, organizzazioni, consulenti fiscali e revisori contabili | Blog &amp; Good Cases.\" \/>\n<meta name=\"robots\" content=\"index, follow, max-snippet:-1, max-image-preview:large, max-video-preview:-1\" \/>\n<link rel=\"canonical\" href=\"https:\/\/terra-institute.eu\/it\/blog-good-cases\/\" \/>\n<meta property=\"og:locale\" content=\"it_IT\" \/>\n<meta property=\"og:type\" content=\"article\" \/>\n<meta property=\"og:title\" content=\"Blog &amp; Good Cases - Terra Institute\" \/>\n<meta property=\"og:description\" content=\"Notizie sulla sostenibilit\u00e0, storie di successo di aziende, banche, organizzazioni, consulenti fiscali e revisori contabili | Blog &amp; Good Cases.\" \/>\n<meta property=\"og:url\" content=\"https:\/\/terra-institute.eu\/it\/blog-good-cases\/\" \/>\n<meta property=\"og:site_name\" content=\"Terra Institute\" \/>\n<meta property=\"article:publisher\" content=\"https:\/\/www.facebook.com\/TerraInstitute\" \/>\n<meta property=\"article:modified_time\" content=\"2025-02-18T09:21:22+00:00\" \/>\n<meta property=\"og:image\" content=\"https:\/\/terra-institute.eu\/it\/wp-content\/uploads\/2025\/01\/wasser-wald-strasse-scott-taylor-scaled-e1704369571679.jpg\" \/>\n\t<meta property=\"og:image:width\" content=\"2048\" \/>\n\t<meta property=\"og:image:height\" content=\"2048\" \/>\n\t<meta property=\"og:image:type\" content=\"image\/jpeg\" \/>\n<meta name=\"twitter:card\" content=\"summary_large_image\" \/>\n<meta name=\"twitter:site\" content=\"@terra_institute\" \/>\n<meta name=\"twitter:label1\" content=\"Tempo di lettura stimato\" \/>\n\t<meta name=\"twitter:data1\" content=\"10 minuti\" \/>\n<script type=\"application\/ld+json\" class=\"yoast-schema-graph\">{\"@context\":\"https:\/\/schema.org\",\"@graph\":[{\"@type\":\"WebPage\",\"@id\":\"https:\/\/terra-institute.eu\/it\/blog-good-cases\/\",\"url\":\"https:\/\/terra-institute.eu\/it\/blog-good-cases\/\",\"name\":\"Blog &amp; Good Cases - Terra Institute\",\"isPartOf\":{\"@id\":\"https:\/\/terra-institute.eu\/it\/#website\"},\"primaryImageOfPage\":{\"@id\":\"https:\/\/terra-institute.eu\/it\/blog-good-cases\/#primaryimage\"},\"image\":{\"@id\":\"https:\/\/terra-institute.eu\/it\/blog-good-cases\/#primaryimage\"},\"thumbnailUrl\":\"https:\/\/terra-institute.eu\/it\/wp-content\/uploads\/2025\/01\/wasser-wald-strasse-scott-taylor-scaled-e1704369571679.jpg\",\"datePublished\":\"2025-02-17T13:57:10+00:00\",\"dateModified\":\"2025-02-18T09:21:22+00:00\",\"description\":\"Notizie sulla sostenibilit\u00e0, storie di successo di aziende, banche, organizzazioni, consulenti fiscali e revisori contabili | Blog & Good Cases.\",\"breadcrumb\":{\"@id\":\"https:\/\/terra-institute.eu\/it\/blog-good-cases\/#breadcrumb\"},\"inLanguage\":\"it-IT\",\"potentialAction\":[{\"@type\":\"ReadAction\",\"target\":[\"https:\/\/terra-institute.eu\/it\/blog-good-cases\/\"]}]},{\"@type\":\"ImageObject\",\"inLanguage\":\"it-IT\",\"@id\":\"https:\/\/terra-institute.eu\/it\/blog-good-cases\/#primaryimage\",\"url\":\"https:\/\/terra-institute.eu\/it\/wp-content\/uploads\/2025\/01\/wasser-wald-strasse-scott-taylor-scaled-e1704369571679.jpg\",\"contentUrl\":\"https:\/\/terra-institute.eu\/it\/wp-content\/uploads\/2025\/01\/wasser-wald-strasse-scott-taylor-scaled-e1704369571679.jpg\",\"width\":2048,\"height\":2048,\"caption\":\"wasser, wald, strasse, natur, blog & good cases\"},{\"@type\":\"BreadcrumbList\",\"@id\":\"https:\/\/terra-institute.eu\/it\/blog-good-cases\/#breadcrumb\",\"itemListElement\":[{\"@type\":\"ListItem\",\"position\":1,\"name\":\"Home\",\"item\":\"https:\/\/terra-institute.eu\/it\/\"},{\"@type\":\"ListItem\",\"position\":2,\"name\":\"Blog &amp; Good Cases\"}]},{\"@type\":\"WebSite\",\"@id\":\"https:\/\/terra-institute.eu\/it\/#website\",\"url\":\"https:\/\/terra-institute.eu\/it\/\",\"name\":\"Terra Institute\",\"description\":\"Empowering Responsible Growth\",\"potentialAction\":[{\"@type\":\"SearchAction\",\"target\":{\"@type\":\"EntryPoint\",\"urlTemplate\":\"https:\/\/terra-institute.eu\/it\/?s={search_term_string}\"},\"query-input\":{\"@type\":\"PropertyValueSpecification\",\"valueRequired\":true,\"valueName\":\"search_term_string\"}}],\"inLanguage\":\"it-IT\"}]}<\/script>\n<!-- \/ Yoast SEO plugin. -->","yoast_head_json":{"title":"Blog &amp; Good Cases - Terra Institute","description":"Notizie sulla sostenibilit\u00e0, storie di successo di aziende, banche, organizzazioni, consulenti fiscali e revisori contabili | Blog & Good Cases.","robots":{"index":"index","follow":"follow","max-snippet":"max-snippet:-1","max-image-preview":"max-image-preview:large","max-video-preview":"max-video-preview:-1"},"canonical":"https:\/\/terra-institute.eu\/it\/blog-good-cases\/","og_locale":"it_IT","og_type":"article","og_title":"Blog &amp; Good Cases - Terra Institute","og_description":"Notizie sulla sostenibilit\u00e0, storie di successo di aziende, banche, organizzazioni, consulenti fiscali e revisori contabili | Blog & Good Cases.","og_url":"https:\/\/terra-institute.eu\/it\/blog-good-cases\/","og_site_name":"Terra Institute","article_publisher":"https:\/\/www.facebook.com\/TerraInstitute","article_modified_time":"2025-02-18T09:21:22+00:00","og_image":[{"width":2048,"height":2048,"url":"https:\/\/terra-institute.eu\/it\/wp-content\/uploads\/2025\/01\/wasser-wald-strasse-scott-taylor-scaled-e1704369571679.jpg","type":"image\/jpeg"}],"twitter_card":"summary_large_image","twitter_site":"@terra_institute","twitter_misc":{"Tempo di lettura stimato":"10 minuti"},"schema":{"@context":"https:\/\/schema.org","@graph":[{"@type":"WebPage","@id":"https:\/\/terra-institute.eu\/it\/blog-good-cases\/","url":"https:\/\/terra-institute.eu\/it\/blog-good-cases\/","name":"Blog &amp; Good Cases - Terra Institute","isPartOf":{"@id":"https:\/\/terra-institute.eu\/it\/#website"},"primaryImageOfPage":{"@id":"https:\/\/terra-institute.eu\/it\/blog-good-cases\/#primaryimage"},"image":{"@id":"https:\/\/terra-institute.eu\/it\/blog-good-cases\/#primaryimage"},"thumbnailUrl":"https:\/\/terra-institute.eu\/it\/wp-content\/uploads\/2025\/01\/wasser-wald-strasse-scott-taylor-scaled-e1704369571679.jpg","datePublished":"2025-02-17T13:57:10+00:00","dateModified":"2025-02-18T09:21:22+00:00","description":"Notizie sulla sostenibilit\u00e0, storie di successo di aziende, banche, organizzazioni, consulenti fiscali e revisori contabili | Blog & Good Cases.","breadcrumb":{"@id":"https:\/\/terra-institute.eu\/it\/blog-good-cases\/#breadcrumb"},"inLanguage":"it-IT","potentialAction":[{"@type":"ReadAction","target":["https:\/\/terra-institute.eu\/it\/blog-good-cases\/"]}]},{"@type":"ImageObject","inLanguage":"it-IT","@id":"https:\/\/terra-institute.eu\/it\/blog-good-cases\/#primaryimage","url":"https:\/\/terra-institute.eu\/it\/wp-content\/uploads\/2025\/01\/wasser-wald-strasse-scott-taylor-scaled-e1704369571679.jpg","contentUrl":"https:\/\/terra-institute.eu\/it\/wp-content\/uploads\/2025\/01\/wasser-wald-strasse-scott-taylor-scaled-e1704369571679.jpg","width":2048,"height":2048,"caption":"wasser, wald, strasse, natur, blog & good cases"},{"@type":"BreadcrumbList","@id":"https:\/\/terra-institute.eu\/it\/blog-good-cases\/#breadcrumb","itemListElement":[{"@type":"ListItem","position":1,"name":"Home","item":"https:\/\/terra-institute.eu\/it\/"},{"@type":"ListItem","position":2,"name":"Blog &amp; Good Cases"}]},{"@type":"WebSite","@id":"https:\/\/terra-institute.eu\/it\/#website","url":"https:\/\/terra-institute.eu\/it\/","name":"Terra Institute","description":"Empowering Responsible Growth","potentialAction":[{"@type":"SearchAction","target":{"@type":"EntryPoint","urlTemplate":"https:\/\/terra-institute.eu\/it\/?s={search_term_string}"},"query-input":{"@type":"PropertyValueSpecification","valueRequired":true,"valueName":"search_term_string"}}],"inLanguage":"it-IT"}]}},"_links":{"self":[{"href":"https:\/\/terra-institute.eu\/it\/wp-json\/wp\/v2\/pages\/251859","targetHints":{"allow":["GET"]}}],"collection":[{"href":"https:\/\/terra-institute.eu\/it\/wp-json\/wp\/v2\/pages"}],"about":[{"href":"https:\/\/terra-institute.eu\/it\/wp-json\/wp\/v2\/types\/page"}],"author":[{"embeddable":true,"href":"https:\/\/terra-institute.eu\/it\/wp-json\/wp\/v2\/users\/1"}],"replies":[{"embeddable":true,"href":"https:\/\/terra-institute.eu\/it\/wp-json\/wp\/v2\/comments?post=251859"}],"version-history":[{"count":11,"href":"https:\/\/terra-institute.eu\/it\/wp-json\/wp\/v2\/pages\/251859\/revisions"}],"predecessor-version":[{"id":251885,"href":"https:\/\/terra-institute.eu\/it\/wp-json\/wp\/v2\/pages\/251859\/revisions\/251885"}],"wp:featuredmedia":[{"embeddable":true,"href":"https:\/\/terra-institute.eu\/it\/wp-json\/wp\/v2\/media\/251346"}],"wp:attachment":[{"href":"https:\/\/terra-institute.eu\/it\/wp-json\/wp\/v2\/media?parent=251859"}],"curies":[{"name":"wp","href":"https:\/\/api.w.org\/{rel}","templated":true}]}}