{"id":250822,"date":"2024-07-01T13:40:49","date_gmt":"2024-07-01T11:40:49","guid":{"rendered":"https:\/\/terra-institute.eu\/it\/?page_id=250822"},"modified":"2025-10-16T08:00:14","modified_gmt":"2025-10-16T06:00:14","slug":"economia-circolare","status":"publish","type":"page","link":"https:\/\/terra-institute.eu\/it\/economia-circolare\/","title":{"rendered":"Economia circolare"},"content":{"rendered":"<p>[et_pb_section fb_built=&#8221;1&#8243; _builder_version=&#8221;4.27.4&#8243; _module_preset=&#8221;default&#8221; background_image=&#8221;https:\/\/terra-institute.eu\/it\/wp-content\/uploads\/2025\/07\/Economia-circolare-header-e1693312218470.webp&#8221; background_position=&#8221;bottom_center&#8221; background_vertical_offset=&#8221;18%&#8221; global_colors_info=&#8221;{}&#8221;][et_pb_row _builder_version=&#8221;4.17.4&#8243; _module_preset=&#8221;default&#8221; global_colors_info=&#8221;{}&#8221;][et_pb_column type=&#8221;4_4&#8243; _builder_version=&#8221;4.17.4&#8243; _module_preset=&#8221;default&#8221; global_colors_info=&#8221;{}&#8221;][et_pb_text _builder_version=&#8221;4.22.2&#8243; _module_preset=&#8221;default&#8221; text_text_color=&#8221;#FFFFFF&#8221; header_font=&#8221;|800|||||||&#8221; header_text_color=&#8221;#FFFFFF&#8221; header_font_size=&#8221;2.5em&#8221; background_color=&#8221;RGBA(255,255,255,0)&#8221; min_height=&#8221;123.6px&#8221; custom_margin=&#8221;|4px||||&#8221; custom_padding=&#8221;||0px|||&#8221; global_colors_info=&#8221;{}&#8221;]<\/p>\n<h1>ECONOMIA CIRCOLARE<\/h1>\n<p dir=\"ltr\"><span>Risolvere le crisi &#8211; agire in cerchio!<\/span><\/p>\n<p dir=\"ltr\">\n<p>[\/et_pb_text][\/et_pb_column][\/et_pb_row][\/et_pb_section][et_pb_section fb_built=&#8221;1&#8243; module_id=&#8221;temi&#8221; _builder_version=&#8221;4.16&#8243; _module_preset=&#8221;default&#8221; background_color=&#8221;#FFFFFF&#8221; module_alignment=&#8221;center&#8221; custom_margin=&#8221;|||-19px|false|false&#8221; custom_padding=&#8221;24px||||false|false&#8221; locked=&#8221;off&#8221; global_colors_info=&#8221;{}&#8221;][et_pb_row column_structure=&#8221;1_2,1_2&#8243; _builder_version=&#8221;4.17.4&#8243; _module_preset=&#8221;default&#8221; custom_padding=&#8221;||0px|||&#8221; global_colors_info=&#8221;{}&#8221;][et_pb_column type=&#8221;1_2&#8243; _builder_version=&#8221;4.16&#8243; _module_preset=&#8221;default&#8221; global_colors_info=&#8221;{}&#8221;][et_pb_text _builder_version=&#8221;4.22.2&#8243; _module_preset=&#8221;default&#8221; text_font=&#8221;SourceSans-Pro-Regular||||||||&#8221; text_text_color=&#8221;#FFFFFF&#8221; text_line_height=&#8221;1.6em&#8221; header_2_line_height=&#8221;1.1em&#8221; header_3_font=&#8221;Akrobat-Regular||||||||&#8221; header_3_text_align=&#8221;left&#8221; header_3_text_color=&#8221;#79a9b6&#8243; header_3_font_size=&#8221;17px&#8221; header_4_font=&#8221;Akrobat-ExtraBold||||||||&#8221; header_4_text_color=&#8221;#FFFFFF&#8221; header_4_font_size=&#8221;11px&#8221; custom_margin=&#8221;-13px||0px|||&#8221; custom_padding=&#8221;||||false|false&#8221; animation_style=&#8221;fade&#8221; border_color_left=&#8221;#7d7168&#8243; global_colors_info=&#8221;{}&#8221;]<\/p>\n<h3>\/ LA NOSTRA OFFERTA<\/h3>\n<p>[\/et_pb_text][\/et_pb_column][et_pb_column type=&#8221;1_2&#8243; _builder_version=&#8221;4.16&#8243; _module_preset=&#8221;default&#8221; global_colors_info=&#8221;{}&#8221;][\/et_pb_column][\/et_pb_row][et_pb_row column_structure=&#8221;2_5,3_5&#8243; _builder_version=&#8221;4.17.4&#8243; _module_preset=&#8221;default&#8221; module_alignment=&#8221;center&#8221; custom_margin=&#8221;9px|auto||auto||&#8221; custom_padding=&#8221;23px||1px|||&#8221; border_width_top=&#8221;1px&#8221; border_color_top=&#8221;rgba(125,113,104,0.25)&#8221; global_colors_info=&#8221;{}&#8221;][et_pb_column type=&#8221;2_5&#8243; _builder_version=&#8221;4.16&#8243; _module_preset=&#8221;default&#8221; global_colors_info=&#8221;{}&#8221;][et_pb_text _builder_version=&#8221;4.22.2&#8243; _module_preset=&#8221;default&#8221; text_font=&#8221;SourceSans-Pro-Regular||||||||&#8221; header_2_text_color=&#8221;#3d3d3d&#8221; header_2_font_size=&#8221;42px&#8221; header_2_line_height=&#8221;1.1em&#8221; custom_margin=&#8221;||-4px|||&#8221; custom_padding=&#8221;||0px||false|false&#8221; animation_style=&#8221;fade&#8221; animation_duration=&#8221;1300ms&#8221; border_color_left=&#8221;#7d7168&#8243; locked=&#8221;off&#8221; global_colors_info=&#8221;{}&#8221;]<\/p>\n<h2>ECONOMIA CIRCOLARE<\/h2>\n<p>[\/et_pb_text][et_pb_text _builder_version=&#8221;4.27.4&#8243; _module_preset=&#8221;default&#8221; background_color=&#8221;#f9f9f9&#8243; custom_margin=&#8221;20px|||20px|false|false&#8221; custom_padding=&#8221;20px|||20px|false|false&#8221; box_shadow_style=&#8221;preset3&#8243; global_colors_info=&#8221;{}&#8221;]<\/p>\n<h4><strong>INDICE DEI CONTENUTI<\/strong><\/h4>\n<ol>\n<li data-leveltext=\"%1.\" data-font=\"ui-sans-serif\" data-listid=\"5\" data-list-defn-props=\"{&quot;335552541&quot;:0,&quot;335559685&quot;:720,&quot;335559991&quot;:360,&quot;469769242&quot;:[65533,0],&quot;469777803&quot;:&quot;left&quot;,&quot;469777804&quot;:&quot;%1.&quot;,&quot;469777815&quot;:&quot;hybridMultilevel&quot;}\" aria-setsize=\"-1\" data-aria-posinset=\"3\" data-aria-level=\"1\"><a href=\"#recht\"><span class=\"NormalTextRun SCXW81675133 BCX4\">Quadro <\/span><span class=\"NormalTextRun SpellingErrorV2Themed SCXW81675133 BCX4\">normativo<\/span><\/a><span class=\"NormalTextRun SCXW81675133 BCX4\"> <\/span><\/li>\n<li data-leveltext=\"%1.\" data-font=\"ui-sans-serif\" data-listid=\"5\" data-list-defn-props=\"{&quot;335552541&quot;:0,&quot;335559685&quot;:720,&quot;335559991&quot;:360,&quot;469769242&quot;:[65533,0],&quot;469777803&quot;:&quot;left&quot;,&quot;469777804&quot;:&quot;%1.&quot;,&quot;469777815&quot;:&quot;hybridMultilevel&quot;}\" aria-setsize=\"-1\" data-aria-posinset=\"3\" data-aria-level=\"1\"><a href=\"#come\">Come i nostri clienti ne traggono vantaggio<\/a><\/li>\n<li data-leveltext=\"%1.\" data-font=\"\" data-listid=\"5\" data-list-defn-props=\"{&quot;335552541&quot;:0,&quot;335559685&quot;:720,&quot;335559991&quot;:360,&quot;469769242&quot;:[65533,0],&quot;469777803&quot;:&quot;left&quot;,&quot;469777804&quot;:&quot;%1.&quot;,&quot;469777815&quot;:&quot;hybridMultilevel&quot;}\" aria-setsize=\"-1\" data-aria-posinset=\"4\" data-aria-level=\"1\"><a href=\"#perche\">Perch\u00e9 con Terra?<\/a><\/li>\n<li><a href=\"#qual\">Il nostro approccio<\/a><\/li>\n<li data-leveltext=\"%1.\" data-font=\"\" data-listid=\"5\" data-list-defn-props=\"{&quot;335552541&quot;:0,&quot;335559685&quot;:720,&quot;335559991&quot;:360,&quot;469769242&quot;:[65533,0],&quot;469777803&quot;:&quot;left&quot;,&quot;469777804&quot;:&quot;%1.&quot;,&quot;469777815&quot;:&quot;hybridMultilevel&quot;}\" aria-setsize=\"-1\" data-aria-posinset=\"4\" data-aria-level=\"1\"><a href=\"#CBA\">Circular Business Assessment\u00a0<\/a><\/li>\n<li data-leveltext=\"%1.\" data-font=\"\" data-listid=\"5\" data-list-defn-props=\"{&quot;335552541&quot;:0,&quot;335559685&quot;:720,&quot;335559991&quot;:360,&quot;469769242&quot;:[65533,0],&quot;469777803&quot;:&quot;left&quot;,&quot;469777804&quot;:&quot;%1.&quot;,&quot;469777815&quot;:&quot;hybridMultilevel&quot;}\" aria-setsize=\"-1\" data-aria-posinset=\"4\" data-aria-level=\"1\"><a href=\"#10Rs\"><span>Le 10 R Dell\u2019Economia Circolare Come Modello Guida<\/span><\/a><\/li>\n<li data-leveltext=\"%1.\" data-font=\"\" data-listid=\"5\" data-list-defn-props=\"{&quot;335552541&quot;:0,&quot;335559685&quot;:720,&quot;335559991&quot;:360,&quot;469769242&quot;:[65533,0],&quot;469777803&quot;:&quot;left&quot;,&quot;469777804&quot;:&quot;%1.&quot;,&quot;469777815&quot;:&quot;hybridMultilevel&quot;}\" aria-setsize=\"-1\" data-aria-posinset=\"4\" data-aria-level=\"1\"><a href=\"#\u00f6ko\">Regolamento Ecodesign <\/a><\/li>\n<li><a href=\"#kontakt\">Contatti<\/a><\/li>\n<li><a href=\"#FAQ\">FAQ<\/a><\/li>\n<\/ol>\n<p>[\/et_pb_text][\/et_pb_column][et_pb_column type=&#8221;3_5&#8243; _builder_version=&#8221;4.16&#8243; _module_preset=&#8221;default&#8221; global_colors_info=&#8221;{}&#8221;][et_pb_text module_id=&#8221;auf-den-richtigen-partner-kommt-es-an&#8221; _builder_version=&#8221;4.27.4&#8243; _module_preset=&#8221;default&#8221; header_3_text_color=&#8221;#428ca6&#8243; global_colors_info=&#8221;{}&#8221;]<\/p>\n<h3>TUTTO DIPENDE DAL PARTNER GIUSTO.<\/h3>\n<p>L&#8217;<strong>economia circolare<\/strong> \u00e8 considerata la forma pi\u00f9 sostenibile di economia. Pu\u00f2 essere definita come un <strong>pensiero e un&#8217;azione in cicli chiusi<\/strong>. Spesso \u00e8 descritta come &#8220;<strong>l&#8217;economia degli zeri<\/strong>&#8221; (zero inquinamento, zero rifiuti, zero emissioni).<\/p>\n<p class=\"my-0\">L&#8217;<strong>Unione Europea<\/strong> considera l&#8217;economia circolare come <strong>approccio principale<\/strong> per <strong>separare lo sviluppo economico dal consumo di risorse<\/strong> e renderlo <strong>climaticamente neutro<\/strong>. Nel Green Deal Europeo, nella rendicontazione sulla sostenibilit\u00e0 e nella tassonomia UE, l&#8217;economia circolare \u00e8 descritta come un <strong>obiettivo fondamentale<\/strong> e un <strong>principio di base<\/strong> per un&#8217;impresa sostenibile.<\/p>\n<p><span>Le aziende che si adattano <\/span><strong>precocemente<\/strong><span> alla logica dei <\/span><strong>cicli chiusi<\/strong><span> sono ben preparate per le normative future.<\/span><br \/><span>L&#8217;<\/span><strong>economia circolare<\/strong><span> offre l&#8217;opportunit\u00e0 di combinare <\/span><strong>successo economico<\/strong><span> e <\/span><strong>responsabilit\u00e0 ecologica<\/strong><span>.<\/span><br \/><strong>Riutilizzo, riparazione e riciclaggio<\/strong><span> massimizzano il valore dei materiali: cos\u00ec la tua azienda <\/span><strong>migliora l&#8217;efficienza delle risorse<\/strong><span> e sviluppa <\/span><strong>innovazione<\/strong><span> in prodotti e modelli di business orientati al futuro.<\/span><\/p>\n<p><strong>Noi di Terra Institute accompagniamo aziende, gruppi di interesse e regioni nel loro percorso verso un&#8217;economia circolare rigenerativa.\u00a0<\/strong><\/p>\n<p>[\/et_pb_text][et_pb_button button_url=&#8221;#kontakt&#8221; button_text=&#8221;Contattateci ora&#8221; _builder_version=&#8221;4.22.2&#8243; _module_preset=&#8221;default&#8221; custom_button=&#8221;on&#8221; button_text_size=&#8221;16px&#8221; button_text_color=&#8221;#FFFFFF&#8221; button_bg_color=&#8221;#428ca6&#8243; background_layout=&#8221;dark&#8221; global_colors_info=&#8221;{}&#8221; button_text_color__hover_enabled=&#8221;off|desktop&#8221;][\/et_pb_button][\/et_pb_column][\/et_pb_row][\/et_pb_section][et_pb_section fb_built=&#8221;1&#8243; module_id=&#8221;recht&#8221; _builder_version=&#8221;4.27.4&#8243; _module_preset=&#8221;default&#8221; background_color=&#8221;#79a9b6&#8243; global_colors_info=&#8221;{}&#8221;][et_pb_row _builder_version=&#8221;4.17.4&#8243; _module_preset=&#8221;default&#8221; custom_padding=&#8221;||0px|||&#8221; global_colors_info=&#8221;{}&#8221;][et_pb_column type=&#8221;4_4&#8243; _builder_version=&#8221;4.17.4&#8243; _module_preset=&#8221;default&#8221; global_colors_info=&#8221;{}&#8221;][et_pb_text module_id=&#8221;vorteile-fuer-kunden&#8221; _builder_version=&#8221;4.27.4&#8243; _module_preset=&#8221;default&#8221; text_text_color=&#8221;#FFFFFF&#8221; header_2_text_color=&#8221;#FFFFFF&#8221; header_2_font_size=&#8221;32px&#8221; width=&#8221;100%&#8221; custom_padding=&#8221;|0px|||false|false&#8221; global_colors_info=&#8221;{}&#8221;]<\/p>\n<h3><span style=\"color: #ffffff;\"><span class=\"NormalTextRun SCXW81675133 BCX4\">Quadro <\/span><span class=\"NormalTextRun SpellingErrorV2Themed SCXW81675133 BCX4\">normativo<\/span><\/span><\/h3>\n<p>[\/et_pb_text][\/et_pb_column][\/et_pb_row][et_pb_row _builder_version=&#8221;4.17.4&#8243; _module_preset=&#8221;default&#8221; custom_padding=&#8221;3px|||||&#8221; global_colors_info=&#8221;{}&#8221;][et_pb_column type=&#8221;4_4&#8243; _builder_version=&#8221;4.17.4&#8243; _module_preset=&#8221;default&#8221; global_colors_info=&#8221;{}&#8221;][et_pb_text module_id=&#8221;beratung&#8221; _builder_version=&#8221;4.27.4&#8243; _module_preset=&#8221;default&#8221; text_text_color=&#8221;#FFFFFF&#8221; header_2_text_color=&#8221;#FFFFFF&#8221; custom_padding=&#8221;||19px|||&#8221; global_colors_info=&#8221;{}&#8221;]<\/p>\n<p><b><span data-contrast=\"none\"><\/span><\/b><\/p>\n<p><b><span data-contrast=\"none\">\u2714 Piano d&#8217;Azione per l&#8217;Economia Circolare<\/span><\/b><span data-ccp-props=\"{&quot;134233117&quot;:true,&quot;134233118&quot;:true,&quot;335559685&quot;:0}\">\u00a0<\/span><\/p>\n<p><span data-contrast=\"none\">L&#8217;economia circolare \u00e8 uno dei sei obiettivi ambientali dell&#8217;UE e una componente centrale del Green Deal Europeo. Nel marzo 2022, la Commissione Europea ha proposto il primo pacchetto di misure per accelerare la transizione verso un&#8217;economia circolare, seguito da un secondo pacchetto nel novembre 2022.<\/span><span data-ccp-props=\"{&quot;134233117&quot;:true,&quot;134233118&quot;:true,&quot;335559685&quot;:720}\">\u00a0<\/span><\/p>\n<p><b><span data-contrast=\"none\">\u2714 <span style=\"text-decoration: underline; color: #ffffff;\"><a href=\"#\u00f6ko\" style=\"color: #ffffff; text-decoration: underline;\">Regolamento sull&#8217;Ecodesign<\/a><\/span><\/span><\/b><span style=\"text-decoration: underline; color: #ffffff;\"><a href=\"#\u00f6ko\" style=\"color: #ffffff; text-decoration: underline;\">\u00a0<\/a><\/span><\/p>\n<p><span data-contrast=\"none\">Il nuovo regolamento sull&#8217;Ecodesign 2024\/1781, pubblicato il 28 giugno 2024, sostituisce la precedente direttiva sull&#8217;Ecodesign. Estende l&#8217;ambito di applicazione a quasi tutti i prodotti fisici e impone alle aziende obblighi pi\u00f9 severi che coprono l&#8217;intero ciclo di vita di un prodotto.<\/span><span data-ccp-props=\"{&quot;134233117&quot;:true,&quot;134233118&quot;:true,&quot;335559685&quot;:720}\">\u00a0<\/span><\/p>\n<p><b><span data-contrast=\"none\">\u2714 Diritto alla Riparazione<\/span><\/b><span data-ccp-props=\"{&quot;134233117&quot;:true,&quot;134233118&quot;:true}\">\u00a0<\/span><\/p>\n<p><span data-contrast=\"none\">La direttiva &#8220;Diritto alla Riparazione&#8221; \u00e8 una parte importante del quadro normativo dell&#8217;economia circolare nell&#8217;UE. Mira a:<\/span><span data-ccp-props=\"{&quot;134233117&quot;:true,&quot;134233118&quot;:true,&quot;335559685&quot;:720}\">\u00a0<\/span><\/p>\n<ul>\n<li><span data-contrast=\"none\">Garantire ai consumatori il diritto di riparare i prodotti<\/span><span data-ccp-props=\"{&quot;134233117&quot;:true,&quot;134233118&quot;:true}\">\u00a0<\/span><\/li>\n<li><span data-contrast=\"none\">Migliorare la disponibilit\u00e0 di pezzi di ricambio e manuali di riparazione<\/span><span data-ccp-props=\"{&quot;134233117&quot;:true,&quot;134233118&quot;:true}\">\u00a0<\/span><\/li>\n<li><span data-contrast=\"none\">Rendere le riparazioni pi\u00f9 convenienti e attraenti<\/span><span data-ccp-props=\"{&quot;134233117&quot;:true,&quot;134233118&quot;:true}\">\u00a0<\/span><\/li>\n<li><span data-contrast=\"none\">Prolungare la vita dei prodotti e ridurre i rifiuti elettronici<\/span><span data-ccp-props=\"{&quot;134233117&quot;:true,&quot;134233118&quot;:true}\">\u00a0<\/span><\/li>\n<\/ul>\n<p><span data-contrast=\"none\">Questa direttiva integra il regolamento sull&#8217;Ecodesign e la direttiva 2024\/825 per rafforzare i consumatori nel cambiamento ecologico.<\/span><span data-ccp-props=\"{&quot;134233117&quot;:true,&quot;134233118&quot;:true,&quot;335559685&quot;:720}\">\u00a0<\/span><\/p>\n<p>&nbsp;<\/p>\n<p>[\/et_pb_text][\/et_pb_column][\/et_pb_row][\/et_pb_section][et_pb_section fb_built=&#8221;1&#8243; _builder_version=&#8221;4.17.4&#8243; _module_preset=&#8221;default&#8221; global_colors_info=&#8221;{}&#8221;][et_pb_row _builder_version=&#8221;4.17.4&#8243; _module_preset=&#8221;default&#8221; custom_padding=&#8221;9px|||||&#8221; global_colors_info=&#8221;{}&#8221;][et_pb_column type=&#8221;4_4&#8243; _builder_version=&#8221;4.17.4&#8243; _module_preset=&#8221;default&#8221; global_colors_info=&#8221;{}&#8221;][et_pb_image src=&#8221;https:\/\/terra-institute.eu\/it\/wp-content\/uploads\/2024\/07\/Water-resources-environment.jpg&#8221; alt=&#8221;Ein Fluss m\u00fcndet an einem Strandabschnitt ins Meer.&#8221; title_text=&#8221; A river flows into the sea at a beach.&#8221; _builder_version=&#8221;4.22.2&#8243; _module_preset=&#8221;default&#8221; global_colors_info=&#8221;{}&#8221;][\/et_pb_image][\/et_pb_column][\/et_pb_row][\/et_pb_section][et_pb_section fb_built=&#8221;1&#8243; module_id=&#8221;come&#8221; _builder_version=&#8221;4.27.4&#8243; _module_preset=&#8221;default&#8221; global_colors_info=&#8221;{}&#8221;][et_pb_row _builder_version=&#8221;4.27.4&#8243; _module_preset=&#8221;default&#8221; custom_padding=&#8221;9px|||||&#8221; global_colors_info=&#8221;{}&#8221;][et_pb_column type=&#8221;4_4&#8243; _builder_version=&#8221;4.17.4&#8243; _module_preset=&#8221;default&#8221; global_colors_info=&#8221;{}&#8221;][et_pb_text _builder_version=&#8221;4.27.4&#8243; _module_preset=&#8221;default&#8221; global_colors_info=&#8221;{}&#8221;]<\/p>\n<h3><span><span data-contrast=\"none\" xml:lang=\"DE-DE\" lang=\"DE-DE\" class=\"TextRun SCXW51349025 BCX4\"><span class=\"NormalTextRun SCXW51349025 BCX4\">COME <\/span><span class=\"NormalTextRun SpellingErrorV2Themed SCXW51349025 BCX4\">POSSONO<\/span><span class=\"NormalTextRun SCXW51349025 BCX4\"> <\/span><span class=\"NormalTextRun SpellingErrorV2Themed SCXW51349025 BCX4\">BENEFICIARE<\/span><span class=\"NormalTextRun SCXW51349025 BCX4\"> LE <\/span><span class=\"NormalTextRun SpellingErrorV2Themed SCXW51349025 BCX4\">CLIENTI<\/span><span class=\"NormalTextRun SCXW51349025 BCX4\"> E I <\/span><span class=\"NormalTextRun SpellingErrorV2Themed SCXW51349025 BCX4\">CLIENTI<\/span><span class=\"NormalTextRun SCXW51349025 BCX4\"> DELLA <\/span><span class=\"NormalTextRun SpellingErrorV2Themed SCXW51349025 BCX4\">NOSTRA<\/span><span class=\"NormalTextRun SCXW51349025 BCX4\"> <\/span><span class=\"NormalTextRun SpellingErrorV2Themed SCXW51349025 BCX4\">ESPERIENZA<\/span><span class=\"NormalTextRun SCXW51349025 BCX4\">?<\/span><\/span><span class=\"EOP SCXW51349025 BCX4\" data-ccp-props=\"{&quot;134233117&quot;:true,&quot;134233118&quot;:true}\">\u00a0<\/span><\/span><\/h3>\n<p>[\/et_pb_text][et_pb_text _builder_version=&#8221;4.27.4&#8243; _module_preset=&#8221;default&#8221; global_colors_info=&#8221;{}&#8221;]<\/p>\n<p><span data-contrast=\"none\">\u2714<\/span> <b><span data-contrast=\"none\">Competitivit\u00e0 e Risparmio sui Costi<\/span><\/b><span data-contrast=\"none\">: Attraverso il principio circolare, la tua azienda pu\u00f2 ridurre i costi mediante un uso efficiente delle risorse e nuovi modelli di business.<\/span><span data-ccp-props=\"{&quot;134233117&quot;:true,&quot;134233118&quot;:true}\">\u00a0<\/span><\/p>\n<p><span data-contrast=\"none\">\u2714<\/span> <b><span data-contrast=\"none\">Requisiti della Catena di Fornitura e Trasparenza<\/span><\/b><span data-contrast=\"none\">: Sempre pi\u00f9 aziende richiedono ai loro fornitori soluzioni sostenibili per migliorare la propria bilancia CO\u2082. Le strategie circolari permettono una migliore posizione nelle catene di fornitura sostenibili.<\/span><span data-ccp-props=\"{&quot;134233117&quot;:true,&quot;134233118&quot;:true}\">\u00a0<\/span><\/p>\n<p><span data-contrast=\"none\">\u2714<\/span> <b><span data-contrast=\"none\">Materie Prime e Risorse<\/span><\/b><span data-contrast=\"none\">: Le limitate risorse minerarie dell&#8217;Europa rendono l&#8217;economia circolare sempre pi\u00f9 importante. Migliora l&#8217;efficienza delle risorse, riduce la dipendenza dalle importazioni e rafforza la sicurezza dell&#8217;approvvigionamento. Le aziende che adottano modelli circolari si assicurano un vantaggio strategico in tempi di risorse sempre pi\u00f9 scarse.<\/span><span data-ccp-props=\"{&quot;134233117&quot;:true,&quot;134233118&quot;:true}\">\u00a0<\/span><\/p>\n<p><span data-contrast=\"none\">\u2714<\/span> <b><span data-contrast=\"none\">Aspettative degli Stakeholder e Reputazione del Marchio<\/span><\/b><span data-contrast=\"none\">: Clienti, investitori e dipendenti attribuiscono sempre pi\u00f9 valore alla sostenibilit\u00e0. Le aziende che implementano con successo l&#8217;economia circolare migliorano la loro reputazione e attrattiva per i talenti.<\/span><span data-ccp-props=\"{&quot;134233117&quot;:true,&quot;134233118&quot;:true}\">\u00a0<\/span><\/p>\n<p><span data-contrast=\"none\">\u2714<\/span> <b><span data-contrast=\"none\">Tendenze Sociali<\/span><\/b><span data-contrast=\"none\">: L&#8217;economia circolare risponde alle attuali tendenze sociali come l&#8217;economia della condivisione. I clienti preferiscono sempre pi\u00f9 modelli basati sulla condivisione, il riutilizzo e la riparazione.<\/span><span data-ccp-props=\"{&quot;134233117&quot;:true,&quot;134233118&quot;:true}\">\u00a0<\/span><\/p>\n<p><span data-contrast=\"none\">\u2714<\/span> <b><span data-contrast=\"none\">Sicurezza Futura e Gestione del Rischio<\/span><\/b><span data-contrast=\"none\">: La scarsit\u00e0 di materie prime e l&#8217;aumento delle normative ambientali rappresentano rischi significativi. Le aziende che adottano precocemente modelli circolari si proteggono a lungo termine e riducono gli impatti ambientali come la quantit\u00e0 di rifiuti, le emissioni di gas serra e la perdita di biodiversit\u00e0 causate dall&#8217;economia lineare.<\/span><span data-ccp-props=\"{&quot;134233117&quot;:true,&quot;134233118&quot;:true}\">\u00a0<\/span><\/p>\n<p>[\/et_pb_text][\/et_pb_column][\/et_pb_row][\/et_pb_section][et_pb_section fb_built=&#8221;1&#8243; module_id=&#8221;perche&#8221; _builder_version=&#8221;4.27.4&#8243; _module_preset=&#8221;default&#8221; background_color=&#8221;#79a9b6&#8243; global_colors_info=&#8221;{}&#8221;][et_pb_row _builder_version=&#8221;4.17.4&#8243; _module_preset=&#8221;default&#8221; custom_padding=&#8221;||0px|||&#8221; global_colors_info=&#8221;{}&#8221;][et_pb_column type=&#8221;4_4&#8243; _builder_version=&#8221;4.17.4&#8243; _module_preset=&#8221;default&#8221; global_colors_info=&#8221;{}&#8221;][et_pb_text module_id=&#8221;vorteile-fuer-kunden&#8221; _builder_version=&#8221;4.27.4&#8243; _module_preset=&#8221;default&#8221; text_text_color=&#8221;#FFFFFF&#8221; header_2_text_color=&#8221;#FFFFFF&#8221; header_2_font_size=&#8221;32px&#8221; width=&#8221;100%&#8221; custom_padding=&#8221;|0px|||false|false&#8221; global_colors_info=&#8221;{}&#8221;]<\/p>\n<h3><span style=\"color: #ffffff;\">Perch\u00e9 con Terra?<\/span><\/h3>\n<p>[\/et_pb_text][\/et_pb_column][\/et_pb_row][et_pb_row _builder_version=&#8221;4.17.4&#8243; _module_preset=&#8221;default&#8221; custom_padding=&#8221;3px|||||&#8221; global_colors_info=&#8221;{}&#8221;][et_pb_column type=&#8221;4_4&#8243; _builder_version=&#8221;4.17.4&#8243; _module_preset=&#8221;default&#8221; global_colors_info=&#8221;{}&#8221;][et_pb_image src=&#8221;https:\/\/terra-institute.eu\/it\/wp-content\/uploads\/2023\/05\/Terra-Group-1-scaled-e1685009635665-2.jpg&#8221; title_text=&#8221;Terra-Group&#8221; _builder_version=&#8221;4.17.4&#8243; _module_preset=&#8221;default&#8221; global_colors_info=&#8221;{}&#8221;][\/et_pb_image][et_pb_text module_id=&#8221;beratung&#8221; _builder_version=&#8221;4.27.4&#8243; _module_preset=&#8221;default&#8221; text_text_color=&#8221;#FFFFFF&#8221; header_2_text_color=&#8221;#FFFFFF&#8221; custom_padding=&#8221;||19px|||&#8221; global_colors_info=&#8221;{}&#8221;]<\/p>\n<p class=\"my-0\">In qualit\u00e0 di partner per la <strong>trasformazione sostenibile<\/strong>, il Terra Institute vi supporta nella comprensione e nell\u2019implementazione dei <strong>principi dell\u2019economia circolare<\/strong>.<br \/>Il nostro approccio comprende:<\/p>\n<ul class=\"marker:text-textOff list-disc\">\n<li>\n<p class=\"my-0\"><strong>Consulenza sulla strategia di sostenibilit\u00e0<\/strong><\/p>\n<\/li>\n<li>\n<p class=\"my-0\">Formazione <strong>ESG<\/strong><\/p>\n<\/li>\n<li>\n<p class=\"my-0\"><strong>Bilancio delle emissioni di gas serra (CO\u2082)<\/strong> e strategie di decarbonizzazione<\/p>\n<\/li>\n<li>\n<p class=\"my-0\">Sviluppo di <strong>concetti per l\u2019economia circolare<\/strong><\/p>\n<\/li>\n<\/ul>\n<p class=\"my-0\">Con oltre un decennio di esperienza, il Terra Institute \u00e8 un partner competente nello sviluppo di una <strong>\u201cCircular Culture\u201d<\/strong>.<\/p>\n<p class=\"my-0\">Il nostro <strong>approccio unico<\/strong>:<\/p>\n<ul class=\"marker:text-textOff list-disc\">\n<li>\n<p class=\"my-0\">Trasmettiamo nuovi modi di pensare e strumenti per la <strong>transizione verso l\u2019economia circolare<\/strong>.<\/p>\n<\/li>\n<li>\n<p class=\"my-0\">Analizziamo la catena del valore e identifichiamo i <strong>potenziali circolari<\/strong>.<\/p>\n<\/li>\n<li>\n<p class=\"my-0\">Coinvolgiamo gli <strong>stakeholder<\/strong> rilevanti.<\/p>\n<\/li>\n<li>\n<p class=\"my-0\">Sviluppiamo <strong>concetti circolari<\/strong> per prodotti e servizi.<\/p>\n<\/li>\n<li>\n<p class=\"my-0\">Supportiamo la trasformazione con nuovi <strong>modelli di business<\/strong> e innovazioni.<\/p>\n<\/li>\n<\/ul>\n<p class=\"my-0\"><strong>Grazie al nostro approccio olistico e alla nostra lunga esperienza<\/strong>, troviamo insieme <strong>soluzioni fondamentalmente migliori<\/strong> per la vostra azienda.<\/p>\n<p>[\/et_pb_text][\/et_pb_column][\/et_pb_row][\/et_pb_section][et_pb_section fb_built=&#8221;1&#8243; _builder_version=&#8221;4.16&#8243; _module_preset=&#8221;default&#8221; custom_padding=&#8221;20px||28px|||&#8221; locked=&#8221;off&#8221; global_colors_info=&#8221;{}&#8221;][et_pb_row _builder_version=&#8221;4.16&#8243; _module_preset=&#8221;default&#8221; global_colors_info=&#8221;{}&#8221;][et_pb_column type=&#8221;4_4&#8243; _builder_version=&#8221;4.16&#8243; _module_preset=&#8221;default&#8221; global_colors_info=&#8221;{}&#8221;][et_pb_text _builder_version=&#8221;4.22.2&#8243; _module_preset=&#8221;default&#8221; header_font_size=&#8221;42px&#8221; header_line_height=&#8221;1.1em&#8221; header_2_font_size=&#8221;42px&#8221; animation_style=&#8221;fade&#8221; global_colors_info=&#8221;{}&#8221;]<\/p>\n<h2>LE AZIENDE<br \/>\n<span style=\"color: #79a9b6;\">CHE CI HANNO SCELTO<\/span><\/h2>\n<p>[\/et_pb_text][\/et_pb_column][\/et_pb_row][et_pb_row use_custom_gutter=&#8221;on&#8221; gutter_width=&#8221;1&#8243; make_equal=&#8221;on&#8221; _builder_version=&#8221;4.16&#8243; _module_preset=&#8221;default&#8221; custom_margin=&#8221;|auto|30px|auto||&#8221; custom_padding=&#8221;0px||0px|||&#8221; border_color_all=&#8221;rgba(125,113,104,0.25)&#8221; border_width_top=&#8221;1px&#8221; border_color_top=&#8221;#e2e2e2&#8243; border_width_bottom=&#8221;1px&#8221; border_color_bottom=&#8221;#e2e2e2&#8243; global_colors_info=&#8221;{}&#8221;][et_pb_column type=&#8221;4_4&#8243; _builder_version=&#8221;4.16&#8243; _module_preset=&#8221;default&#8221; global_colors_info=&#8221;{}&#8221;][wdcl_logo_carousel autoplay_speed=&#8221;1100ms&#8221; slide_count=&#8221;4&#8243; logo_height=&#8221;109px&#8221; logo_width=&#8221;112px&#8221; _builder_version=&#8221;4.27.4&#8243; _module_preset=&#8221;default&#8221; global_colors_info=&#8221;{}&#8221; global_module=&#8221;254709&#8243; theme_builder_area=&#8221;post_content&#8221;][wdcl_logo_carousel_child logo=&#8221;https:\/\/terra-institute.eu\/wp-content\/uploads\/2021\/05\/a.loacker-web-768&#215;302-1.jpg&#8221; _builder_version=&#8221;4.22.1&#8243; _module_preset=&#8221;default&#8221; global_colors_info=&#8221;{}&#8221; theme_builder_area=&#8221;post_content&#8221;][\/wdcl_logo_carousel_child][wdcl_logo_carousel_child logo=&#8221;https:\/\/terra-institute.eu\/wp-content\/uploads\/2021\/05\/apparatebau.png&#8221; _builder_version=&#8221;4.22.1&#8243; _module_preset=&#8221;default&#8221; global_colors_info=&#8221;{}&#8221; theme_builder_area=&#8221;post_content&#8221;][\/wdcl_logo_carousel_child][wdcl_logo_carousel_child logo=&#8221;https:\/\/terra-institute.eu\/wp-content\/uploads\/2021\/05\/apus.png&#8221; _builder_version=&#8221;4.22.1&#8243; _module_preset=&#8221;default&#8221; global_colors_info=&#8221;{}&#8221; theme_builder_area=&#8221;post_content&#8221;][\/wdcl_logo_carousel_child][wdcl_logo_carousel_child logo=&#8221;https:\/\/terra-institute.eu\/wp-content\/uploads\/2021\/05\/bautechnik-1.png&#8221; _builder_version=&#8221;4.22.1&#8243; _module_preset=&#8221;default&#8221; global_colors_info=&#8221;{}&#8221; theme_builder_area=&#8221;post_content&#8221;][\/wdcl_logo_carousel_child][wdcl_logo_carousel_child logo=&#8221;https:\/\/terra-institute.eu\/wp-content\/uploads\/2021\/05\/biosuedtirol.jpg&#8221; _builder_version=&#8221;4.22.1&#8243; _module_preset=&#8221;default&#8221; global_colors_info=&#8221;{}&#8221; theme_builder_area=&#8221;post_content&#8221;][\/wdcl_logo_carousel_child][wdcl_logo_carousel_child logo=&#8221;https:\/\/terra-institute.eu\/wp-content\/uploads\/2021\/05\/ecor-300&#215;141-1.jpg&#8221; _builder_version=&#8221;4.22.1&#8243; _module_preset=&#8221;default&#8221; global_colors_info=&#8221;{}&#8221; theme_builder_area=&#8221;post_content&#8221;][\/wdcl_logo_carousel_child][wdcl_logo_carousel_child logo=&#8221;https:\/\/terra-institute.eu\/wp-content\/uploads\/2021\/05\/ehrmann.png&#8221; _builder_version=&#8221;4.22.1&#8243; _module_preset=&#8221;default&#8221; global_colors_info=&#8221;{}&#8221; theme_builder_area=&#8221;post_content&#8221;][\/wdcl_logo_carousel_child][wdcl_logo_carousel_child logo=&#8221;https:\/\/terra-institute.eu\/wp-content\/uploads\/2021\/05\/fondital-768&#215;269-1.jpg&#8221; _builder_version=&#8221;4.22.1&#8243; _module_preset=&#8221;default&#8221; global_colors_info=&#8221;{}&#8221; theme_builder_area=&#8221;post_content&#8221;][\/wdcl_logo_carousel_child][wdcl_logo_carousel_child logo=&#8221;https:\/\/terra-institute.eu\/wp-content\/uploads\/2021\/05\/hochland.jpg&#8221; _builder_version=&#8221;4.22.1&#8243; _module_preset=&#8221;default&#8221; global_colors_info=&#8221;{}&#8221; theme_builder_area=&#8221;post_content&#8221;][\/wdcl_logo_carousel_child][wdcl_logo_carousel_child logo=&#8221;https:\/\/terra-institute.eu\/wp-content\/uploads\/2021\/05\/holziusITA.png&#8221; _builder_version=&#8221;4.22.1&#8243; _module_preset=&#8221;default&#8221; global_colors_info=&#8221;{}&#8221; theme_builder_area=&#8221;post_content&#8221;][\/wdcl_logo_carousel_child][wdcl_logo_carousel_child logo=&#8221;https:\/\/terra-institute.eu\/wp-content\/uploads\/2023\/04\/improove.jpg&#8221; _builder_version=&#8221;4.22.1&#8243; _module_preset=&#8221;default&#8221; global_colors_info=&#8221;{}&#8221; theme_builder_area=&#8221;post_content&#8221;][\/wdcl_logo_carousel_child][wdcl_logo_carousel_child logo=&#8221;https:\/\/terra-institute.eu\/wp-content\/uploads\/2021\/05\/blum.png&#8221; _builder_version=&#8221;4.22.1&#8243; _module_preset=&#8221;default&#8221; global_colors_info=&#8221;{}&#8221; theme_builder_area=&#8221;post_content&#8221;][\/wdcl_logo_carousel_child][wdcl_logo_carousel_child logo=&#8221;https:\/\/terra-institute.eu\/wp-content\/uploads\/2021\/05\/Lilly-Logo.svg_-768&#215;428-1.png&#8221; _builder_version=&#8221;4.22.1&#8243; _module_preset=&#8221;default&#8221; global_colors_info=&#8221;{}&#8221; theme_builder_area=&#8221;post_content&#8221;][\/wdcl_logo_carousel_child][wdcl_logo_carousel_child logo=&#8221;https:\/\/terra-institute.eu\/wp-content\/uploads\/2021\/05\/OLI-1.png&#8221; _builder_version=&#8221;4.22.1&#8243; _module_preset=&#8221;default&#8221; global_colors_info=&#8221;{}&#8221; theme_builder_area=&#8221;post_content&#8221;][\/wdcl_logo_carousel_child][wdcl_logo_carousel_child logo=&#8221;https:\/\/terra-institute.eu\/wp-content\/uploads\/2021\/05\/RAFFMETAL.jpg&#8221; _builder_version=&#8221;4.22.1&#8243; _module_preset=&#8221;default&#8221; global_colors_info=&#8221;{}&#8221; theme_builder_area=&#8221;post_content&#8221;][\/wdcl_logo_carousel_child][wdcl_logo_carousel_child logo=&#8221;https:\/\/terra-institute.eu\/wp-content\/uploads\/2021\/05\/rubner-haus.jpg&#8221; _builder_version=&#8221;4.22.1&#8243; _module_preset=&#8221;default&#8221; global_colors_info=&#8221;{}&#8221; theme_builder_area=&#8221;post_content&#8221;][\/wdcl_logo_carousel_child][wdcl_logo_carousel_child logo=&#8221;https:\/\/terra-institute.eu\/wp-content\/uploads\/2021\/05\/TEAM7.jpg&#8221; _builder_version=&#8221;4.24.0&#8243; _module_preset=&#8221;default&#8221; global_colors_info=&#8221;{}&#8221; theme_builder_area=&#8221;post_content&#8221;][\/wdcl_logo_carousel_child][wdcl_logo_carousel_child logo=&#8221;https:\/\/terra-institute.eu\/wp-content\/uploads\/2021\/05\/techno-alpin.png&#8221; _builder_version=&#8221;4.22.1&#8243; _module_preset=&#8221;default&#8221; global_colors_info=&#8221;{}&#8221; theme_builder_area=&#8221;post_content&#8221;][\/wdcl_logo_carousel_child][wdcl_logo_carousel_child logo=&#8221;https:\/\/terra-institute.eu\/wp-content\/uploads\/2021\/05\/therme-meran.png&#8221; _builder_version=&#8221;4.22.1&#8243; _module_preset=&#8221;default&#8221; global_colors_info=&#8221;{}&#8221; theme_builder_area=&#8221;post_content&#8221;][\/wdcl_logo_carousel_child][wdcl_logo_carousel_child logo=&#8221;https:\/\/terra-institute.eu\/wp-content\/uploads\/2021\/05\/transgourmet.jpg&#8221; _builder_version=&#8221;4.24.0&#8243; _module_preset=&#8221;default&#8221; global_colors_info=&#8221;{}&#8221; theme_builder_area=&#8221;post_content&#8221;][\/wdcl_logo_carousel_child][wdcl_logo_carousel_child logo=&#8221;https:\/\/terra-institute.eu\/wp-content\/uploads\/2023\/10\/beurer.png&#8221; logo_alt=&#8221;Beurer Logo&#8221; _builder_version=&#8221;4.22.1&#8243; _module_preset=&#8221;default&#8221; global_colors_info=&#8221;{}&#8221; theme_builder_area=&#8221;post_content&#8221;][\/wdcl_logo_carousel_child][wdcl_logo_carousel_child logo=&#8221;https:\/\/terra-institute.eu\/wp-content\/uploads\/2023\/10\/dr.-schaer.png&#8221; logo_alt=&#8221;Dr. Sch\u00e4r Logo&#8221; _builder_version=&#8221;4.22.1&#8243; _module_preset=&#8221;default&#8221; global_colors_info=&#8221;{}&#8221; theme_builder_area=&#8221;post_content&#8221;][\/wdcl_logo_carousel_child][wdcl_logo_carousel_child logo=&#8221;https:\/\/terra-institute.eu\/wp-content\/uploads\/2023\/10\/dolomiti-superski.jpg&#8221; logo_alt=&#8221;Dolomiti Superski Logo&#8221; _builder_version=&#8221;4.22.1&#8243; _module_preset=&#8221;default&#8221; global_colors_info=&#8221;{}&#8221; theme_builder_area=&#8221;post_content&#8221;][\/wdcl_logo_carousel_child][wdcl_logo_carousel_child logo=&#8221;https:\/\/terra-institute.eu\/wp-content\/uploads\/2023\/10\/severin.jpg&#8221; logo_alt=&#8221;Severin Logo&#8221; _builder_version=&#8221;4.22.1&#8243; _module_preset=&#8221;default&#8221; global_colors_info=&#8221;{}&#8221; theme_builder_area=&#8221;post_content&#8221;][\/wdcl_logo_carousel_child][wdcl_logo_carousel_child logo=&#8221;https:\/\/terra-institute.eu\/wp-content\/uploads\/2023\/10\/swiss-post.jpg&#8221; logo_alt=&#8221;Swiss Post Logo&#8221; _builder_version=&#8221;4.22.1&#8243; _module_preset=&#8221;default&#8221; global_colors_info=&#8221;{}&#8221; theme_builder_area=&#8221;post_content&#8221;][\/wdcl_logo_carousel_child][wdcl_logo_carousel_child logo=&#8221;https:\/\/terra-institute.eu\/wp-content\/uploads\/2023\/10\/stiegl.jpg&#8221; logo_alt=&#8221;Stiegl Logo&#8221; _builder_version=&#8221;4.22.1&#8243; _module_preset=&#8221;default&#8221; global_colors_info=&#8221;{}&#8221; theme_builder_area=&#8221;post_content&#8221;][\/wdcl_logo_carousel_child][wdcl_logo_carousel_child logo=&#8221;https:\/\/terra-institute.eu\/wp-content\/uploads\/2023\/10\/felbermayr.png&#8221; logo_alt=&#8221;Felbermayr Logo&#8221; _builder_version=&#8221;4.22.1&#8243; _module_preset=&#8221;default&#8221; global_colors_info=&#8221;{}&#8221; theme_builder_area=&#8221;post_content&#8221;][\/wdcl_logo_carousel_child][wdcl_logo_carousel_child logo=&#8221;https:\/\/terra-institute.eu\/wp-content\/uploads\/2023\/10\/zato.jpg&#8221; logo_alt=&#8221;Zato Logo&#8221; _builder_version=&#8221;4.22.1&#8243; _module_preset=&#8221;default&#8221; global_colors_info=&#8221;{}&#8221; theme_builder_area=&#8221;post_content&#8221;][\/wdcl_logo_carousel_child][wdcl_logo_carousel_child logo=&#8221;https:\/\/terra-institute.eu\/wp-content\/uploads\/2023\/10\/mepol-logo.png&#8221; logo_alt=&#8221;Mepol Logo&#8221; _builder_version=&#8221;4.22.1&#8243; _module_preset=&#8221;default&#8221; global_colors_info=&#8221;{}&#8221; theme_builder_area=&#8221;post_content&#8221;][\/wdcl_logo_carousel_child][wdcl_logo_carousel_child logo=&#8221;https:\/\/terra-institute.eu\/wp-content\/uploads\/2023\/10\/Obi.png&#8221; logo_alt=&#8221;Obi Logo&#8221; _builder_version=&#8221;4.22.1&#8243; _module_preset=&#8221;default&#8221; global_colors_info=&#8221;{}&#8221; theme_builder_area=&#8221;post_content&#8221;][\/wdcl_logo_carousel_child][wdcl_logo_carousel_child logo=&#8221;https:\/\/terra-institute.eu\/wp-content\/uploads\/2023\/10\/Patagonia.png&#8221; logo_alt=&#8221;Patagonia Logo&#8221; _builder_version=&#8221;4.22.1&#8243; _module_preset=&#8221;default&#8221; global_colors_info=&#8221;{}&#8221; theme_builder_area=&#8221;post_content&#8221;][\/wdcl_logo_carousel_child][wdcl_logo_carousel_child logo=&#8221;https:\/\/terra-institute.eu\/wp-content\/uploads\/2023\/10\/mazars.png&#8221; logo_alt=&#8221;Mazars Logo&#8221; _builder_version=&#8221;4.22.1&#8243; _module_preset=&#8221;default&#8221; global_colors_info=&#8221;{}&#8221; theme_builder_area=&#8221;post_content&#8221;][\/wdcl_logo_carousel_child][wdcl_logo_carousel_child logo=&#8221;https:\/\/terra-institute.eu\/wp-content\/uploads\/2023\/10\/Hamburger-Sparkasse-haspa.png&#8221; logo_alt=&#8221;Haspa Logo&#8221; _builder_version=&#8221;4.22.1&#8243; _module_preset=&#8221;default&#8221; global_colors_info=&#8221;{}&#8221; theme_builder_area=&#8221;post_content&#8221;][\/wdcl_logo_carousel_child][wdcl_logo_carousel_child logo=&#8221;https:\/\/terra-institute.eu\/wp-content\/uploads\/2023\/10\/oberbank.png&#8221; logo_alt=&#8221;Oberbank Logo&#8221; _builder_version=&#8221;4.22.1&#8243; _module_preset=&#8221;default&#8221; global_colors_info=&#8221;{}&#8221; theme_builder_area=&#8221;post_content&#8221;][\/wdcl_logo_carousel_child][wdcl_logo_carousel_child logo=&#8221;https:\/\/terra-institute.eu\/it\/wp-content\/uploads\/2025\/10\/logo_1117srls-e1760593136709.jpg&#8221; _builder_version=&#8221;4.27.4&#8243; _module_preset=&#8221;default&#8221; global_colors_info=&#8221;{}&#8221; theme_builder_area=&#8221;post_content&#8221;][\/wdcl_logo_carousel_child][\/wdcl_logo_carousel][\/et_pb_column][\/et_pb_row][\/et_pb_section][et_pb_section fb_built=&#8221;1&#8243; module_id=&#8221;qual&#8221; _builder_version=&#8221;4.27.4&#8243; _module_preset=&#8221;default&#8221; min_height=&#8221;633.2px&#8221; global_colors_info=&#8221;{}&#8221;][et_pb_row _builder_version=&#8221;4.17.4&#8243; _module_preset=&#8221;default&#8221; min_height=&#8221;345.1px&#8221; custom_padding=&#8221;9px|||||&#8221; global_colors_info=&#8221;{}&#8221;][et_pb_column type=&#8221;4_4&#8243; _builder_version=&#8221;4.17.4&#8243; _module_preset=&#8221;default&#8221; global_colors_info=&#8221;{}&#8221;][et_pb_text _builder_version=&#8221;4.27.4&#8243; _module_preset=&#8221;default&#8221; custom_margin=&#8221;||-2px|||&#8221; global_colors_info=&#8221;{}&#8221;]<\/p>\n<h3><span class=\"NormalTextRun SCXW127128278 BCX4\">Qual \u00e8 il <\/span><span class=\"NormalTextRun SpellingErrorV2Themed SpellingErrorHighlight SCXW127128278 BCX4\">nostro<\/span><span class=\"NormalTextRun SCXW127128278 BCX4\"> <\/span><span class=\"NormalTextRun SpellingErrorV2Themed SCXW127128278 BCX4\">approccio<\/span><span class=\"NormalTextRun SCXW127128278 BCX4\">?<\/span><\/h3>\n<p>[\/et_pb_text][et_pb_text module_id=&#8221;ablauf&#8221; _builder_version=&#8221;4.27.4&#8243; _module_preset=&#8221;default&#8221; header_2_font_size=&#8221;32px&#8221; global_colors_info=&#8221;{}&#8221;]<\/p>\n<p><span data-contrast=\"auto\">Il Terra Institute offre un approccio completo e graduale per l\u2019implementazione dell\u2019economia circolare nella vostra azienda, che va dall\u2019analisi dello stato attuale fino allo sviluppo di modelli di business sostenibili. Un elemento centrale di questo approccio \u00e8 il Life Cycle Assessment (LCA), che serve come strumento importante per lo sviluppo di indicatori e l\u2019ottimizzazione dei concetti di economia circolare.<\/span><span data-ccp-props=\"{}\">\u00a0<\/span><\/p>\n<p><span data-ccp-props=\"{}\"><\/span><\/p>\n<p><strong>1. <\/strong><a href=\"#CBA\"><b><span data-contrast=\"auto\"><strong>Anali<\/strong>si dello stato attuale:<\/span><\/b><\/a><span data-contrast=\"auto\">\u202flungo la catena del valore dell\u2019azienda. Valutazione dei potenziali circolari, identificazione del Lost Value e delle inefficienze critiche dalla prospettiva dell\u2019economia circolare. Qui vengono utilizzati, tra gli altri, i metodi LCA per consentire una valutazione olistica dell\u2019impatto ambientale e della sostenibilit\u00e0.<\/span><span data-ccp-props=\"{}\">\u00a0<\/span><\/p>\n<p><b><span data-contrast=\"auto\">2. <a href=\"#10Rs\">Consulenza strategica:<\/a><\/span><\/b><span data-contrast=\"auto\">\u202fsviluppo e implementazione di strategie individuali di economia circolare, basate sulle conoscenze acquisite tramite il LCA.<\/span><span data-ccp-props=\"{}\">\u00a0<\/span><\/p>\n<p><b><span data-contrast=\"auto\">3. Consulenza per lo sviluppo di prodotti circolari:<\/span><\/b><span data-contrast=\"auto\">\u202fsupporto nella progettazione di prodotti durevoli, riparabili e riciclabili.<\/span><span data-ccp-props=\"{}\">\u00a0<\/span><\/p>\n<p><b><span data-contrast=\"auto\">4. Formazione &amp; workshop:<\/span><\/b><span data-contrast=\"auto\">\u202fsensibilizzazione e qualificazione dei dipendenti sui principi dell\u2019economia circolare.<\/span><span data-ccp-props=\"{}\">\u00a0<\/span><\/p>\n<p><b><span data-contrast=\"auto\">5. Supporto nel supply chain management:<\/span><\/b><span data-contrast=\"auto\">\u202fottimizzazione delle catene di fornitura secondo i principi dell\u2019economia circolare e della sostenibilit\u00e0.<\/span><\/p>\n<p><b><span data-contrast=\"auto\">6. Sviluppo di modelli di business:<\/span><\/b><span data-contrast=\"auto\">\u202fimplementazione di nuovi modelli di business sostenibili come l\u2019estensione della durata di vita, il sharing, il prodotto come servizio e la valorizzazione a fine ciclo di vita.<\/span><span data-ccp-props=\"{}\">\u00a0<\/span><\/p>\n<p><b><span data-contrast=\"auto\">7. Consulenza normativa:<\/span><\/b><span data-contrast=\"auto\">\u202fsupporto nella conformit\u00e0 ai requisiti legali sull\u2019economia circolare.<\/span><span data-ccp-props=\"{}\">\u00a0<\/span><\/p>\n<p><span data-contrast=\"auto\"><\/span><\/p>\n<p><span data-contrast=\"auto\">Riceverete una strategia solida per l\u2019integrazione dell\u2019economia circolare con raccomandazioni d\u2019azione concrete.<\/span><span data-ccp-props=\"{}\">\u00a0<\/span><\/p>\n<p>[\/et_pb_text][et_pb_button button_url=&#8221;#kontakt&#8221; button_text=&#8221;Inizia con una valutazione iniziale! \u2193&#8221; _builder_version=&#8221;4.27.4&#8243; _module_preset=&#8221;default&#8221; custom_button=&#8221;on&#8221; button_text_size=&#8221;16px&#8221; button_text_color=&#8221;#FFFFFF&#8221; button_bg_color=&#8221;#428ca6&#8243; background_layout=&#8221;dark&#8221; global_colors_info=&#8221;{}&#8221; button_text_color__hover_enabled=&#8221;off|desktop&#8221;][\/et_pb_button][\/et_pb_column][\/et_pb_row][\/et_pb_section][et_pb_section fb_built=&#8221;1&#8243; disabled_on=&#8221;off|off|off&#8221; module_id=&#8221;CBA&#8221; _builder_version=&#8221;4.27.4&#8243; _module_preset=&#8221;default&#8221; background_color=&#8221;#79a9b6&#8243; custom_padding=&#8221;||18px|||&#8221; global_colors_info=&#8221;{}&#8221;][et_pb_row _builder_version=&#8221;4.17.4&#8243; _module_preset=&#8221;default&#8221; custom_padding=&#8221;||0px|||&#8221; global_colors_info=&#8221;{}&#8221;][et_pb_column type=&#8221;4_4&#8243; _builder_version=&#8221;4.17.4&#8243; _module_preset=&#8221;default&#8221; global_colors_info=&#8221;{}&#8221;][et_pb_text module_id=&#8221;zusammenarbeit-mit-terra&#8221; _builder_version=&#8221;4.27.4&#8243; _module_preset=&#8221;default&#8221; text_text_color=&#8221;#FFFFFF&#8221; header_2_text_color=&#8221;#FFFFFF&#8221; header_2_font_size=&#8221;32px&#8221; custom_padding=&#8221;||19px|||&#8221; global_colors_info=&#8221;{}&#8221;]<\/p>\n<h3><span style=\"color: #ffffff;\">OFFERTA PER LE AZIENDE IN GERMANIA: IL CIRCULAR BUSINESS ASSESSMENT\u00a0<\/span><\/h3>\n<p>[\/et_pb_text][\/et_pb_column][\/et_pb_row][et_pb_row column_structure=&#8221;1_2,1_2&#8243; _builder_version=&#8221;4.17.4&#8243; _module_preset=&#8221;default&#8221; width=&#8221;85%&#8221; max_width=&#8221;1074px&#8221; custom_margin=&#8221;|auto|||false|false&#8221; custom_padding=&#8221;0px|||||&#8221; global_colors_info=&#8221;{}&#8221;][et_pb_column type=&#8221;1_2&#8243; _builder_version=&#8221;4.17.4&#8243; _module_preset=&#8221;default&#8221; global_colors_info=&#8221;{}&#8221;][et_pb_image src=&#8221;https:\/\/terra-institute.eu\/it\/wp-content\/uploads\/2024\/07\/CBA-Grafik.png&#8221; title_text=&#8221;CBA Grafik&#8221; _builder_version=&#8221;4.22.1&#8243; _module_preset=&#8221;default&#8221; global_colors_info=&#8221;{}&#8221;][\/et_pb_image][et_pb_button button_url=&#8221;#kontakt&#8221; button_text=&#8221;Contattateci ora&#8221; _builder_version=&#8221;4.22.2&#8243; _module_preset=&#8221;default&#8221; custom_button=&#8221;on&#8221; button_text_size=&#8221;16px&#8221; button_text_color=&#8221;#FFFFFF&#8221; button_bg_color=&#8221;#428ca6&#8243; background_layout=&#8221;dark&#8221; global_colors_info=&#8221;{}&#8221; button_text_color__hover_enabled=&#8221;off|desktop&#8221;][\/et_pb_button][\/et_pb_column][et_pb_column type=&#8221;1_2&#8243; _builder_version=&#8221;4.17.4&#8243; _module_preset=&#8221;default&#8221; global_colors_info=&#8221;{}&#8221;][et_pb_text _builder_version=&#8221;4.27.4&#8243; _module_preset=&#8221;default&#8221; text_text_color=&#8221;#FFFFFF&#8221; header_2_text_color=&#8221;#FFFFFF&#8221; custom_padding=&#8221;||19px|||&#8221; global_colors_info=&#8221;{}&#8221;]<\/p>\n<p>\u00a0<span data-contrast=\"auto\">Insieme a One Planet Business, il Terra Institute offre il<\/span><span data-contrast=\"auto\">\u202f<\/span><span data-contrast=\"auto\">Circular Business Assessment<\/span><span data-contrast=\"auto\">\u202f<\/span><span data-contrast=\"auto\">sviluppato dal WWF Germania, per accompagnare le aziende nel loro percorso di trasformazione verso il \u201cCircular Business\u201d. Il CBA mostra alle aziende il loro grado di maturit\u00e0 nell\u2019economia circolare. Attraverso l\u2019assessment, diventa chiaro dove si trova attualmente l\u2019azienda nei suoi sforzi verso la circolarit\u00e0 e come pu\u00f2 migliorare. In un processo di accompagnamento olistico, l\u2019assessment copre ambiti normativi, strategici e operativi: a partire da impatti e dipendenze, rischi e opportunit\u00e0, valuta strategie e obiettivi, cultura aziendale e sistemi di gestione, nonch\u00e9 processi operativi e catene di fornitura.<\/span><span data-ccp-props=\"{}\">\u00a0<\/span><\/p>\n<p><span data-ccp-props=\"{}\">\u00a0<\/span><b><span data-contrast=\"auto\">Valutare l\u2019efficacia in modo trasparente<\/span><\/b><span><br \/><\/span><span data-contrast=\"auto\"><\/span><\/p>\n<p><span data-contrast=\"auto\">Con questo strumento, questi ambiti d\u2019azione e i risultati ottenuti vengono valutati in modo trasparente secondo una moltitudine di criteri. Inoltre, viene considerato in che misura un\u2019azienda si impegna verso gli stakeholder per l\u2019economia circolare e quanto \u00e8 trasparente la sua rendicontazione. Accompagniamo le aziende passo dopo passo attraverso l\u2019assessment e forniamo loro raccomandazioni concrete per il loro piano di trasformazione individuale.<\/span><span data-ccp-props=\"{}\">\u00a0<\/span><\/p>\n<p><span data-contrast=\"auto\">Terra \u00e8 molto lieta della nuova collaborazione con One Planet Business. Le due organizzazioni condividono l\u2019interesse ad accompagnare le aziende in modo orientato all\u2019impatto e sostenibile, che desiderano dare un contributo realmente orientato all\u2019impatto per una maggiore sostenibilit\u00e0.<\/span><span data-ccp-props=\"{}\">\u00a0<\/span><\/p>\n<p>[\/et_pb_text][\/et_pb_column][\/et_pb_row][\/et_pb_section][et_pb_section fb_built=&#8221;1&#8243; module_id=&#8221;10Rs&#8221; _builder_version=&#8221;4.27.4&#8243; _module_preset=&#8221;default&#8221; global_colors_info=&#8221;{}&#8221;][et_pb_row column_structure=&#8221;2_3,1_3&#8243; _builder_version=&#8221;4.17.4&#8243; _module_preset=&#8221;default&#8221; custom_padding=&#8221;||0px|||&#8221; global_colors_info=&#8221;{}&#8221;][et_pb_column type=&#8221;2_3&#8243; _builder_version=&#8221;4.17.4&#8243; _module_preset=&#8221;default&#8221; global_colors_info=&#8221;{}&#8221;][et_pb_text module_id=&#8221;kreislaufwirtschaft-als-leitmodell&#8221; _builder_version=&#8221;4.27.4&#8243; _module_preset=&#8221;default&#8221; header_2_font_size=&#8221;32px&#8221; global_colors_info=&#8221;{}&#8221;]<\/p>\n<h3 dir=\"ltr\"><span>LE 10 R DELL&#8217;ECONOMIA CIRCOLARE COME MODELLO GUIDA PER LA TRASFORMAZIONE CIRCOLARE<\/span><\/h3>\n<p>[\/et_pb_text][\/et_pb_column][et_pb_column type=&#8221;1_3&#8243; _builder_version=&#8221;4.17.4&#8243; _module_preset=&#8221;default&#8221; global_colors_info=&#8221;{}&#8221;][\/et_pb_column][\/et_pb_row][et_pb_row column_structure=&#8221;1_2,1_2&#8243; _builder_version=&#8221;4.17.4&#8243; _module_preset=&#8221;default&#8221; custom_padding=&#8221;9px|||||&#8221; global_colors_info=&#8221;{}&#8221;][et_pb_column type=&#8221;1_2&#8243; _builder_version=&#8221;4.17.4&#8243; _module_preset=&#8221;default&#8221; global_colors_info=&#8221;{}&#8221;][et_pb_text module_id=&#8221;ablauf&#8221; _builder_version=&#8221;4.22.2&#8243; _module_preset=&#8221;default&#8221; header_2_font_size=&#8221;32px&#8221; width=&#8221;100%&#8221; custom_padding=&#8221;|0px||||&#8221; global_colors_info=&#8221;{}&#8221;]<\/p>\n<p><span style=\"font-weight: 400;\">Per guidare l&#8217;adozione dei principi dell&#8217;economia circolare, analizzare la catena del valore e sviluppare modelli aziendali circolari, Terra si avvale del sistema di valutazione delle 10 R. Questi principi consentono di comprendere in modo conciso i fondamenti dell&#8217;economia circolare:<\/span><\/p>\n<ol>\n<li><span style=\"font-weight: 400;\"><strong>Rifiuta<\/strong> &#8211; Elimina il superfluo, offri servizi anzich\u00e9 prodotti, fornisci i benefici dei prodotti in modi alternativi.<\/span><\/li>\n<li><span style=\"font-weight: 400;\"><strong>Ripensa<\/strong>&#8211; Progetta in modo circolare fin dall&#8217;inizio, ripensando i processi.<\/span><\/li>\n<li><span style=\"font-weight: 400;\"><strong>Riduci<\/strong> &#8211; Minimizza l&#8217;uso delle risorse.<\/span><\/li>\n<li><span style=\"font-weight: 400;\"><strong>Riutilizza<\/strong> &#8211; Promuovi il riuso di prodotti e risorse.<\/span><\/li>\n<li><span style=\"font-weight: 400;\"><strong>Ripara<\/strong> &#8211; Favorisci la riparazione dei prodotti invece di sostituirli.<\/span><\/li>\n<li><span style=\"font-weight: 400;\"><strong>Ricondiziona<\/strong>&#8211; Rirpistina e migliora i prodotti per mantenerli attuali.<\/span><\/li>\n<li><span style=\"font-weight: 400;\"><strong>Rifabbrica<\/strong> &#8211; Riutilizza parti integre di prodotti difettosi.<\/span><\/li>\n<li><span style=\"font-weight: 400;\"><strong>Riutilizza in altro modo<\/strong> &#8211; Utilizza i materiali in modi diversi per nuovi scopi.<\/span><\/li>\n<li><span style=\"font-weight: 400;\"><strong>Ricicla<\/strong> &#8211; Riutilizza materiali come risorse secondarie.<\/span><\/li>\n<li><span style=\"font-weight: 400;\"><strong>Recupera<\/strong> &#8211; Recupera energia dai rifiuti quando altre opzioni non sono possibili.<\/span><br style=\"font-weight: 400;\" \/><br style=\"font-weight: 400;\" \/><\/li>\n<\/ol>\n<p>[\/et_pb_text][\/et_pb_column][et_pb_column type=&#8221;1_2&#8243; _builder_version=&#8221;4.17.4&#8243; _module_preset=&#8221;default&#8221; global_colors_info=&#8221;{}&#8221;][et_pb_image src=&#8221;https:\/\/terra-institute.eu\/it\/wp-content\/uploads\/2024\/07\/230817_10R_graphic-WITHOUT-text-icons-scaled-1.jpg&#8221; alt=&#8221;Grafik: Die 10Rs der Kreislaufwirtschaft | Terra Institute&#8221; title_text=&#8221;The 10Rs of the circular economy | Terra Institute&#8221; _builder_version=&#8221;4.22.2&#8243; _module_preset=&#8221;default&#8221; custom_margin=&#8221;|||1px||&#8221; global_colors_info=&#8221;{}&#8221;][\/et_pb_image][\/et_pb_column][\/et_pb_row][\/et_pb_section][et_pb_section fb_built=&#8221;1&#8243; module_id=&#8221;\u00f6ko&#8221; _builder_version=&#8221;4.27.4&#8243; _module_preset=&#8221;default&#8221; background_color=&#8221;#79a9b6&#8243; custom_padding=&#8221;||18px|||&#8221; global_colors_info=&#8221;{}&#8221;][et_pb_row _builder_version=&#8221;4.17.4&#8243; _module_preset=&#8221;default&#8221; custom_padding=&#8221;||0px|||&#8221; global_colors_info=&#8221;{}&#8221;][et_pb_column type=&#8221;4_4&#8243; _builder_version=&#8221;4.17.4&#8243; _module_preset=&#8221;default&#8221; global_colors_info=&#8221;{}&#8221;][et_pb_text module_id=&#8221;zusammenarbeit-mit-terra&#8221; _builder_version=&#8221;4.27.4&#8243; _module_preset=&#8221;default&#8221; text_text_color=&#8221;#FFFFFF&#8221; header_2_text_color=&#8221;#FFFFFF&#8221; header_2_font_size=&#8221;32px&#8221; custom_padding=&#8221;||19px|||&#8221; global_colors_info=&#8221;{}&#8221;]<\/p>\n<h3><span style=\"color: #ffffff;\"><span data-contrast=\"auto\" xml:lang=\"DE-DE\" lang=\"DE-DE\" class=\"TextRun SCXW84200779 BCX4\"><span class=\"NormalTextRun CommentStart SpellingErrorV2Themed CommentHighlightPipeRest CommentHighlightRest SCXW84200779 BCX4\">Regolamento<\/span><span class=\"NormalTextRun CommentHighlightRest SCXW84200779 BCX4\"> <\/span><span class=\"NormalTextRun SpellingErrorV2Themed CommentHighlightRest SCXW84200779 BCX4\">Ecodesign<\/span><\/span><span class=\"EOP CommentHighlightRest SCXW84200779 BCX4\" data-ccp-props=\"{}\">\u00a0<\/span><\/span><\/h3>\n<p>[\/et_pb_text][\/et_pb_column][\/et_pb_row][et_pb_row column_structure=&#8221;1_2,1_2&#8243; _builder_version=&#8221;4.17.4&#8243; _module_preset=&#8221;default&#8221; width=&#8221;85%&#8221; max_width=&#8221;1074px&#8221; custom_margin=&#8221;|auto|||false|false&#8221; custom_padding=&#8221;0px|||||&#8221; global_colors_info=&#8221;{}&#8221;][et_pb_column type=&#8221;1_2&#8243; _builder_version=&#8221;4.17.4&#8243; _module_preset=&#8221;default&#8221; global_colors_info=&#8221;{}&#8221;][et_pb_image src=&#8221;https:\/\/terra-institute.eu\/it\/wp-content\/uploads\/2024\/07\/nachhaltige-kreislaufwirtschaft-zusammenarbeit-mit-terra-institute.webp&#8221; alt=&#8221;Nahaufnahme eines gr\u00fcnen Blattes.&#8221; title_text=&#8221;Close-up of a green leaf.&#8221; _builder_version=&#8221;4.22.2&#8243; _module_preset=&#8221;default&#8221; width=&#8221;100%&#8221; global_colors_info=&#8221;{}&#8221;][\/et_pb_image][\/et_pb_column][et_pb_column type=&#8221;1_2&#8243; _builder_version=&#8221;4.17.4&#8243; _module_preset=&#8221;default&#8221; global_colors_info=&#8221;{}&#8221;][et_pb_text _builder_version=&#8221;4.27.4&#8243; _module_preset=&#8221;default&#8221; text_text_color=&#8221;#FFFFFF&#8221; header_2_text_color=&#8221;#FFFFFF&#8221; custom_padding=&#8221;||19px|||&#8221; global_colors_info=&#8221;{}&#8221;]<\/p>\n<p><span data-contrast=\"auto\">La nuova regolamentazione europea Ecodesign per prodotti sostenibili (Ecodesign for Sustainable Products Regulation, ESPR) segna una pietra miliare verso una maggiore sostenibilit\u00e0 ed economia circolare in Europa. \u00c8 entrata in vigore il 18 luglio 2024 ed estende la precedente direttiva 2009\/125\/CE. L\u2019obiettivo \u00e8 rendere quasi tutti i prodotti fisici sul mercato UE pi\u00f9 sostenibili, durevoli ed efficienti nell\u2019uso delle risorse \u2013 e cos\u00ec ridurre significativamente l\u2019impronta ecologica.<\/span><span data-ccp-props=\"{}\">\u00a0<\/span><\/p>\n<p><span data-ccp-props=\"{}\">\u00a0<\/span><b><span data-contrast=\"auto\">Cosa c\u2019\u00e8 di nuovo?<\/span><\/b><span data-ccp-props=\"{}\">\u00a0<\/span><\/p>\n<ul>\n<li><span data-contrast=\"auto\">Ambito di applicazione esteso<\/span><span data-ccp-props=\"{}\">\u00a0<\/span><\/li>\n<li><span data-contrast=\"auto\">Approccio olistico<\/span><span data-ccp-props=\"{}\">\u00a0<\/span><\/li>\n<li><span data-contrast=\"auto\">Requisiti pi\u00f9 severi<\/span><span data-ccp-props=\"{}\">\u00a0<\/span><\/li>\n<li><span data-contrast=\"auto\">Divieto di distruzione dei prodotti invenduti<\/span><span data-ccp-props=\"{}\">\u00a0<\/span><\/li>\n<li><span data-contrast=\"auto\">Passaporto digitale del prodotto (DPP)<\/span><span data-ccp-props=\"{}\">\u00a0<\/span><\/li>\n<li><span data-contrast=\"auto\">Appalti pubblici orientati all\u2019ambiente<\/span><span data-ccp-props=\"{}\">\u00a0<\/span><\/li>\n<\/ul>\n<p><span data-ccp-props=\"{}\">\u00a0<\/span><b><span data-contrast=\"auto\">Cosa significa per la vostra azienda?<\/span><\/b><span data-ccp-props=\"{}\">\u00a0<\/span><\/p>\n<p><span data-contrast=\"auto\">La ESPR rappresenta un cambio di paradigma: le aziende devono orientare lo sviluppo dei prodotti, le catene di fornitura e i modelli di business verso l\u2019economia circolare e la sostenibilit\u00e0. Questo riguarda produttori, rivenditori e piattaforme digitali allo stesso modo.<\/span><span data-ccp-props=\"{}\">\u00a0<\/span><\/p>\n<p><span data-ccp-props=\"{}\">\u00a0<\/span><span data-contrast=\"auto\">La ESPR \u00e8 uno strumento centrale del Green Deal europeo e offre alle aziende l\u2019opportunit\u00e0 di posizionarsi come pionieri dell\u2019innovazione sostenibile. Chi agisce tempestivamente pu\u00f2 assicurarsi vantaggi competitivi e dare un contributo attivo alla protezione del clima e dell\u2019ambiente.<\/span><span data-ccp-props=\"{}\">\u00a0<\/span><\/p>\n<p><span data-ccp-props=\"{}\">\u00a0<\/span><span data-contrast=\"auto\">I dettagli e le nostre raccomandazioni sono disponibili nel <span style=\"text-decoration: underline;\"><span style=\"color: #ffffff; text-decoration: underline;\"><a href=\"https:\/\/terra-institute.eu\/it\/espr-2024-sei-pronto-per-la-nuova-rivoluzione-dellecodesign\/\" target=\"_blank\" rel=\"noopener\" style=\"color: #ffffff; text-decoration: underline;\">white paper<\/a><\/span><\/span>.\u00a0<\/span><\/p>\n<p>[\/et_pb_text][et_pb_button button_url=&#8221;#kontakt&#8221; button_text=&#8221;Contattateci ora&#8221; _builder_version=&#8221;4.22.2&#8243; _module_preset=&#8221;default&#8221; custom_button=&#8221;on&#8221; button_text_size=&#8221;16px&#8221; button_text_color=&#8221;#FFFFFF&#8221; button_bg_color=&#8221;#428ca6&#8243; background_layout=&#8221;dark&#8221; global_colors_info=&#8221;{}&#8221; button_text_color__hover_enabled=&#8221;off|desktop&#8221;][\/et_pb_button][\/et_pb_column][\/et_pb_row][\/et_pb_section][et_pb_section fb_built=&#8221;1&#8243; _builder_version=&#8221;4.27.4&#8243; _module_preset=&#8221;default&#8221; global_colors_info=&#8221;{}&#8221;][et_pb_row _builder_version=&#8221;4.27.4&#8243; _module_preset=&#8221;default&#8221; custom_padding=&#8221;9px|||||&#8221; global_colors_info=&#8221;{}&#8221;][et_pb_column type=&#8221;4_4&#8243; _builder_version=&#8221;4.17.4&#8243; _module_preset=&#8221;default&#8221; global_colors_info=&#8221;{}&#8221;][et_pb_text _builder_version=&#8221;4.27.4&#8243; _module_preset=&#8221;default&#8221; custom_margin=&#8221;||-2px|||&#8221; global_colors_info=&#8221;{}&#8221;]<\/p>\n<h3><span data-contrast=\"auto\" xml:lang=\"DE-DE\" lang=\"DE-DE\" class=\"TextRun SCXW180399331 BCX4\"><span class=\"NormalTextRun SpellingErrorV2Themed SCXW180399331 BCX4\">Iniziate<\/span><span class=\"NormalTextRun SCXW180399331 BCX4\"> <\/span><span class=\"NormalTextRun SpellingErrorV2Themed SCXW180399331 BCX4\">ora<\/span><span class=\"NormalTextRun SCXW180399331 BCX4\"> \u2013 <\/span><span class=\"NormalTextRun SpellingErrorV2Themed SCXW180399331 BCX4\">Fatevi<\/span><span class=\"NormalTextRun SCXW180399331 BCX4\"> <\/span><span class=\"NormalTextRun SpellingErrorV2Themed SCXW180399331 BCX4\">consigliare<\/span><span class=\"NormalTextRun SCXW180399331 BCX4\">!<\/span><\/span><span class=\"EOP SCXW180399331 BCX4\" data-ccp-props=\"{}\">\u00a0<\/span><span class=\"EOP SCXW180399331 BCX4\" data-ccp-props=\"{}\"><\/span><\/h3>\n<p>[\/et_pb_text][et_pb_text module_id=&#8221;ablauf&#8221; _builder_version=&#8221;4.27.4&#8243; _module_preset=&#8221;default&#8221; header_2_font_size=&#8221;32px&#8221; global_colors_info=&#8221;{}&#8221;]<\/p>\n<p><span data-contrast=\"auto\"><\/span><\/p>\n<p><span data-contrast=\"auto\">Volete evitare rifiuti, utilizzare le risorse in modo efficiente e ripensare la creazione di valore? Vi accompagniamo nel vostro percorso verso l\u2019economia circolare \u2013 con consulenza pratica e soluzioni personalizzate. <\/span><span data-contrast=\"auto\">Contattateci ora e iniziate con noi un futuro di successo economico ed ecologico.<\/span><span data-ccp-props=\"{}\">\u00a0<\/span><\/p>\n<p><strong>Insieme creiamo strutture adatte al futuro, rigenerative e sostenibili.<\/strong><\/p>\n<p>[\/et_pb_text][et_pb_button button_url=&#8221;#kontakt&#8221; button_text=&#8221;Contattateci ora&#8221; _builder_version=&#8221;4.22.2&#8243; _module_preset=&#8221;default&#8221; custom_button=&#8221;on&#8221; button_text_size=&#8221;16px&#8221; button_text_color=&#8221;#FFFFFF&#8221; button_bg_color=&#8221;#428ca6&#8243; background_layout=&#8221;dark&#8221; global_colors_info=&#8221;{}&#8221; button_text_color__hover_enabled=&#8221;off|desktop&#8221;][\/et_pb_button][\/et_pb_column][\/et_pb_row][\/et_pb_section][et_pb_section fb_built=&#8221;1&#8243; module_id=&#8221;FAQ&#8221; _builder_version=&#8221;4.27.4&#8243; _module_preset=&#8221;default&#8221; background_color=&#8221;#FFFFFF&#8221; global_colors_info=&#8221;{}&#8221;][et_pb_row _builder_version=&#8221;4.17.4&#8243; _module_preset=&#8221;default&#8221; global_colors_info=&#8221;{}&#8221;][et_pb_column type=&#8221;4_4&#8243; _builder_version=&#8221;4.17.4&#8243; _module_preset=&#8221;default&#8221; global_colors_info=&#8221;{}&#8221;][et_pb_text module_id=&#8221;faq&#8221; _builder_version=&#8221;4.22.2&#8243; _module_preset=&#8221;default&#8221; text_text_color=&#8221;#FFFFFF&#8221; header_text_color=&#8221;#FFFFFF&#8221; header_2_font_size=&#8221;32px&#8221; background_layout=&#8221;dark&#8221; global_colors_info=&#8221;{}&#8221;]<\/p>\n<h2><span style=\"font-weight: 400; color: #000000;\">LE DOMANDE PI\u00d9 FREQUENTI SULL&#8217;ECONOMIA CIRCOLARE &#8211; FAQS<\/span><\/h2>\n<p>[\/et_pb_text][\/et_pb_column][\/et_pb_row][et_pb_row _builder_version=&#8221;4.17.4&#8243; _module_preset=&#8221;default&#8221; global_colors_info=&#8221;{}&#8221;][et_pb_column type=&#8221;4_4&#8243; _builder_version=&#8221;4.17.4&#8243; _module_preset=&#8221;default&#8221; global_colors_info=&#8221;{}&#8221;][et_pb_toggle title=&#8221;1. COS&#8217;\u00c8 L&#8217;ECONOMIA CIRCOLARE?&#8221; open=&#8221;on&#8221; open_toggle_text_color=&#8221;#428ca6&#8243; open_toggle_background_color=&#8221;#FFFFFF&#8221; closed_toggle_background_color=&#8221;#FFFFFF&#8221; icon_color=&#8221;#79a9b6&#8243; use_icon_font_size=&#8221;on&#8221; icon_font_size=&#8221;33px&#8221; open_icon_color=&#8221;#79a9b6&#8243; open_use_icon_font_size=&#8221;on&#8221; open_icon_font_size=&#8221;33px&#8221; _builder_version=&#8221;4.22.2&#8243; _module_preset=&#8221;default&#8221; title_text_color=&#8221;#79a9b6&#8243; title_level=&#8221;h4&#8243; title_font=&#8221;|||||on|||&#8221; title_font_size=&#8221;22px&#8221; title_line_height=&#8221;1.4em&#8221; body_line_height=&#8221;1.6em&#8221; custom_margin=&#8221;||-2px|||&#8221; custom_padding=&#8221;|20px||||&#8221; animation_style=&#8221;fade&#8221; animation_duration=&#8221;650ms&#8221; border_width_all=&#8221;0px&#8221; border_color_all=&#8221;RGBA(0,0,0,0)&#8221; global_colors_info=&#8221;{}&#8221;]<\/p>\n<p><span style=\"font-weight: 400;\">L&#8217;economia circolare &#8230;<\/span><\/p>\n<p><span style=\"font-weight: 400;\">&#8230; \u00e8 un modello economico rigenerativo che integra i concetti di tutela ecologica, climatica e sociale<\/span><\/p>\n<p><span style=\"font-weight: 400;\">&#8230; aumenta il valore delle risorse materiali e allo stesso tempo riduce al minimo il consumo totale di risorse, le emissioni di gas serra, i rifiuti e l&#8217;inquinamento.<\/span><\/p>\n<p><span style=\"font-weight: 400;\">&#8230; crea catene del valore resilienti e riduce le dipendenze insite nelle catene di approvvigionamento globali.<\/span><\/p>\n<p><span style=\"font-weight: 400;\">&#8230; ha un altissimo potenziale di innovazione e digitalizzazione.<\/span><\/p>\n<p><span style=\"font-weight: 400;\">&#8230; inizia con la progettazione e va ben oltre il miglioramento della gestione dei rifiuti e del riciclaggio.<\/span><\/p>\n<p><span style=\"font-weight: 400;\">&#8230; migliora l&#8217;uso e prolunga la vita di prodotti e materiali.<\/span><\/p>\n<p><span style=\"font-weight: 400;\">&#8230; crea usi completamente nuovi per materiali che prima erano rifiuti.<\/span><\/p>\n<p><span style=\"font-weight: 400;\">&#8230; pensa in modo intelligente e collaborativo.<\/span><\/p>\n<p><span style=\"font-weight: 400;\">&#8230; rafforza la sostenibilit\u00e0 ecologica, economica e sociale.<\/span><\/p>\n<p><br style=\"font-weight: 400;\" \/><br style=\"font-weight: 400;\" \/><\/p>\n<p>[\/et_pb_toggle][et_pb_toggle title=&#8221;2. VANTAGGI: PERCH\u00c9 ABBIAMO BISOGNO DI UN&#8217;ECONOMIA CIRCOLARE?&#8221; open_toggle_text_color=&#8221;#428ca6&#8243; open_toggle_background_color=&#8221;#FFFFFF&#8221; closed_toggle_background_color=&#8221;#FFFFFF&#8221; icon_color=&#8221;#79a9b6&#8243; use_icon_font_size=&#8221;on&#8221; icon_font_size=&#8221;33px&#8221; open_icon_color=&#8221;#79a9b6&#8243; open_use_icon_font_size=&#8221;on&#8221; open_icon_font_size=&#8221;33px&#8221; _builder_version=&#8221;4.22.2&#8243; _module_preset=&#8221;default&#8221; title_text_color=&#8221;#79a9b6&#8243; title_level=&#8221;h4&#8243; title_font=&#8221;|||||on|||&#8221; title_font_size=&#8221;22px&#8221; title_line_height=&#8221;1.4em&#8221; body_line_height=&#8221;1.6em&#8221; custom_margin=&#8221;||-2px|||&#8221; custom_padding=&#8221;|20px||||&#8221; animation_style=&#8221;fade&#8221; animation_duration=&#8221;650ms&#8221; border_width_all=&#8221;0px&#8221; border_color_all=&#8221;RGBA(0,0,0,0)&#8221; global_colors_info=&#8221;{}&#8221;]<\/p>\n<p><span style=\"font-weight: 400;\">Ogni anno, nella prima met\u00e0 dell&#8217;anno, si verifica l'&#8221;Earth Overshoot Day&#8221;, il giorno in cui l&#8217;umanit\u00e0 esaurisce le risorse rinnovabili nell\u2019arco di anno e inizia quindi a vivere \u201ca debito\u201d.<\/span><\/p>\n<p><span style=\"font-weight: 400;\">Per evitare che ci\u00f2 accada, dobbiamo trasformare la nostra economia lineare in un&#8217;economia circolare in cui materie prime, componenti e prodotti possano rimanere in circolo il pi\u00f9 a lungo possibile.<\/span><\/p>\n<p><span style=\"font-weight: 400;\">Solo cos\u00ec si creeranno le basi affinch\u00e9 le risorse non vadano pi\u00f9 perse nelle discariche e la biosfera abbia il giusto tempo per rigenerarsi. L&#8217;economia circolare \u00e8 la nostra opportunit\u00e0 creativa per affrontare il cambiamento climatico e decarbonizzare l&#8217;economia.<\/span><\/p>\n<p>[\/et_pb_toggle][et_pb_toggle title=&#8221;3. QUALI SONO GLI OBIETTIVI DELL&#8217;ECONOMIA CIRCOLARE?&#8221; open_toggle_text_color=&#8221;#428ca6&#8243; open_toggle_background_color=&#8221;#FFFFFF&#8221; closed_toggle_background_color=&#8221;#FFFFFF&#8221; icon_color=&#8221;#79a9b6&#8243; use_icon_font_size=&#8221;on&#8221; icon_font_size=&#8221;33px&#8221; open_icon_color=&#8221;#79a9b6&#8243; open_use_icon_font_size=&#8221;on&#8221; open_icon_font_size=&#8221;33px&#8221; _builder_version=&#8221;4.27.4&#8243; _module_preset=&#8221;default&#8221; title_text_color=&#8221;#79a9b6&#8243; title_level=&#8221;h4&#8243; title_font=&#8221;|||||on|||&#8221; title_font_size=&#8221;22px&#8221; title_line_height=&#8221;1.4em&#8221; body_line_height=&#8221;1.6em&#8221; custom_margin=&#8221;||-2px|||&#8221; custom_padding=&#8221;|20px||||&#8221; animation_style=&#8221;fade&#8221; animation_duration=&#8221;650ms&#8221; border_width_all=&#8221;0px&#8221; border_color_all=&#8221;RGBA(0,0,0,0)&#8221; global_colors_info=&#8221;{}&#8221;]<\/p>\n<p><span style=\"font-weight: 400;\">I quattro principali obiettivi dell&#8217;UE dell&#8217;economia circolare sono:<\/span><\/p>\n<ol>\n<li><span style=\"font-weight: 400;\"> <\/span><b>Protezione Ambientale e Decarbonizzazione:<\/b><span style=\"font-weight: 400;\"> L&#8217;economia circolare mira a ridurre significativamente l&#8217;uso delle risorse naturali, minimizzando cos\u00ec la distruzione di paesaggi e habitat e contribuendo a limitare la perdita di biodiversit\u00e0. Progettando prodotti e servizi pi\u00f9 circolari, efficienti e sostenibili, che possono essere riutilizzati, aggiornati, riparati e riciclati, si ottiene una riduzione radicale nel consumo energetico, nel volume dei rifiuti e nel loro impatto ambientale.<\/span><\/li>\n<li><b>Riduzione della Dipendenza dalle Materie Prime:<\/b><span style=\"font-weight: 400;\"> Le risorse stanno diventando sempre pi\u00f9 scarse e questa scarsit\u00e0 porta a una dipendenza dei paesi membri dell&#8217;UE da importazioni esterne. L&#8217;UE importa circa la met\u00e0 delle materie prime che consuma. Il riciclo delle materie prime pu\u00f2 mitigare i rischi legati all&#8217;approvvigionamento, come le fluttuazioni dei prezzi e la dipendenza dalle importazioni, specialmente per le materie prime critiche necessarie per le tecnologie fondamentali per il raggiungimento degli obiettivi climatici.<\/span><\/li>\n<li><b> Incremento dell&#8217;Occupazione<\/b><span style=\"font-weight: 400;\">: La transizione verso un&#8217;economia circolare \u00e8 prevista per aumentare la competitivit\u00e0, promuovere una crescita economica slegata dal consumo di risorse e stimolare l&#8217;innovazione. Secondo le stime dell&#8217;UE, ci\u00f2 porter\u00e0 alla creazione di circa 700.000 nuovi posti di lavoro entro il 2030. La riprogettazione di materiali e prodotti per l&#8217;uso circolare favorisce inoltre la futura redditivit\u00e0 di vari settori economici.<\/span><\/li>\n<li><b> Riduzione dei Costi per i Consumatori:<\/b><span style=\"font-weight: 400;\"> I consumatori beneficiano di prodotti pi\u00f9 durevoli e innovativi che migliorano la qualit\u00e0 della vita e permettono un risparmio nel lungo termine.<\/span><\/li>\n<\/ol>\n<p>[\/et_pb_toggle][et_pb_toggle title=&#8221;4. Cos\u2019\u00e8 il Life Cycle Assessment? &#8221; open_toggle_text_color=&#8221;#428ca6&#8243; open_toggle_background_color=&#8221;#FFFFFF&#8221; closed_toggle_background_color=&#8221;#FFFFFF&#8221; icon_color=&#8221;#79a9b6&#8243; use_icon_font_size=&#8221;on&#8221; icon_font_size=&#8221;33px&#8221; open_icon_color=&#8221;#79a9b6&#8243; open_use_icon_font_size=&#8221;on&#8221; open_icon_font_size=&#8221;33px&#8221; _builder_version=&#8221;4.27.4&#8243; _module_preset=&#8221;default&#8221; title_text_color=&#8221;#79a9b6&#8243; title_level=&#8221;h4&#8243; title_font=&#8221;|||||on|||&#8221; title_font_size=&#8221;22px&#8221; title_line_height=&#8221;1.4em&#8221; body_line_height=&#8221;1.6em&#8221; custom_margin=&#8221;||-2px|||&#8221; custom_padding=&#8221;|20px||||&#8221; animation_style=&#8221;fade&#8221; animation_duration=&#8221;650ms&#8221; border_width_all=&#8221;0px&#8221; border_color_all=&#8221;RGBA(0,0,0,0)&#8221; global_colors_info=&#8221;{}&#8221;]<\/p>\n<p><span data-contrast=\"auto\" xml:lang=\"DE-DE\" lang=\"DE-DE\" class=\"TextRun SCXW219306758 BCX4\"><span class=\"NormalTextRun SCXW219306758 BCX4\">Il Life Cycle Assessment (LCA) \u00e8 <\/span><span class=\"NormalTextRun SpellingErrorV2Themed SCXW219306758 BCX4\">un<\/span><span class=\"NormalTextRun SCXW219306758 BCX4\"> <\/span><span class=\"NormalTextRun SpellingErrorV2Themed SCXW219306758 BCX4\">metodo<\/span><span class=\"NormalTextRun SCXW219306758 BCX4\"> <\/span><span class=\"NormalTextRun SpellingErrorV2Themed SCXW219306758 BCX4\">standardizzato<\/span><span class=\"NormalTextRun SCXW219306758 BCX4\"> per <\/span><span class=\"NormalTextRun SpellingErrorV2Themed SCXW219306758 BCX4\">l\u2019analisi<\/span><span class=\"NormalTextRun SCXW219306758 BCX4\"> e la <\/span><span class=\"NormalTextRun SpellingErrorV2Themed SCXW219306758 BCX4\">valutazione<\/span><span class=\"NormalTextRun SCXW219306758 BCX4\"> <\/span><span class=\"NormalTextRun SpellingErrorV2Themed SpellingErrorHighlight SCXW219306758 BCX4\">sistematica<\/span><span class=\"NormalTextRun SCXW219306758 BCX4\"> <\/span><span class=\"NormalTextRun SpellingErrorV2Themed SCXW219306758 BCX4\">degli<\/span><span class=\"NormalTextRun SCXW219306758 BCX4\"> <\/span><span class=\"NormalTextRun SpellingErrorV2Themed SCXW219306758 BCX4\">impatti<\/span><span class=\"NormalTextRun SCXW219306758 BCX4\"> <\/span><span class=\"NormalTextRun SpellingErrorV2Themed SCXW219306758 BCX4\">ambientali<\/span><span class=\"NormalTextRun SCXW219306758 BCX4\"> di <\/span><span class=\"NormalTextRun SpellingErrorV2Themed SCXW219306758 BCX4\">prodotti<\/span><span class=\"NormalTextRun SCXW219306758 BCX4\">, servizi o <\/span><span class=\"NormalTextRun SpellingErrorV2Themed SCXW219306758 BCX4\">processi<\/span><span class=\"NormalTextRun SCXW219306758 BCX4\"> <\/span><span class=\"NormalTextRun SpellingErrorV2Themed SCXW219306758 BCX4\">durante<\/span><span class=\"NormalTextRun SCXW219306758 BCX4\"> <\/span><span class=\"NormalTextRun SpellingErrorV2Themed SCXW219306758 BCX4\">tutto<\/span><span class=\"NormalTextRun SCXW219306758 BCX4\"> il <\/span><span class=\"NormalTextRun SpellingErrorV2Themed SCXW219306758 BCX4\">loro<\/span><span class=\"NormalTextRun SCXW219306758 BCX4\"> <\/span><span class=\"NormalTextRun SpellingErrorV2Themed SCXW219306758 BCX4\">ciclo<\/span><span class=\"NormalTextRun SCXW219306758 BCX4\"> di <\/span><span class=\"NormalTextRun SpellingErrorV2Themed SCXW219306758 BCX4\">vita<\/span><span class=\"NormalTextRun SCXW219306758 BCX4\"> \u2013 <\/span><span class=\"NormalTextRun SpellingErrorV2Themed SCXW219306758 BCX4\">dall\u2019estrazione<\/span><span class=\"NormalTextRun SCXW219306758 BCX4\"> delle <\/span><span class=\"NormalTextRun SpellingErrorV2Themed SCXW219306758 BCX4\">materie<\/span><span class=\"NormalTextRun SCXW219306758 BCX4\"> prime, alla <\/span><span class=\"NormalTextRun SpellingErrorV2Themed SCXW219306758 BCX4\">produzione<\/span><span class=\"NormalTextRun SCXW219306758 BCX4\"> e <\/span><span class=\"NormalTextRun SpellingErrorV2Themed SCXW219306758 BCX4\">all\u2019uso<\/span><span class=\"NormalTextRun SCXW219306758 BCX4\">, <\/span><span class=\"NormalTextRun SpellingErrorV2Themed SCXW219306758 BCX4\">fino<\/span><span class=\"NormalTextRun SCXW219306758 BCX4\"> <\/span><span class=\"NormalTextRun SpellingErrorV2Themed SCXW219306758 BCX4\">allo<\/span><span class=\"NormalTextRun SCXW219306758 BCX4\"> <\/span><span class=\"NormalTextRun SpellingErrorV2Themed SCXW219306758 BCX4\">smaltimento<\/span><span class=\"NormalTextRun SCXW219306758 BCX4\"> o al <\/span><span class=\"NormalTextRun SpellingErrorV2Themed SCXW219306758 BCX4\">riciclo<\/span><span class=\"NormalTextRun SCXW219306758 BCX4\">. Il <\/span><a href=\"https:\/\/terra-institute.eu\/it\/co2-bilancio\/#PCF\" target=\"_blank\" rel=\"noopener\"><span class=\"NormalTextRun CommentStart SpellingErrorV2Themed CommentHighlightPipeRest CommentHighlightRest SCXW219306758 BCX4\">Product<\/span><\/a><span class=\"NormalTextRun CommentHighlightRest SCXW219306758 BCX4\"><a href=\"https:\/\/terra-institute.eu\/it\/co2-bilancio\/#PCF\" target=\"_blank\" rel=\"noopener\"> Carbon Footprint<\/a> (PCF)<\/span><span class=\"NormalTextRun CommentHighlightPipeRest SCXW219306758 BCX4\"> \u00e8 <\/span><span class=\"NormalTextRun SpellingErrorV2Themed SCXW219306758 BCX4\">spesso<\/span><span class=\"NormalTextRun SCXW219306758 BCX4\"> il <\/span><span class=\"NormalTextRun SpellingErrorV2Themed SCXW219306758 BCX4\">punto<\/span><span class=\"NormalTextRun SCXW219306758 BCX4\"> di <\/span><span class=\"NormalTextRun SpellingErrorV2Themed SCXW219306758 BCX4\">partenza<\/span><span class=\"NormalTextRun SCXW219306758 BCX4\"> per <\/span><span class=\"NormalTextRun SpellingErrorV2Themed SCXW219306758 BCX4\">una<\/span><span class=\"NormalTextRun SCXW219306758 BCX4\"> <\/span><span class=\"NormalTextRun SpellingErrorV2Themed SCXW219306758 BCX4\">valutazione<\/span><span class=\"NormalTextRun SCXW219306758 BCX4\"> LCA <\/span><span class=\"NormalTextRun SpellingErrorV2Themed SCXW219306758 BCX4\">completa<\/span><span class=\"NormalTextRun SCXW219306758 BCX4\">.<\/span><\/span><span class=\"EOP SCXW219306758 BCX4\" data-ccp-props=\"{}\">\u00a0<\/span><\/p>\n<p>[\/et_pb_toggle][et_pb_toggle title=&#8221;5. Cosa si intende per sviluppo di prodotti circolari? &#8221; open_toggle_text_color=&#8221;#428ca6&#8243; open_toggle_background_color=&#8221;#FFFFFF&#8221; closed_toggle_background_color=&#8221;#FFFFFF&#8221; icon_color=&#8221;#79a9b6&#8243; use_icon_font_size=&#8221;on&#8221; icon_font_size=&#8221;33px&#8221; open_icon_color=&#8221;#79a9b6&#8243; open_use_icon_font_size=&#8221;on&#8221; open_icon_font_size=&#8221;33px&#8221; _builder_version=&#8221;4.27.4&#8243; _module_preset=&#8221;default&#8221; title_text_color=&#8221;#79a9b6&#8243; title_level=&#8221;h4&#8243; title_font=&#8221;|||||on|||&#8221; title_font_size=&#8221;22px&#8221; title_line_height=&#8221;1.4em&#8221; body_line_height=&#8221;1.6em&#8221; custom_margin=&#8221;||-2px|||&#8221; custom_padding=&#8221;|20px||||&#8221; animation_style=&#8221;fade&#8221; animation_duration=&#8221;650ms&#8221; border_width_all=&#8221;0px&#8221; border_color_all=&#8221;RGBA(0,0,0,0)&#8221; global_colors_info=&#8221;{}&#8221;]<\/p>\n<p><span data-contrast=\"auto\">Lo sviluppo di prodotti circolari indica un approccio innovativo alla progettazione, in cui i prodotti sono concepiti fin dall\u2019inizio per essere il pi\u00f9 possibile efficienti nell\u2019uso delle risorse, durevoli e ottimali per il riciclo a fine vita. Al centro vi \u00e8 l\u2019idea di mantenere materiali e componenti in cicli chiusi, riducendo cos\u00ec in modo significativo l\u2019impronta ecologica.<\/span><span data-ccp-props=\"{}\">\u00a0<\/span><\/p>\n<p><span data-contrast=\"auto\">A differenza dei tradizionali processi di sviluppo lineari dei prodotti (\u201ctake-make-waste\u201d), nello sviluppo circolare si considera gi\u00e0 in fase di progettazione come i prodotti possano essere riparati, valorizzati (upcycled), riutilizzati o riciclati.<\/span><span data-ccp-props=\"{}\">\u00a0<\/span><\/p>\n<p><span data-contrast=\"auto\">Questo approccio olistico non solo evita i rifiuti, ma mantiene anche il valore dei materiali e dei prodotti durante tutto il loro ciclo di vita. Lo sviluppo di prodotti circolari \u00e8 quindi un elemento centrale per un\u2019economia sostenibile e orientata al futuro e contribuisce in modo importante alla protezione dell\u2019ambiente e delle risorse.<\/span><span data-ccp-props=\"{}\">\u00a0<\/span><\/p>\n<p>[\/et_pb_toggle][et_pb_toggle title=&#8221;6. Quali vantaggi offre l\u2019economia circolare? &#8221; open_toggle_text_color=&#8221;#428ca6&#8243; open_toggle_background_color=&#8221;#FFFFFF&#8221; closed_toggle_background_color=&#8221;#FFFFFF&#8221; icon_color=&#8221;#79a9b6&#8243; use_icon_font_size=&#8221;on&#8221; icon_font_size=&#8221;33px&#8221; open_icon_color=&#8221;#79a9b6&#8243; open_use_icon_font_size=&#8221;on&#8221; open_icon_font_size=&#8221;33px&#8221; _builder_version=&#8221;4.27.4&#8243; _module_preset=&#8221;default&#8221; title_text_color=&#8221;#79a9b6&#8243; title_level=&#8221;h4&#8243; title_font=&#8221;|||||on|||&#8221; title_font_size=&#8221;22px&#8221; title_line_height=&#8221;1.4em&#8221; body_line_height=&#8221;1.6em&#8221; custom_margin=&#8221;||-2px|||&#8221; custom_padding=&#8221;|20px||||&#8221; animation_style=&#8221;fade&#8221; animation_duration=&#8221;650ms&#8221; border_width_all=&#8221;0px&#8221; border_color_all=&#8221;RGBA(0,0,0,0)&#8221; global_colors_info=&#8221;{}&#8221;]<\/p>\n<ol><\/ol>\n<p><span data-contrast=\"auto\">L\u2019economia circolare offre alle aziende numerosi vantaggi, tra cui lo sganciamento dai prezzi volatili delle materie prime. Attraverso cicli chiusi e il riutilizzo dei materiali, la dipendenza da nuove materie prime viene ridotta. Questo minimizza il rischio di fluttuazioni dei prezzi, carenze di approvvigionamento e scarsit\u00e0 di risorse. Allo stesso tempo, le aziende possono ridurre i costi, aumentare la competitivit\u00e0 e posizionarsi in modo sostenibile \u2013 un chiaro vantaggio in un mercato sempre pi\u00f9 attento alle risorse.<\/span><span data-ccp-props=\"{}\">\u00a0<\/span><\/p>\n<p>[\/et_pb_toggle][\/et_pb_column][\/et_pb_row][\/et_pb_section][et_pb_section fb_built=&#8221;1&#8243; _builder_version=&#8221;4.17.4&#8243; _module_preset=&#8221;default&#8221; custom_padding=&#8221;4px||33px|||&#8221; global_colors_info=&#8221;{}&#8221;][et_pb_row _builder_version=&#8221;4.17.4&#8243; _module_preset=&#8221;default&#8221; custom_padding=&#8221;||0px|||&#8221; global_colors_info=&#8221;{}&#8221;][et_pb_column type=&#8221;4_4&#8243; _builder_version=&#8221;4.17.4&#8243; _module_preset=&#8221;default&#8221; global_colors_info=&#8221;{}&#8221;][et_pb_divider _builder_version=&#8221;4.17.4&#8243; _module_preset=&#8221;default&#8221; global_colors_info=&#8221;{}&#8221;][\/et_pb_divider][\/et_pb_column][\/et_pb_row][\/et_pb_section][et_pb_section fb_built=&#8221;1&#8243; disabled_on=&#8221;on|on|on&#8221; _builder_version=&#8221;4.17.4&#8243; _module_preset=&#8221;default&#8221; disabled=&#8221;on&#8221; global_colors_info=&#8221;{}&#8221;][et_pb_row _builder_version=&#8221;4.17.4&#8243; _module_preset=&#8221;default&#8221; custom_padding=&#8221;||2px|||&#8221; global_colors_info=&#8221;{}&#8221;][et_pb_column type=&#8221;4_4&#8243; _builder_version=&#8221;4.17.4&#8243; _module_preset=&#8221;default&#8221; global_colors_info=&#8221;{}&#8221;][et_pb_text module_id=&#8221;team&#8221; _builder_version=&#8221;4.22.2&#8243; _module_preset=&#8221;default&#8221; header_font_size=&#8221;32px&#8221; header_2_font_size=&#8221;32px&#8221; global_colors_info=&#8221;{}&#8221;]<\/p>\n<h2 style=\"text-align: center;\"><span>ECONOMIA CIRCOLARE &#8211; IL NOSTRO TEAM<\/span><\/h2>\n<p>[\/et_pb_text][\/et_pb_column][\/et_pb_row][et_pb_row column_structure=&#8221;1_3,1_3,1_3&#8243; _builder_version=&#8221;4.17.4&#8243; _module_preset=&#8221;default&#8221; global_colors_info=&#8221;{}&#8221;][et_pb_column type=&#8221;1_3&#8243; _builder_version=&#8221;4.17.4&#8243; _module_preset=&#8221;default&#8221; global_colors_info=&#8221;{}&#8221;][et_pb_toggle title=&#8221;Emanuela Vedovati&#8221; open=&#8221;on&#8221; open_toggle_text_color=&#8221;#428ca6&#8243; open_toggle_background_color=&#8221;#FFFFFF&#8221; closed_toggle_background_color=&#8221;#FFFFFF&#8221; icon_color=&#8221;#79a9b6&#8243; use_icon_font_size=&#8221;on&#8221; icon_font_size=&#8221;33px&#8221; open_icon_color=&#8221;#79a9b6&#8243; open_use_icon_font_size=&#8221;on&#8221; open_icon_font_size=&#8221;33px&#8221; _builder_version=&#8221;4.22.2&#8243; _module_preset=&#8221;default&#8221; title_text_color=&#8221;#79a9b6&#8243; title_level=&#8221;h4&#8243; title_font=&#8221;|||||on|||&#8221; title_font_size=&#8221;22px&#8221; title_line_height=&#8221;1.4em&#8221; body_font_size=&#8221;11px&#8221; body_line_height=&#8221;1.6em&#8221; custom_margin=&#8221;||-2px|||&#8221; custom_padding=&#8221;|20px||||&#8221; animation_style=&#8221;fade&#8221; animation_duration=&#8221;650ms&#8221; border_width_all=&#8221;0px&#8221; border_color_all=&#8221;RGBA(0,0,0,0)&#8221; global_colors_info=&#8221;{}&#8221;]<\/p>\n<p><img loading=\"lazy\" decoding=\"async\" src=\"https:\/\/terra-institute.eu\/it\/wp-content\/uploads\/2023\/08\/Emanuela-Vedovati-300x300-1.jpg\" width=\"300\" height=\"300\" alt=\"\" class=\"wp-image-5597 alignnone size-medium\" \/><\/p>\n<p><span style=\"font-weight: 400;\">Emanuela \u00e8 laureata in economia e scienze sociali con specializzazione in economia ambientale e responsabilit\u00e0 sociale. Nel corso degli anni si \u00e8 specializzata sui temi dell&#8217;economia circolare e della sostenibilit\u00e0.<\/span><\/p>\n<p><span style=\"font-weight: 400;\">Collabora con i clienti per sviluppare percorsi strategici di sviluppo e rendicontazione, approcci circolari, dialoghi con gli stakeholder e progettazione di una gestione sostenibile della catena di fornitura. Nel 2019 ha lanciato una struttura di formazione sull&#8217;economia circolare in collaborazione con due partner.<\/span><\/p>\n<p>[\/et_pb_toggle][\/et_pb_column][et_pb_column type=&#8221;1_3&#8243; _builder_version=&#8221;4.17.4&#8243; _module_preset=&#8221;default&#8221; global_colors_info=&#8221;{}&#8221;][et_pb_toggle title=&#8221;Evelyn Oberleiter&#8221; open=&#8221;on&#8221; open_toggle_text_color=&#8221;#428ca6&#8243; open_toggle_background_color=&#8221;#FFFFFF&#8221; closed_toggle_background_color=&#8221;#FFFFFF&#8221; icon_color=&#8221;#79a9b6&#8243; use_icon_font_size=&#8221;on&#8221; icon_font_size=&#8221;33px&#8221; open_icon_color=&#8221;#79a9b6&#8243; open_use_icon_font_size=&#8221;on&#8221; open_icon_font_size=&#8221;33px&#8221; _builder_version=&#8221;4.22.2&#8243; _module_preset=&#8221;default&#8221; title_text_color=&#8221;#79a9b6&#8243; title_level=&#8221;h4&#8243; title_font=&#8221;|||||on|||&#8221; title_font_size=&#8221;22px&#8221; title_letter_spacing=&#8221;1px&#8221; title_line_height=&#8221;1.4em&#8221; body_font_size=&#8221;11px&#8221; body_line_height=&#8221;1.6em&#8221; custom_margin=&#8221;||-2px|||&#8221; custom_padding=&#8221;|20px||||&#8221; animation_style=&#8221;fade&#8221; animation_duration=&#8221;650ms&#8221; border_width_all=&#8221;0px&#8221; border_color_all=&#8221;RGBA(0,0,0,0)&#8221; global_colors_info=&#8221;{}&#8221;]<\/p>\n<p><img loading=\"lazy\" decoding=\"async\" src=\"https:\/\/terra-institute.eu\/it\/wp-content\/uploads\/2023\/08\/Evelyn-Oberleiter-300x300-1.jpg\" width=\"300\" height=\"300\" alt=\"\" class=\"wp-image-5599 alignnone size-medium\" \/><\/p>\n<p><span style=\"font-weight: 400;\">Cofondatrice e CEO di Terra Institute. Da 20 anni accompagna le aziende nei processi di cambiamento profondo e si concentra sullo sviluppo organizzativo, sui processi di cultura aziendale e sugli approcci di leadership sostenibile.<\/span><\/p>\n<p><span style=\"font-weight: 400;\">Evelyn ha un alto livello di competenza di processo e di orientamento ai risultati, un&#8217;ampia capacit\u00e0 di analisi e di riflessione, un&#8217;elevata competenza comunicativa e un pensiero sistemico distintivo. In qualit\u00e0 di personal coach, accompagna principalmente persone appartenenti al top management.<\/span><\/p>\n<p>[\/et_pb_toggle][\/et_pb_column][et_pb_column type=&#8221;1_3&#8243; _builder_version=&#8221;4.17.4&#8243; _module_preset=&#8221;default&#8221; global_colors_info=&#8221;{}&#8221;][et_pb_toggle title=&#8221;Gudrun Pechtl&#8221; open=&#8221;on&#8221; open_toggle_text_color=&#8221;#428ca6&#8243; open_toggle_background_color=&#8221;#FFFFFF&#8221; closed_toggle_background_color=&#8221;#FFFFFF&#8221; icon_color=&#8221;#79a9b6&#8243; use_icon_font_size=&#8221;on&#8221; icon_font_size=&#8221;33px&#8221; open_icon_color=&#8221;#79a9b6&#8243; open_use_icon_font_size=&#8221;on&#8221; open_icon_font_size=&#8221;33px&#8221; _builder_version=&#8221;4.22.2&#8243; _module_preset=&#8221;default&#8221; title_text_color=&#8221;#79a9b6&#8243; title_level=&#8221;h4&#8243; title_font=&#8221;|||||on|||&#8221; title_font_size=&#8221;22px&#8221; title_line_height=&#8221;1.4em&#8221; body_font_size=&#8221;11px&#8221; body_line_height=&#8221;1.6em&#8221; width=&#8221;100%&#8221; custom_margin=&#8221;||-2px|||&#8221; custom_padding=&#8221;|20px||||&#8221; animation_style=&#8221;fade&#8221; animation_duration=&#8221;650ms&#8221; border_width_all=&#8221;0px&#8221; border_color_all=&#8221;RGBA(0,0,0,0)&#8221; global_colors_info=&#8221;{}&#8221;]<\/p>\n<p><img loading=\"lazy\" decoding=\"async\" src=\"https:\/\/terra-institute.eu\/it\/wp-content\/uploads\/2024\/07\/Gudrun-Pechtl-300x300-1.jpg\" width=\"300\" height=\"300\" alt=\"\" class=\"wp-image-250461 alignnone size-medium\" \/><\/p>\n<p><span style=\"font-weight: 400;\">Gudrun Pechtl \u00e8 una scienziata culturale ed esperta di gestione della sostenibilit\u00e0 e di sistemi alimentari rigenerativi. Ha lavorato per molti anni in posizioni di rilievo, prima nel settore culturale e poi in quello alimentare. Ha un&#8217;ampia esperienza delle sfide imprenditoriali e di trasformazione nella gestione dell&#8217;ambiente e della sostenibilit\u00e0. In Terra \u00e8 responsabile in particolare dell&#8217;area Economia circolare.<\/span><\/p>\n<p>[\/et_pb_toggle][\/et_pb_column][\/et_pb_row][et_pb_row column_structure=&#8221;1_3,1_3,1_3&#8243; _builder_version=&#8221;4.17.4&#8243; _module_preset=&#8221;default&#8221; global_colors_info=&#8221;{}&#8221;][et_pb_column type=&#8221;1_3&#8243; _builder_version=&#8221;4.17.4&#8243; _module_preset=&#8221;default&#8221; global_colors_info=&#8221;{}&#8221;][et_pb_toggle title=&#8221;G\u00fcnther Reifer&#8221; open_toggle_text_color=&#8221;#428ca6&#8243; open_toggle_background_color=&#8221;#FFFFFF&#8221; closed_toggle_background_color=&#8221;#FFFFFF&#8221; icon_color=&#8221;#79a9b6&#8243; use_icon_font_size=&#8221;on&#8221; icon_font_size=&#8221;33px&#8221; open_icon_color=&#8221;#79a9b6&#8243; open_use_icon_font_size=&#8221;on&#8221; open_icon_font_size=&#8221;33px&#8221; _builder_version=&#8221;4.22.2&#8243; _module_preset=&#8221;default&#8221; title_text_color=&#8221;#79a9b6&#8243; title_level=&#8221;h4&#8243; title_font=&#8221;|||||on|||&#8221; title_font_size=&#8221;24px&#8221; title_line_height=&#8221;1.4em&#8221; body_font_size=&#8221;11px&#8221; body_line_height=&#8221;1.6em&#8221; custom_margin=&#8221;||-2px|||&#8221; custom_padding=&#8221;|20px||||&#8221; animation_style=&#8221;fade&#8221; animation_duration=&#8221;650ms&#8221; border_width_all=&#8221;0px&#8221; border_color_all=&#8221;RGBA(0,0,0,0)&#8221; global_colors_info=&#8221;{}&#8221;]<\/p>\n<p><img loading=\"lazy\" decoding=\"async\" src=\"https:\/\/terra-institute.eu\/it\/wp-content\/uploads\/2023\/08\/Gunther-Reifer-300x300-1.jpg\" width=\"300\" height=\"300\" alt=\"\" class=\"wp-image-5601 alignnone size-medium\" \/><\/p>\n<p style=\"font-weight: 400;\">Cofondatore e CEO di Terra Institute. La sua consulenza si concentra su obiettivi e strategie, economia circolare e finanza sostenibile.<\/p>\n<p>\u00c8 un generatore di impulsi, un ispiratore e un oratore di spicco, membro di vari consigli di amministrazione e di vigilanza e docente presso varie universit\u00e0 in Svizzera e all&#8217;estero. \u00c8 un consulente appassionato di sostenibilit\u00e0 e coniuga innovazione e sostenibilit\u00e0-innovabilit\u00e0.<\/p>\n<p>[\/et_pb_toggle][\/et_pb_column][et_pb_column type=&#8221;1_3&#8243; _builder_version=&#8221;4.17.4&#8243; _module_preset=&#8221;default&#8221; global_colors_info=&#8221;{}&#8221;][et_pb_toggle title=&#8221;Helene Thierig&#8221; open_toggle_text_color=&#8221;#428ca6&#8243; open_toggle_background_color=&#8221;#FFFFFF&#8221; closed_toggle_background_color=&#8221;#FFFFFF&#8221; icon_color=&#8221;#79a9b6&#8243; use_icon_font_size=&#8221;on&#8221; icon_font_size=&#8221;33px&#8221; open_icon_color=&#8221;#79a9b6&#8243; open_use_icon_font_size=&#8221;on&#8221; open_icon_font_size=&#8221;33px&#8221; _builder_version=&#8221;4.22.2&#8243; _module_preset=&#8221;default&#8221; title_text_color=&#8221;#79a9b6&#8243; title_level=&#8221;h4&#8243; title_font=&#8221;|||||on|||&#8221; title_font_size=&#8221;22px&#8221; title_line_height=&#8221;1.4em&#8221; body_font_size=&#8221;11px&#8221; body_line_height=&#8221;1.6em&#8221; width=&#8221;100%&#8221; custom_margin=&#8221;||-2px|||&#8221; custom_padding=&#8221;|20px||||&#8221; animation_style=&#8221;fade&#8221; animation_duration=&#8221;650ms&#8221; border_width_all=&#8221;0px&#8221; border_color_all=&#8221;RGBA(0,0,0,0)&#8221; global_colors_info=&#8221;{}&#8221;]<\/p>\n<p><img loading=\"lazy\" decoding=\"async\" src=\"https:\/\/terra-institute.eu\/it\/wp-content\/uploads\/2023\/08\/Helene-Thierig-300x300-1.jpg\" width=\"300\" height=\"300\" alt=\"\" class=\"wp-image-5603 alignnone size-medium\" \/><\/p>\n<p><span style=\"font-weight: 400;\">Helene Thierig lavora presso il Terra Institute nel campo dello sviluppo regionale ed \u00e8 stata coinvolta in progetti come la &#8220;Strategia paesaggistica dell&#8217;Alto Adige&#8221; e in processi partecipativi nel contesto dello sviluppo comunitario.<\/span><\/p>\n<p><span style=\"font-weight: 400;\">Oltre allo sviluppo regionale, accompagna i dipendenti delle aziende nei processi di sviluppo personale e lavora sui temi della sostenibilit\u00e0 e della comunicazione sul clima.<\/span><\/p>\n<p><br style=\"font-weight: 400;\" \/><br style=\"font-weight: 400;\" \/><\/p>\n<p>[\/et_pb_toggle][\/et_pb_column][et_pb_column type=&#8221;1_3&#8243; _builder_version=&#8221;4.17.4&#8243; _module_preset=&#8221;default&#8221; global_colors_info=&#8221;{}&#8221;][et_pb_toggle title=&#8221;Werner K\u00f6ssler&#8221; open_toggle_text_color=&#8221;#428ca6&#8243; open_toggle_background_color=&#8221;#FFFFFF&#8221; closed_toggle_background_color=&#8221;#FFFFFF&#8221; icon_color=&#8221;#79a9b6&#8243; use_icon_font_size=&#8221;on&#8221; icon_font_size=&#8221;33px&#8221; open_icon_color=&#8221;#79a9b6&#8243; open_use_icon_font_size=&#8221;on&#8221; open_icon_font_size=&#8221;33px&#8221; _builder_version=&#8221;4.22.2&#8243; _module_preset=&#8221;default&#8221; title_text_color=&#8221;#79a9b6&#8243; title_level=&#8221;h4&#8243; title_font=&#8221;|||||on|||&#8221; title_font_size=&#8221;22px&#8221; title_line_height=&#8221;1.4em&#8221; body_font_size=&#8221;11px&#8221; body_line_height=&#8221;1.6em&#8221; width=&#8221;100%&#8221; custom_margin=&#8221;||-2px|||&#8221; custom_padding=&#8221;|20px||||&#8221; animation_style=&#8221;fade&#8221; animation_duration=&#8221;650ms&#8221; border_width_all=&#8221;0px&#8221; border_color_all=&#8221;RGBA(0,0,0,0)&#8221; global_colors_info=&#8221;{}&#8221;]<\/p>\n<p><img loading=\"lazy\" decoding=\"async\" src=\"https:\/\/terra-institute.eu\/it\/wp-content\/uploads\/2024\/07\/Werner-Kossler-300x300-1.jpg\" width=\"300\" height=\"300\" alt=\"\" class=\"wp-image-250478 alignnone size-medium\" \/><\/p>\n<p><span style=\"font-weight: 400;\">Werner K\u00f6ssler \u00e8 un tecnico ed economista aziendale, esperto di gestione della sostenibilit\u00e0 e di economia circolare con 30 anni di esperienza in diversi settori e aziende. In una posizione di leadership, ha implementato con successo molti progetti complessi per migliorare le prestazioni di sostenibilit\u00e0 delle aziende, sempre inseriti in programmi di sviluppo organizzativo.<\/span><\/p>\n<p><span style=\"font-weight: 400;\">La sua vocazione e la sua passione consistono nel formare attivamente le aziende verso una consapevolezza consapevole e completa degli aspetti della sostenibilit\u00e0 e della circolarit\u00e0.<\/span><\/p>\n<p><span style=\"font-weight: 400;\">Con strategie e misure adeguate, questo si traduce anche in vantaggi economici, perch\u00e9 la sostenibilit\u00e0 \u00e8 economia a lungo termine.<\/span><\/p>\n<p>[\/et_pb_toggle][\/et_pb_column][\/et_pb_row][et_pb_row column_structure=&#8221;1_3,1_3,1_3&#8243; _builder_version=&#8221;4.17.4&#8243; _module_preset=&#8221;default&#8221; global_colors_info=&#8221;{}&#8221;][et_pb_column type=&#8221;1_3&#8243; _builder_version=&#8221;4.17.4&#8243; _module_preset=&#8221;default&#8221; global_colors_info=&#8221;{}&#8221;][et_pb_toggle title=&#8221;Anabel Heger&#8221; open_toggle_text_color=&#8221;#428ca6&#8243; open_toggle_background_color=&#8221;#FFFFFF&#8221; closed_toggle_background_color=&#8221;#FFFFFF&#8221; icon_color=&#8221;#79a9b6&#8243; use_icon_font_size=&#8221;on&#8221; icon_font_size=&#8221;33px&#8221; open_icon_color=&#8221;#79a9b6&#8243; open_use_icon_font_size=&#8221;on&#8221; open_icon_font_size=&#8221;33px&#8221; _builder_version=&#8221;4.24.0&#8243; _module_preset=&#8221;default&#8221; title_text_color=&#8221;#79a9b6&#8243; title_level=&#8221;h4&#8243; title_font=&#8221;|||||on|||&#8221; title_font_size=&#8221;24px&#8221; title_line_height=&#8221;1.4em&#8221; body_font_size=&#8221;11px&#8221; body_line_height=&#8221;1.6em&#8221; custom_margin=&#8221;||-2px|||&#8221; custom_padding=&#8221;|20px||||&#8221; animation_style=&#8221;fade&#8221; animation_duration=&#8221;650ms&#8221; border_width_all=&#8221;0px&#8221; border_color_all=&#8221;RGBA(0,0,0,0)&#8221; global_colors_info=&#8221;{}&#8221;]<\/p>\n<p style=\"font-weight: 400;\"><img loading=\"lazy\" decoding=\"async\" src=\"https:\/\/terra-institute.eu\/it\/wp-content\/uploads\/2024\/07\/Anabel-Heger_2-150x150-1.jpg\" width=\"150\" height=\"150\" alt=\"\" class=\"wp-image-4641 alignnone size-thumbnail\" \/><\/p>\n<p style=\"font-weight: 400;\">Anabel Heger holds a Master&#8217;s degree in International Economics, specializing in environmental economics. She has several years of experience in supporting and advising companies on sustainable transformation processes.<\/p>\n<p style=\"font-weight: 400;\">Her focus is on the circular economy and sustainability reporting.<\/p>\n<p>[\/et_pb_toggle][\/et_pb_column][et_pb_column type=&#8221;1_3&#8243; _builder_version=&#8221;4.17.4&#8243; _module_preset=&#8221;default&#8221; global_colors_info=&#8221;{}&#8221;][\/et_pb_column][et_pb_column type=&#8221;1_3&#8243; _builder_version=&#8221;4.17.4&#8243; _module_preset=&#8221;default&#8221; global_colors_info=&#8221;{}&#8221;][\/et_pb_column][\/et_pb_row][\/et_pb_section][et_pb_section fb_built=&#8221;1&#8243; _builder_version=&#8221;4.17.4&#8243; _module_preset=&#8221;default&#8221; custom_padding=&#8221;4px||33px|||&#8221; global_colors_info=&#8221;{}&#8221;][et_pb_row _builder_version=&#8221;4.17.4&#8243; _module_preset=&#8221;default&#8221; custom_padding=&#8221;||0px|||&#8221; global_colors_info=&#8221;{}&#8221;][et_pb_column type=&#8221;4_4&#8243; _builder_version=&#8221;4.17.4&#8243; _module_preset=&#8221;default&#8221; global_colors_info=&#8221;{}&#8221;][et_pb_divider _builder_version=&#8221;4.17.4&#8243; _module_preset=&#8221;default&#8221; global_colors_info=&#8221;{}&#8221;][\/et_pb_divider][\/et_pb_column][\/et_pb_row][\/et_pb_section][et_pb_section fb_built=&#8221;1&#8243; module_id=&#8221;kontakt&#8221; _builder_version=&#8221;4.27.4&#8243; _module_preset=&#8221;default&#8221; locked=&#8221;off&#8221; global_colors_info=&#8221;{}&#8221;][et_pb_row _builder_version=&#8221;4.17.4&#8243; _module_preset=&#8221;default&#8221; global_colors_info=&#8221;{}&#8221;][et_pb_column type=&#8221;4_4&#8243; _builder_version=&#8221;4.17.4&#8243; _module_preset=&#8221;default&#8221; global_colors_info=&#8221;{}&#8221;][et_pb_text module_id=&#8221;kontakt&#8221; _builder_version=&#8221;4.22.2&#8243; _module_preset=&#8221;default&#8221; header_2_font_size=&#8221;32px&#8221; global_colors_info=&#8221;{}&#8221;]<\/p>\n<h2>Contatti<\/h2>\n<p>Per domande o supporto nel vostro percorso verso la sostenibilit\u00e0, contattateci qui.<br \/>Si prega di consultare la nostra <a href=\"https:\/\/terra-institute.eu\/it\/informativa-sulla-privacy\/\" target=\"_blank\" rel=\"noopener\">politica sulla privacy<\/a> e i <a href=\"https:\/\/terra-institute.eu\/it\/condizioni-generali-di-contratto-terra-institute-srl\/\" target=\"_blank\" rel=\"noopener\">termini e condizioni<\/a>.<\/p>\n<p>Attendiamo con piacere il vostro messaggio!<\/p>\n<p><a href=\"mailto:office@terra-institute.eu\">office@terra-institute.eu<\/a><br \/>Tel. +39 0472 970 484.<\/p>\n<p>[\/et_pb_text][et_pb_contact_form email=&#8221;office@terra-institute.eu&#8221; title=&#8221;-&#8221; custom_message=&#8221;Nuovo messaggio da Terra Institute (IT)||et_pb_line_break_holder||||et_pb_line_break_holder||%%Name%%||et_pb_line_break_holder||%%Surname%%||et_pb_line_break_holder||%%Company%%||et_pb_line_break_holder||%%Position%%||et_pb_line_break_holder||%%Email%%||et_pb_line_break_holder||%%Message%%||et_pb_line_break_holder||%%privacy%%&#8221; success_message=&#8221;Grazie per il vostro messaggio.&#8221; submit_button_text=&#8221;Inviare&#8221; _builder_version=&#8221;4.22.2&#8243; _module_preset=&#8221;default&#8221; _unique_id=&#8221;98032156-e285-488d-bc5c-35c224a6d945&#8243; title_level=&#8221;h2&#8243; title_text_color=&#8221;#3f3f3f&#8221; global_colors_info=&#8221;{}&#8221;][et_pb_contact_field field_id=&#8221;Name&#8221; field_title=&#8221;Nome&#8221; _builder_version=&#8221;4.22.2&#8243; global_colors_info=&#8221;{}&#8221; button_text_size__hover_enabled=&#8221;off&#8221; button_one_text_size__hover_enabled=&#8221;off&#8221; button_two_text_size__hover_enabled=&#8221;off&#8221; button_text_color__hover_enabled=&#8221;off&#8221; button_one_text_color__hover_enabled=&#8221;off&#8221; button_two_text_color__hover_enabled=&#8221;off&#8221; button_border_width__hover_enabled=&#8221;off&#8221; button_one_border_width__hover_enabled=&#8221;off&#8221; button_two_border_width__hover_enabled=&#8221;off&#8221; button_border_color__hover_enabled=&#8221;off&#8221; button_one_border_color__hover_enabled=&#8221;off&#8221; button_two_border_color__hover_enabled=&#8221;off&#8221; button_border_radius__hover_enabled=&#8221;off&#8221; button_one_border_radius__hover_enabled=&#8221;off&#8221; button_two_border_radius__hover_enabled=&#8221;off&#8221; button_letter_spacing__hover_enabled=&#8221;off&#8221; button_one_letter_spacing__hover_enabled=&#8221;off&#8221; button_two_letter_spacing__hover_enabled=&#8221;off&#8221; button_bg_color__hover_enabled=&#8221;off&#8221; button_one_bg_color__hover_enabled=&#8221;off&#8221; button_two_bg_color__hover_enabled=&#8221;off&#8221;][\/et_pb_contact_field][et_pb_contact_field field_id=&#8221;Surname&#8221; field_title=&#8221;Cognome&#8221; _builder_version=&#8221;4.22.2&#8243; global_colors_info=&#8221;{}&#8221; button_text_size__hover_enabled=&#8221;off&#8221; button_one_text_size__hover_enabled=&#8221;off&#8221; button_two_text_size__hover_enabled=&#8221;off&#8221; button_text_color__hover_enabled=&#8221;off&#8221; button_one_text_color__hover_enabled=&#8221;off&#8221; button_two_text_color__hover_enabled=&#8221;off&#8221; button_border_width__hover_enabled=&#8221;off&#8221; button_one_border_width__hover_enabled=&#8221;off&#8221; button_two_border_width__hover_enabled=&#8221;off&#8221; button_border_color__hover_enabled=&#8221;off&#8221; button_one_border_color__hover_enabled=&#8221;off&#8221; button_two_border_color__hover_enabled=&#8221;off&#8221; button_border_radius__hover_enabled=&#8221;off&#8221; button_one_border_radius__hover_enabled=&#8221;off&#8221; button_two_border_radius__hover_enabled=&#8221;off&#8221; button_letter_spacing__hover_enabled=&#8221;off&#8221; button_one_letter_spacing__hover_enabled=&#8221;off&#8221; button_two_letter_spacing__hover_enabled=&#8221;off&#8221; button_bg_color__hover_enabled=&#8221;off&#8221; button_one_bg_color__hover_enabled=&#8221;off&#8221; button_two_bg_color__hover_enabled=&#8221;off&#8221;][\/et_pb_contact_field][et_pb_contact_field field_id=&#8221;Company&#8221; field_title=&#8221;Azienda&#8221; _builder_version=&#8221;4.22.2&#8243; global_colors_info=&#8221;{}&#8221; button_text_size__hover_enabled=&#8221;off&#8221; button_one_text_size__hover_enabled=&#8221;off&#8221; button_two_text_size__hover_enabled=&#8221;off&#8221; button_text_color__hover_enabled=&#8221;off&#8221; button_one_text_color__hover_enabled=&#8221;off&#8221; button_two_text_color__hover_enabled=&#8221;off&#8221; button_border_width__hover_enabled=&#8221;off&#8221; button_one_border_width__hover_enabled=&#8221;off&#8221; button_two_border_width__hover_enabled=&#8221;off&#8221; button_border_color__hover_enabled=&#8221;off&#8221; button_one_border_color__hover_enabled=&#8221;off&#8221; button_two_border_color__hover_enabled=&#8221;off&#8221; button_border_radius__hover_enabled=&#8221;off&#8221; button_one_border_radius__hover_enabled=&#8221;off&#8221; button_two_border_radius__hover_enabled=&#8221;off&#8221; button_letter_spacing__hover_enabled=&#8221;off&#8221; button_one_letter_spacing__hover_enabled=&#8221;off&#8221; button_two_letter_spacing__hover_enabled=&#8221;off&#8221; button_bg_color__hover_enabled=&#8221;off&#8221; button_one_bg_color__hover_enabled=&#8221;off&#8221; button_two_bg_color__hover_enabled=&#8221;off&#8221;][\/et_pb_contact_field][et_pb_contact_field field_id=&#8221;Position&#8221; field_title=&#8221;Posizione&#8221; _builder_version=&#8221;4.22.2&#8243; global_colors_info=&#8221;{}&#8221; button_text_size__hover_enabled=&#8221;off&#8221; button_one_text_size__hover_enabled=&#8221;off&#8221; button_two_text_size__hover_enabled=&#8221;off&#8221; button_text_color__hover_enabled=&#8221;off&#8221; button_one_text_color__hover_enabled=&#8221;off&#8221; button_two_text_color__hover_enabled=&#8221;off&#8221; button_border_width__hover_enabled=&#8221;off&#8221; button_one_border_width__hover_enabled=&#8221;off&#8221; button_two_border_width__hover_enabled=&#8221;off&#8221; button_border_color__hover_enabled=&#8221;off&#8221; button_one_border_color__hover_enabled=&#8221;off&#8221; button_two_border_color__hover_enabled=&#8221;off&#8221; button_border_radius__hover_enabled=&#8221;off&#8221; button_one_border_radius__hover_enabled=&#8221;off&#8221; button_two_border_radius__hover_enabled=&#8221;off&#8221; button_letter_spacing__hover_enabled=&#8221;off&#8221; button_one_letter_spacing__hover_enabled=&#8221;off&#8221; button_two_letter_spacing__hover_enabled=&#8221;off&#8221; button_bg_color__hover_enabled=&#8221;off&#8221; button_one_bg_color__hover_enabled=&#8221;off&#8221; button_two_bg_color__hover_enabled=&#8221;off&#8221;][\/et_pb_contact_field][et_pb_contact_field field_id=&#8221;Email&#8221; field_title=&#8221;Email Address&#8221; field_type=&#8221;email&#8221; _builder_version=&#8221;4.16&#8243; global_colors_info=&#8221;{}&#8221; button_text_size__hover_enabled=&#8221;off&#8221; button_one_text_size__hover_enabled=&#8221;off&#8221; button_two_text_size__hover_enabled=&#8221;off&#8221; button_text_color__hover_enabled=&#8221;off&#8221; button_one_text_color__hover_enabled=&#8221;off&#8221; button_two_text_color__hover_enabled=&#8221;off&#8221; button_border_width__hover_enabled=&#8221;off&#8221; button_one_border_width__hover_enabled=&#8221;off&#8221; button_two_border_width__hover_enabled=&#8221;off&#8221; button_border_color__hover_enabled=&#8221;off&#8221; button_one_border_color__hover_enabled=&#8221;off&#8221; button_two_border_color__hover_enabled=&#8221;off&#8221; button_border_radius__hover_enabled=&#8221;off&#8221; button_one_border_radius__hover_enabled=&#8221;off&#8221; button_two_border_radius__hover_enabled=&#8221;off&#8221; button_letter_spacing__hover_enabled=&#8221;off&#8221; button_one_letter_spacing__hover_enabled=&#8221;off&#8221; button_two_letter_spacing__hover_enabled=&#8221;off&#8221; button_bg_color__hover_enabled=&#8221;off&#8221; button_one_bg_color__hover_enabled=&#8221;off&#8221; button_two_bg_color__hover_enabled=&#8221;off&#8221;][\/et_pb_contact_field][et_pb_contact_field field_id=&#8221;Message&#8221; field_title=&#8221;Messaggio&#8221; field_type=&#8221;text&#8221; fullwidth_field=&#8221;on&#8221; _builder_version=&#8221;4.22.2&#8243; global_colors_info=&#8221;{}&#8221; button_text_size__hover_enabled=&#8221;off&#8221; button_one_text_size__hover_enabled=&#8221;off&#8221; button_two_text_size__hover_enabled=&#8221;off&#8221; button_text_color__hover_enabled=&#8221;off&#8221; button_one_text_color__hover_enabled=&#8221;off&#8221; button_two_text_color__hover_enabled=&#8221;off&#8221; button_border_width__hover_enabled=&#8221;off&#8221; button_one_border_width__hover_enabled=&#8221;off&#8221; button_two_border_width__hover_enabled=&#8221;off&#8221; button_border_color__hover_enabled=&#8221;off&#8221; button_one_border_color__hover_enabled=&#8221;off&#8221; button_two_border_color__hover_enabled=&#8221;off&#8221; button_border_radius__hover_enabled=&#8221;off&#8221; button_one_border_radius__hover_enabled=&#8221;off&#8221; button_two_border_radius__hover_enabled=&#8221;off&#8221; button_letter_spacing__hover_enabled=&#8221;off&#8221; button_one_letter_spacing__hover_enabled=&#8221;off&#8221; button_two_letter_spacing__hover_enabled=&#8221;off&#8221; button_bg_color__hover_enabled=&#8221;off&#8221; button_one_bg_color__hover_enabled=&#8221;off&#8221; button_two_bg_color__hover_enabled=&#8221;off&#8221;][\/et_pb_contact_field][et_pb_contact_field field_id=&#8221;privacy&#8221; field_title=&#8221;Privacy Policy&#8221; field_type=&#8221;checkbox&#8221; checkbox_options=&#8221;%91{%22value%22:%22Con la presente sottoscrivo le norme sulla protezione dei dati%22,%22checked%22:0,%22dragID%22:-1}%93&#8243; fullwidth_field=&#8221;on&#8221; _builder_version=&#8221;4.22.2&#8243; _module_preset=&#8221;default&#8221; global_colors_info=&#8221;{}&#8221;][\/et_pb_contact_field][\/et_pb_contact_form][\/et_pb_column][\/et_pb_row][\/et_pb_section][et_pb_section fb_built=&#8221;1&#8243; inner_shadow=&#8221;on&#8221; admin_label=&#8221;Section&#8221; module_class=&#8221;five-columns&#8221; _builder_version=&#8221;4.9.7&#8243; _module_preset=&#8221;default&#8221; background_color=&#8221;#3d3d3d&#8221; custom_padding=&#8221;||16px|||&#8221; global_module=&#8221;734&#8243; saved_tabs=&#8221;all&#8221; locked=&#8221;off&#8221; global_colors_info=&#8221;{}&#8221;][et_pb_row column_structure=&#8221;1_5,1_5,1_5,1_5,1_5&#8243; module_class=&#8221;.five-columns&#8221; _builder_version=&#8221;4.16&#8243; _module_preset=&#8221;default&#8221; width_tablet=&#8221;&#8221; width_phone=&#8221;45%&#8221; width_last_edited=&#8221;on|phone&#8221; max_width_tablet=&#8221;&#8221; max_width_phone=&#8221;&#8221; max_width_last_edited=&#8221;on|phone&#8221; global_colors_info=&#8221;{}&#8221;][et_pb_column type=&#8221;1_5&#8243; _builder_version=&#8221;4.16&#8243; _module_preset=&#8221;default&#8221; global_colors_info=&#8221;{}&#8221;][et_pb_image src=&#8221;https:\/\/terra-institute.eu\/it\/wp-content\/uploads\/2021\/04\/terra_institute_logo-1.png&#8221; title_text=&#8221;terra_institute_logo&#8221; _builder_version=&#8221;4.27.4&#8243; _module_preset=&#8221;default&#8221; width=&#8221;68%&#8221; global_colors_info=&#8221;{}&#8221;][\/et_pb_image][et_pb_image src=&#8221;https:\/\/terra-institute.eu\/it\/wp-content\/uploads\/2025\/07\/Certania-Group_white_png.png&#8221; title_text=&#8221;Certania Group_white_png&#8221; _builder_version=&#8221;4.27.4&#8243; _module_preset=&#8221;default&#8221; width=&#8221;60%&#8221; global_colors_info=&#8221;{}&#8221;][\/et_pb_image][\/et_pb_column][et_pb_column type=&#8221;1_5&#8243; _builder_version=&#8221;4.16&#8243; _module_preset=&#8221;default&#8221; global_colors_info=&#8221;{}&#8221;][et_pb_text _builder_version=&#8221;4.16&#8243; _module_preset=&#8221;default&#8221; text_font=&#8221;SourceSans-Pro-Regular||||||||&#8221; text_text_color=&#8221;rgba(255,255,255,0.82)&#8221; header_text_color=&#8221;#FFFFFF&#8221; header_2_text_color=&#8221;#FFFFFF&#8221; header_2_font_size=&#8221;42px&#8221; header_2_line_height=&#8221;1.1em&#8221; header_3_text_color=&#8221;#FFFFFF&#8221; custom_margin=&#8221;||-4px|||&#8221; custom_padding=&#8221;||2px||false|false&#8221; animation_style=&#8221;fade&#8221; animation_duration=&#8221;1300ms&#8221; border_color_bottom=&#8221;rgba(0,0,0,0.16)&#8221; border_color_left=&#8221;#7d7168&#8243; global_colors_info=&#8221;{}&#8221;]<\/p>\n<h3>BRESSANONE <span style=\"font-size: x-small;\">HEADQUARTERS<\/span><\/h3>\n<p>[\/et_pb_text][et_pb_text _builder_version=&#8221;4.22.2&#8243; _module_preset=&#8221;default&#8221; text_font=&#8221;SourceSans-Pro-Regular||||||||&#8221; text_text_color=&#8221;rgba(255,255,255,0.82)&#8221; header_text_color=&#8221;#FFFFFF&#8221; header_2_text_color=&#8221;#FFFFFF&#8221; header_2_font_size=&#8221;42px&#8221; header_2_line_height=&#8221;1.1em&#8221; header_3_text_color=&#8221;#FFFFFF&#8221; custom_margin=&#8221;||-4px|||&#8221; custom_padding=&#8221;||31px||false|false&#8221; animation_style=&#8221;fade&#8221; animation_duration=&#8221;1300ms&#8221; border_color_bottom=&#8221;rgba(0,0,0,0.16)&#8221; border_color_left=&#8221;#7d7168&#8243; global_colors_info=&#8221;{}&#8221;]<\/p>\n<p>Terra Institute Srl<br \/>Via Sant&#8217;Albuino 2<br \/>39042 Bressanone (BZ)<br \/>Italia<\/p>\n<p>[\/et_pb_text][et_pb_button button_url=&#8221;https:\/\/g.page\/TerraInstitute?share&#8221; url_new_window=&#8221;on&#8221; button_text=&#8221;Indicazioni&#8221; disabled_on=&#8221;on|on|on&#8221; _builder_version=&#8221;4.16&#8243; _module_preset=&#8221;default&#8221; custom_button=&#8221;on&#8221; button_text_size=&#8221;13px&#8221; button_text_color=&#8221;#FFFFFF&#8221; button_bg_color=&#8221;#79a9b6&#8243; button_border_color=&#8221;RGBA(0,0,0,0)&#8221; button_border_radius=&#8221;15px&#8221; disabled=&#8221;on&#8221; global_colors_info=&#8221;{}&#8221;][\/et_pb_button][\/et_pb_column][et_pb_column type=&#8221;1_5&#8243; _builder_version=&#8221;4.16&#8243; _module_preset=&#8221;default&#8221; global_colors_info=&#8221;{}&#8221;][et_pb_text _builder_version=&#8221;4.16&#8243; _module_preset=&#8221;default&#8221; text_font=&#8221;SourceSans-Pro-Regular||||||||&#8221; text_text_color=&#8221;rgba(255,255,255,0.82)&#8221; header_text_color=&#8221;#FFFFFF&#8221; header_2_text_color=&#8221;#FFFFFF&#8221; header_2_font_size=&#8221;42px&#8221; header_2_line_height=&#8221;1.1em&#8221; header_3_text_color=&#8221;#FFFFFF&#8221; custom_margin=&#8221;||-4px|||&#8221; custom_padding=&#8221;||5px||false|false&#8221; animation_style=&#8221;fade&#8221; animation_duration=&#8221;1300ms&#8221; border_color_bottom=&#8221;rgba(0,0,0,0.16)&#8221; border_color_left=&#8221;#7d7168&#8243; global_colors_info=&#8221;{}&#8221;]<\/p>\n<h3>INNSBRUCK <span style=\"font-size: x-small;\">OFFICE AUSTRIA WEST<\/span><\/h3>\n<p>[\/et_pb_text][et_pb_text _builder_version=&#8221;4.22.2&#8243; _module_preset=&#8221;default&#8221; text_font=&#8221;SourceSans-Pro-Regular||||||||&#8221; text_text_color=&#8221;rgba(255,255,255,0.82)&#8221; header_text_color=&#8221;#FFFFFF&#8221; header_2_text_color=&#8221;#FFFFFF&#8221; header_2_font_size=&#8221;42px&#8221; header_2_line_height=&#8221;1.1em&#8221; header_3_text_color=&#8221;#FFFFFF&#8221; custom_margin=&#8221;||-4px|||&#8221; custom_padding=&#8221;||31px||false|false&#8221; animation_style=&#8221;fade&#8221; animation_duration=&#8221;1300ms&#8221; border_color_bottom=&#8221;rgba(0,0,0,0.16)&#8221; border_color_left=&#8221;#7d7168&#8243; global_colors_info=&#8221;{}&#8221;]<\/p>\n<p>Terra Institute Austria FlexCo<br \/><span data-teams=\"true\">Karl-Kapferer-Stra\u00dfe 5<\/span><br \/>6020 Innsbruck<br \/>Austria<\/p>\n<p>[\/et_pb_text][\/et_pb_column][et_pb_column type=&#8221;1_5&#8243; _builder_version=&#8221;4.16&#8243; _module_preset=&#8221;default&#8221; global_colors_info=&#8221;{}&#8221;][\/et_pb_column][et_pb_column type=&#8221;1_5&#8243; _builder_version=&#8221;4.16&#8243; _module_preset=&#8221;default&#8221; global_colors_info=&#8221;{}&#8221;][et_pb_text _builder_version=&#8221;4.16&#8243; _module_preset=&#8221;default&#8221; text_font=&#8221;SourceSans-Pro-Regular||||||||&#8221; text_text_color=&#8221;rgba(255,255,255,0.82)&#8221; header_text_color=&#8221;#FFFFFF&#8221; header_2_text_color=&#8221;#FFFFFF&#8221; header_2_font_size=&#8221;42px&#8221; header_2_line_height=&#8221;1.1em&#8221; header_3_text_color=&#8221;#FFFFFF&#8221; custom_margin=&#8221;||-4px|||&#8221; custom_padding=&#8221;||1px||false|false&#8221; animation_style=&#8221;fade&#8221; animation_duration=&#8221;1300ms&#8221; border_color_bottom=&#8221;rgba(0,0,0,0.16)&#8221; border_color_left=&#8221;#7d7168&#8243; global_colors_info=&#8221;{}&#8221;]<\/p>\n<h3>CONTATTI<\/h3>\n<p>[\/et_pb_text][et_pb_text _builder_version=&#8221;4.16&#8243; _module_preset=&#8221;default&#8221; text_font=&#8221;SourceSans-Pro-Regular||||||||&#8221; text_text_color=&#8221;rgba(255,255,255,0.82)&#8221; header_text_color=&#8221;#FFFFFF&#8221; header_2_text_color=&#8221;#FFFFFF&#8221; header_2_font_size=&#8221;42px&#8221; header_2_line_height=&#8221;1.1em&#8221; header_3_text_color=&#8221;#FFFFFF&#8221; custom_margin=&#8221;||-4px|||&#8221; custom_padding=&#8221;||31px||false|false&#8221; animation_style=&#8221;fade&#8221; animation_duration=&#8221;1300ms&#8221; border_color_bottom=&#8221;rgba(0,0,0,0.16)&#8221; border_color_left=&#8221;#7d7168&#8243; global_colors_info=&#8221;{}&#8221;]<\/p>\n<p><a href=\"mailto:office@terra-institute.eu%20\">office@terra-institute.eu<\/a><br \/>Tel. +39 0472 970 484<\/p>\n<p>[\/et_pb_text][et_pb_text _builder_version=&#8221;4.16&#8243; _module_preset=&#8221;default&#8221; text_font=&#8221;SourceSans-Pro-Regular||||||||&#8221; text_text_color=&#8221;rgba(255,255,255,0.82)&#8221; header_text_color=&#8221;#FFFFFF&#8221; header_2_text_color=&#8221;#FFFFFF&#8221; header_2_font_size=&#8221;42px&#8221; header_2_line_height=&#8221;1.1em&#8221; header_3_text_color=&#8221;#FFFFFF&#8221; custom_margin=&#8221;||-4px|||&#8221; custom_padding=&#8221;||2px||false|false&#8221; animation_style=&#8221;fade&#8221; animation_duration=&#8221;1300ms&#8221; border_color_bottom=&#8221;rgba(0,0,0,0.16)&#8221; border_color_left=&#8221;#7d7168&#8243; global_colors_info=&#8221;{}&#8221;]<\/p>\n<h3>FOLLOW US<\/h3>\n<p>[\/et_pb_text][et_pb_social_media_follow _builder_version=&#8221;4.22.2&#8243; _module_preset=&#8221;default&#8221; global_colors_info=&#8221;{}&#8221;][et_pb_social_media_follow_network social_network=&#8221;linkedin&#8221; url=&#8221;https:\/\/it.linkedin.com\/company\/terra-institute&#8221; _builder_version=&#8221;4.16&#8243; _module_preset=&#8221;default&#8221; background_color=&#8221;#007bb6&#8243; global_colors_info=&#8221;{}&#8221; follow_button=&#8221;off&#8221; url_new_window=&#8221;on&#8221;]linkedin[\/et_pb_social_media_follow_network][et_pb_social_media_follow_network social_network=&#8221;instagram&#8221; url=&#8221;https:\/\/www.instagram.com\/terra.institute\/&#8221; _builder_version=&#8221;4.16&#8243; _module_preset=&#8221;default&#8221; background_color=&#8221;#ea2c59&#8243; global_colors_info=&#8221;{}&#8221; follow_button=&#8221;off&#8221; url_new_window=&#8221;on&#8221;]instagram[\/et_pb_social_media_follow_network][et_pb_social_media_follow_network social_network=&#8221;facebook&#8221; url=&#8221;https:\/\/www.facebook.com\/TerraInstitute&#8221; _builder_version=&#8221;4.16&#8243; _module_preset=&#8221;default&#8221; background_color=&#8221;#3b5998&#8243; global_colors_info=&#8221;{}&#8221; follow_button=&#8221;off&#8221; url_new_window=&#8221;on&#8221;]facebook[\/et_pb_social_media_follow_network][\/et_pb_social_media_follow][et_pb_text _builder_version=&#8221;4.16&#8243; _module_preset=&#8221;default&#8221; text_font=&#8221;SourceSans-Pro-Regular||||||||&#8221; text_text_color=&#8221;rgba(255,255,255,0.82)&#8221; header_text_color=&#8221;#FFFFFF&#8221; header_2_text_color=&#8221;#FFFFFF&#8221; header_2_font_size=&#8221;42px&#8221; header_2_line_height=&#8221;1.1em&#8221; header_3_text_color=&#8221;#FFFFFF&#8221; custom_margin=&#8221;||-4px|||&#8221; custom_padding=&#8221;||2px||false|false&#8221; animation_style=&#8221;fade&#8221; animation_duration=&#8221;1300ms&#8221; border_color_bottom=&#8221;rgba(0,0,0,0.16)&#8221; border_color_left=&#8221;#7d7168&#8243; global_colors_info=&#8221;{}&#8221;]<\/p>\n<h3>NEWSLETTER<\/h3>\n<p>[\/et_pb_text][et_pb_button button_url=&#8221;http:\/\/eepurl.com\/dv1j9X&#8221; url_new_window=&#8221;on&#8221; button_text=&#8221;ISCRIVITI&#8221; _builder_version=&#8221;4.16&#8243; _module_preset=&#8221;default&#8221; custom_button=&#8221;on&#8221; button_text_size=&#8221;13px&#8221; button_text_color=&#8221;#FFFFFF&#8221; button_bg_color=&#8221;#79a9b6&#8243; button_border_color=&#8221;RGBA(0,0,0,0)&#8221; button_border_radius=&#8221;15px&#8221; global_colors_info=&#8221;{}&#8221;][\/et_pb_button][\/et_pb_column][\/et_pb_row][et_pb_row column_structure=&#8221;1_6,1_6,1_6,1_6,1_6,1_6&#8243; _builder_version=&#8221;4.16&#8243; _module_preset=&#8221;default&#8221; max_width=&#8221;1200px&#8221; custom_margin=&#8221;|auto|-4px|auto||&#8221; border_color_all=&#8221;#ffffff&#8221; border_width_top=&#8221;0.5px&#8221; border_color_top=&#8221;rgba(255,255,255,0.4)&#8221; global_colors_info=&#8221;{}&#8221;][et_pb_column type=&#8221;1_6&#8243; _builder_version=&#8221;4.16&#8243; _module_preset=&#8221;default&#8221; global_colors_info=&#8221;{}&#8221;][et_pb_text _builder_version=&#8221;4.16&#8243; _module_preset=&#8221;default&#8221; text_font=&#8221;SourceSans-Pro-Regular||||||||&#8221; text_text_color=&#8221;rgba(255,255,255,0.82)&#8221; header_text_color=&#8221;#FFFFFF&#8221; header_2_text_color=&#8221;#FFFFFF&#8221; header_2_font_size=&#8221;42px&#8221; header_2_line_height=&#8221;1.1em&#8221; header_3_text_color=&#8221;#79a9b6&#8243; custom_margin=&#8221;||-4px|||&#8221; custom_padding=&#8221;||31px||false|false&#8221; animation_style=&#8221;fade&#8221; animation_duration=&#8221;1300ms&#8221; border_color_bottom=&#8221;rgba(0,0,0,0.16)&#8221; border_color_left=&#8221;#7d7168&#8243; global_colors_info=&#8221;{}&#8221;]<\/p>\n<h3>\u00a9 TERRA Institute <\/h3>\n<p>[\/et_pb_text][\/et_pb_column][et_pb_column type=&#8221;1_6&#8243; _builder_version=&#8221;4.16&#8243; _module_preset=&#8221;default&#8221; global_colors_info=&#8221;{}&#8221;][et_pb_text _builder_version=&#8221;4.16&#8243; _module_preset=&#8221;default&#8221; text_font=&#8221;SourceSans-Pro-Regular||||||||&#8221; text_text_color=&#8221;rgba(255,255,255,0.82)&#8221; header_text_color=&#8221;#FFFFFF&#8221; header_2_text_color=&#8221;#FFFFFF&#8221; header_2_font_size=&#8221;42px&#8221; header_2_line_height=&#8221;1.1em&#8221; header_3_text_color=&#8221;#79a9b6&#8243; custom_margin=&#8221;||-4px|||&#8221; custom_padding=&#8221;||31px||false|false&#8221; animation_style=&#8221;fade&#8221; animation_duration=&#8221;1300ms&#8221; border_color_bottom=&#8221;rgba(0,0,0,0.16)&#8221; border_color_left=&#8221;#7d7168&#8243; global_colors_info=&#8221;{}&#8221;]<\/p>\n<h3>p.iva IT02688830211 <\/h3>\n<p>[\/et_pb_text][\/et_pb_column][et_pb_column type=&#8221;1_6&#8243; _builder_version=&#8221;4.16&#8243; _module_preset=&#8221;default&#8221; global_colors_info=&#8221;{}&#8221;][et_pb_text _builder_version=&#8221;4.16&#8243; _module_preset=&#8221;default&#8221; text_font=&#8221;SourceSans-Pro-Regular||||||||&#8221; text_text_color=&#8221;rgba(255,255,255,0.82)&#8221; header_text_color=&#8221;#FFFFFF&#8221; header_2_text_color=&#8221;#FFFFFF&#8221; header_2_font_size=&#8221;42px&#8221; header_2_line_height=&#8221;1.1em&#8221; header_3_text_color=&#8221;#79a9b6&#8243; custom_margin=&#8221;||-4px|||&#8221; custom_padding=&#8221;||31px||false|false&#8221; animation_style=&#8221;fade&#8221; animation_duration=&#8221;1300ms&#8221; border_color_bottom=&#8221;rgba(0,0,0,0.16)&#8221; border_color_left=&#8221;#7d7168&#8243; global_colors_info=&#8221;{}&#8221;]<\/p>\n<h3> Codice destinatario SUBM70N  <\/h3>\n<p>[\/et_pb_text][\/et_pb_column][et_pb_column type=&#8221;1_6&#8243; _builder_version=&#8221;4.16&#8243; _module_preset=&#8221;default&#8221; global_colors_info=&#8221;{}&#8221;][et_pb_text _builder_version=&#8221;4.22.2&#8243; _module_preset=&#8221;default&#8221; text_font=&#8221;SourceSans-Pro-Regular||||||||&#8221; text_text_color=&#8221;rgba(255,255,255,0.82)&#8221; header_text_color=&#8221;#FFFFFF&#8221; header_2_text_color=&#8221;#FFFFFF&#8221; header_2_font_size=&#8221;42px&#8221; header_2_line_height=&#8221;1.1em&#8221; header_3_text_color=&#8221;#FFFFFF&#8221; custom_margin=&#8221;||-4px|||&#8221; custom_padding=&#8221;||31px||false|false&#8221; animation_style=&#8221;fade&#8221; animation_duration=&#8221;1300ms&#8221; border_color_bottom=&#8221;rgba(0,0,0,0.16)&#8221; border_color_left=&#8221;#7d7168&#8243; global_colors_info=&#8221;{}&#8221;]<\/p>\n<h3><a href=\"https:\/\/terra-institute.eu\/it\/cookie-policy\/\">\/ Cookie Policy<\/a><a href=\"https:\/\/terra-institute.eu\/it\/informativa-sulla-privacy\/\"><br \/>\/ PRIVACY<\/a><\/h3>\n<p>[\/et_pb_text][\/et_pb_column][et_pb_column type=&#8221;1_6&#8243; _builder_version=&#8221;4.16&#8243; _module_preset=&#8221;default&#8221; global_colors_info=&#8221;{}&#8221;][et_pb_text _builder_version=&#8221;4.16&#8243; _module_preset=&#8221;default&#8221; text_font=&#8221;SourceSans-Pro-Regular||||||||&#8221; text_text_color=&#8221;rgba(255,255,255,0.82)&#8221; header_text_color=&#8221;#FFFFFF&#8221; header_2_text_color=&#8221;#FFFFFF&#8221; header_2_font_size=&#8221;42px&#8221; header_2_line_height=&#8221;1.1em&#8221; header_3_text_color=&#8221;#FFFFFF&#8221; custom_margin=&#8221;||-4px|||&#8221; custom_padding=&#8221;||31px||false|false&#8221; animation_style=&#8221;fade&#8221; animation_duration=&#8221;1300ms&#8221; border_color_bottom=&#8221;rgba(0,0,0,0.16)&#8221; border_color_left=&#8221;#7d7168&#8243; global_colors_info=&#8221;{}&#8221;]<\/p>\n<h3><a href=\"https:\/\/terra-institute.eu\/it\/impressum-it\/\">\/ Impressum<\/a><\/h3>\n<p>[\/et_pb_text][\/et_pb_column][et_pb_column type=&#8221;1_6&#8243; _builder_version=&#8221;4.16&#8243; _module_preset=&#8221;default&#8221; global_colors_info=&#8221;{}&#8221;][et_pb_text _builder_version=&#8221;4.22.2&#8243; _module_preset=&#8221;default&#8221; text_font=&#8221;SourceSans-Pro-Regular||||||||&#8221; text_text_color=&#8221;rgba(255,255,255,0.82)&#8221; header_text_color=&#8221;#FFFFFF&#8221; header_2_text_color=&#8221;#FFFFFF&#8221; header_2_font_size=&#8221;42px&#8221; header_2_line_height=&#8221;1.1em&#8221; header_3_text_color=&#8221;#FFFFFF&#8221; custom_margin=&#8221;||-4px|||&#8221; custom_padding=&#8221;||31px||false|false&#8221; animation_style=&#8221;fade&#8221; animation_duration=&#8221;1300ms&#8221; border_color_bottom=&#8221;rgba(0,0,0,0.16)&#8221; border_color_left=&#8221;#7d7168&#8243; global_colors_info=&#8221;{}&#8221;]<\/p>\n<h3><a href=\"https:\/\/terra-institute.eu\/it\/condizioni-generali-di-contratto-terra-institute-srl\/\">\/ CONDIZIONI GENERALI DI CONTRATTO<\/a><\/h3>\n<p>[\/et_pb_text][\/et_pb_column][\/et_pb_row][\/et_pb_section]<\/p>\n","protected":false},"excerpt":{"rendered":"<p>ECONOMIA CIRCOLARE Risolvere le crisi &#8211; agire in cerchio! \/ LA NOSTRA OFFERTAECONOMIA CIRCOLAREINDICE DEI CONTENUTI Quadro normativo Come i nostri clienti ne traggono vantaggio Perch\u00e9 con Terra? Il nostro approccio Circular Business Assessment\u00a0 Le 10 R Dell\u2019Economia Circolare Come Modello Guida Regolamento Ecodesign Contatti FAQ TUTTO DIPENDE DAL PARTNER GIUSTO. L&#8217;economia circolare \u00e8 considerata [&hellip;]<\/p>\n","protected":false},"author":1,"featured_media":0,"parent":0,"menu_order":0,"comment_status":"closed","ping_status":"closed","template":"","meta":{"_et_pb_use_builder":"on","_et_pb_old_content":"","_et_gb_content_width":"","footnotes":""},"class_list":["post-250822","page","type-page","status-publish","hentry"],"yoast_head":"<!-- This site is optimized with the Yoast SEO plugin v26.9 - https:\/\/yoast.com\/product\/yoast-seo-wordpress\/ -->\n<title>Economia circolare - Terra Institute<\/title>\n<meta name=\"robots\" content=\"index, follow, max-snippet:-1, max-image-preview:large, max-video-preview:-1\" \/>\n<link rel=\"canonical\" href=\"https:\/\/terra-institute.eu\/it\/economia-circolare\/\" \/>\n<meta property=\"og:locale\" content=\"it_IT\" \/>\n<meta property=\"og:type\" content=\"article\" \/>\n<meta property=\"og:title\" content=\"Economia circolare - Terra Institute\" \/>\n<meta property=\"og:description\" content=\"ECONOMIA CIRCOLARE Risolvere le crisi - agire in cerchio! \/ LA NOSTRA OFFERTAECONOMIA CIRCOLAREINDICE DEI CONTENUTI Quadro normativo Come i nostri clienti ne traggono vantaggio Perch\u00e9 con Terra? Il nostro approccio Circular Business Assessment\u00a0 Le 10 R Dell\u2019Economia Circolare Come Modello Guida Regolamento Ecodesign Contatti FAQ TUTTO DIPENDE DAL PARTNER GIUSTO. L&#039;economia circolare \u00e8 considerata [&hellip;]\" \/>\n<meta property=\"og:url\" content=\"https:\/\/terra-institute.eu\/it\/economia-circolare\/\" \/>\n<meta property=\"og:site_name\" content=\"Terra Institute\" \/>\n<meta property=\"article:publisher\" content=\"https:\/\/www.facebook.com\/TerraInstitute\" \/>\n<meta property=\"article:modified_time\" content=\"2025-10-16T06:00:14+00:00\" \/>\n<meta property=\"og:image\" content=\"https:\/\/terra-institute.eu\/it\/wp-content\/uploads\/2023\/08\/Emanuela-Vedovati-300x300-1.jpg\" \/>\n<meta name=\"twitter:card\" content=\"summary_large_image\" \/>\n<meta name=\"twitter:site\" content=\"@terra_institute\" \/>\n<meta name=\"twitter:label1\" content=\"Tempo di lettura stimato\" \/>\n\t<meta name=\"twitter:data1\" content=\"54 minuti\" \/>\n<script type=\"application\/ld+json\" class=\"yoast-schema-graph\">{\"@context\":\"https:\/\/schema.org\",\"@graph\":[{\"@type\":\"WebPage\",\"@id\":\"https:\/\/terra-institute.eu\/it\/economia-circolare\/\",\"url\":\"https:\/\/terra-institute.eu\/it\/economia-circolare\/\",\"name\":\"Economia circolare - Terra Institute\",\"isPartOf\":{\"@id\":\"https:\/\/terra-institute.eu\/it\/#website\"},\"primaryImageOfPage\":{\"@id\":\"https:\/\/terra-institute.eu\/it\/economia-circolare\/#primaryimage\"},\"image\":{\"@id\":\"https:\/\/terra-institute.eu\/it\/economia-circolare\/#primaryimage\"},\"thumbnailUrl\":\"https:\/\/terra-institute.eu\/it\/wp-content\/uploads\/2023\/08\/Emanuela-Vedovati-300x300-1.jpg\",\"datePublished\":\"2024-07-01T11:40:49+00:00\",\"dateModified\":\"2025-10-16T06:00:14+00:00\",\"breadcrumb\":{\"@id\":\"https:\/\/terra-institute.eu\/it\/economia-circolare\/#breadcrumb\"},\"inLanguage\":\"it-IT\",\"potentialAction\":[{\"@type\":\"ReadAction\",\"target\":[\"https:\/\/terra-institute.eu\/it\/economia-circolare\/\"]}]},{\"@type\":\"ImageObject\",\"inLanguage\":\"it-IT\",\"@id\":\"https:\/\/terra-institute.eu\/it\/economia-circolare\/#primaryimage\",\"url\":\"\",\"contentUrl\":\"\"},{\"@type\":\"BreadcrumbList\",\"@id\":\"https:\/\/terra-institute.eu\/it\/economia-circolare\/#breadcrumb\",\"itemListElement\":[{\"@type\":\"ListItem\",\"position\":1,\"name\":\"Home\",\"item\":\"https:\/\/terra-institute.eu\/it\/\"},{\"@type\":\"ListItem\",\"position\":2,\"name\":\"Economia circolare\"}]},{\"@type\":\"WebSite\",\"@id\":\"https:\/\/terra-institute.eu\/it\/#website\",\"url\":\"https:\/\/terra-institute.eu\/it\/\",\"name\":\"Terra Institute\",\"description\":\"Empowering Responsible Growth\",\"potentialAction\":[{\"@type\":\"SearchAction\",\"target\":{\"@type\":\"EntryPoint\",\"urlTemplate\":\"https:\/\/terra-institute.eu\/it\/?s={search_term_string}\"},\"query-input\":{\"@type\":\"PropertyValueSpecification\",\"valueRequired\":true,\"valueName\":\"search_term_string\"}}],\"inLanguage\":\"it-IT\"}]}<\/script>\n<!-- \/ Yoast SEO plugin. -->","yoast_head_json":{"title":"Economia circolare - Terra Institute","robots":{"index":"index","follow":"follow","max-snippet":"max-snippet:-1","max-image-preview":"max-image-preview:large","max-video-preview":"max-video-preview:-1"},"canonical":"https:\/\/terra-institute.eu\/it\/economia-circolare\/","og_locale":"it_IT","og_type":"article","og_title":"Economia circolare - Terra Institute","og_description":"ECONOMIA CIRCOLARE Risolvere le crisi - agire in cerchio! \/ LA NOSTRA OFFERTAECONOMIA CIRCOLAREINDICE DEI CONTENUTI Quadro normativo Come i nostri clienti ne traggono vantaggio Perch\u00e9 con Terra? Il nostro approccio Circular Business Assessment\u00a0 Le 10 R Dell\u2019Economia Circolare Come Modello Guida Regolamento Ecodesign Contatti FAQ TUTTO DIPENDE DAL PARTNER GIUSTO. L'economia circolare \u00e8 considerata [&hellip;]","og_url":"https:\/\/terra-institute.eu\/it\/economia-circolare\/","og_site_name":"Terra Institute","article_publisher":"https:\/\/www.facebook.com\/TerraInstitute","article_modified_time":"2025-10-16T06:00:14+00:00","og_image":[{"url":"https:\/\/terra-institute.eu\/it\/wp-content\/uploads\/2023\/08\/Emanuela-Vedovati-300x300-1.jpg","type":"","width":"","height":""}],"twitter_card":"summary_large_image","twitter_site":"@terra_institute","twitter_misc":{"Tempo di lettura stimato":"54 minuti"},"schema":{"@context":"https:\/\/schema.org","@graph":[{"@type":"WebPage","@id":"https:\/\/terra-institute.eu\/it\/economia-circolare\/","url":"https:\/\/terra-institute.eu\/it\/economia-circolare\/","name":"Economia circolare - Terra Institute","isPartOf":{"@id":"https:\/\/terra-institute.eu\/it\/#website"},"primaryImageOfPage":{"@id":"https:\/\/terra-institute.eu\/it\/economia-circolare\/#primaryimage"},"image":{"@id":"https:\/\/terra-institute.eu\/it\/economia-circolare\/#primaryimage"},"thumbnailUrl":"https:\/\/terra-institute.eu\/it\/wp-content\/uploads\/2023\/08\/Emanuela-Vedovati-300x300-1.jpg","datePublished":"2024-07-01T11:40:49+00:00","dateModified":"2025-10-16T06:00:14+00:00","breadcrumb":{"@id":"https:\/\/terra-institute.eu\/it\/economia-circolare\/#breadcrumb"},"inLanguage":"it-IT","potentialAction":[{"@type":"ReadAction","target":["https:\/\/terra-institute.eu\/it\/economia-circolare\/"]}]},{"@type":"ImageObject","inLanguage":"it-IT","@id":"https:\/\/terra-institute.eu\/it\/economia-circolare\/#primaryimage","url":"","contentUrl":""},{"@type":"BreadcrumbList","@id":"https:\/\/terra-institute.eu\/it\/economia-circolare\/#breadcrumb","itemListElement":[{"@type":"ListItem","position":1,"name":"Home","item":"https:\/\/terra-institute.eu\/it\/"},{"@type":"ListItem","position":2,"name":"Economia circolare"}]},{"@type":"WebSite","@id":"https:\/\/terra-institute.eu\/it\/#website","url":"https:\/\/terra-institute.eu\/it\/","name":"Terra Institute","description":"Empowering Responsible Growth","potentialAction":[{"@type":"SearchAction","target":{"@type":"EntryPoint","urlTemplate":"https:\/\/terra-institute.eu\/it\/?s={search_term_string}"},"query-input":{"@type":"PropertyValueSpecification","valueRequired":true,"valueName":"search_term_string"}}],"inLanguage":"it-IT"}]}},"_links":{"self":[{"href":"https:\/\/terra-institute.eu\/it\/wp-json\/wp\/v2\/pages\/250822","targetHints":{"allow":["GET"]}}],"collection":[{"href":"https:\/\/terra-institute.eu\/it\/wp-json\/wp\/v2\/pages"}],"about":[{"href":"https:\/\/terra-institute.eu\/it\/wp-json\/wp\/v2\/types\/page"}],"author":[{"embeddable":true,"href":"https:\/\/terra-institute.eu\/it\/wp-json\/wp\/v2\/users\/1"}],"replies":[{"embeddable":true,"href":"https:\/\/terra-institute.eu\/it\/wp-json\/wp\/v2\/comments?post=250822"}],"version-history":[{"count":22,"href":"https:\/\/terra-institute.eu\/it\/wp-json\/wp\/v2\/pages\/250822\/revisions"}],"predecessor-version":[{"id":254716,"href":"https:\/\/terra-institute.eu\/it\/wp-json\/wp\/v2\/pages\/250822\/revisions\/254716"}],"wp:attachment":[{"href":"https:\/\/terra-institute.eu\/it\/wp-json\/wp\/v2\/media?parent=250822"}],"curies":[{"name":"wp","href":"https:\/\/api.w.org\/{rel}","templated":true}]}}